{"id":44646,"date":"2026-02-06T15:17:48","date_gmt":"2026-02-06T15:17:48","guid":{"rendered":"https:\/\/ani.pt\/?post_type=evento&#038;p=44646"},"modified":"2026-02-06T15:41:55","modified_gmt":"2026-02-06T15:41:55","slug":"webinars-para-candidatos-a-9-a-convocatoria-ao-programa-eurostars","status":"publish","type":"evento","link":"https:\/\/ani.pt\/en\/evento\/webinars-para-candidatos-a-9-a-convocatoria-ao-programa-eurostars\/","title":{"rendered":"Webinars para candidatos \u00e0 9.\u00aa convocat\u00f3ria ao programa Eurostars"},"content":{"rendered":"\n<p class=\"has-text-align-center\"><strong>2, 4 e 10 de julho | Formato online<\/strong><\/p>\n\n\n\n<p>A Rede Eureka e a ANI promovem tr\u00eas sess\u00f5es online dedicadas \u00e0 9.\u00aa convocat\u00f3ria do programa&nbsp;<em>Eurostars<\/em>, que decorre entre 4 de julho e 4 de setembro de 2025. Dirigidos a entidades interessadas em submeter projetos de I&amp;D colaborativos, os&nbsp;<em>webinars<\/em>&nbsp;visam esclarecer regras, crit\u00e9rios de elegibilidade e processos de candidatura.<\/p>\n\n\n\n<p>Organizados pela Rede Eureka:<\/p>\n\n\n\n<p><em>Webinar<\/em>&nbsp;de&nbsp;apresenta\u00e7\u00e3o da 9\u00aa convocat\u00f3ria para Projetos&nbsp;<em>Eurostars<\/em>:<\/p>\n\n\n\n<p>2 de julho, \u00e0s 9h30 \u2013 11h00<\/p>\n\n\n\n<p>Registos&nbsp;<a href=\"https:\/\/forms.office.com\/pages\/responsepage.aspx?id=f_9LXZFzwEaSdb3E3s40QuWa6hD8FmhNtpro46YwZSdUOFlMWU1QQVJVSlpPVkg0RUhOME5HQlQ1My4u&amp;route=shorturl\" target=\"_blank\" rel=\"noreferrer noopener\">aqui<\/a>.<\/p>\n\n\n\n<p><em>Webinar<\/em>&nbsp;sobre como&nbsp;preparar candidaturas ao Eurostars:<\/p>\n\n\n\n<p>4 de julho \u00e0s 9h00 \u2013 11h00<\/p>\n\n\n\n<p>Registos&nbsp;<a href=\"https:\/\/events.teams.microsoft.com\/event\/9dade600-e971-495b-9706-ddb45cb83727@78d6b315-9c65-495b-8503-a1bd280bbc30\">a<\/a><a href=\"https:\/\/events.teams.microsoft.com\/event\/9dade600-e971-495b-9706-ddb45cb83727@78d6b315-9c65-495b-8503-a1bd280bbc30\" target=\"_blank\" rel=\"noreferrer noopener\">q<\/a><a href=\"https:\/\/events.teams.microsoft.com\/event\/9dade600-e971-495b-9706-ddb45cb83727@78d6b315-9c65-495b-8503-a1bd280bbc30\">ui<\/a>.<\/p>\n\n\n\n<p>Organizado pela ANI:<\/p>\n\n\n\n<p><em>Webinar<\/em>&nbsp;sobre&nbsp;condi\u00e7\u00f5es de elegibilidade e financiamento de entidades portuguesas candidatas ao&nbsp;<em>Eurostars<\/em>:<\/p>\n\n\n\n<p>10 de julho \u00e0s 10h00<\/p>\n\n\n\n<p>Registos&nbsp;<a href=\"https:\/\/videoconf-colibri.zoom.us\/meeting\/register\/ezbXXyxLQ2GiFgVOy1b6XQ#\/\" target=\"_blank\" rel=\"noreferrer noopener\">aqui<\/a>.<\/p>\n\n\n\n<p>Mais informa\u00e7\u00e3o sobre a convocat\u00f3ria&nbsp;<em>Eurostars<\/em>&nbsp;<a href=\"https:\/\/eurekanetwork.org\/opencalls\/eurostars-september-2025\/\" target=\"_blank\" rel=\"noreferrer noopener\">aqui<\/a>.<\/p>\n\n\n\n<p>Para mais esclarecimentos, contacte a&nbsp;<a href=\"https:\/\/eur03.safelinks.protection.outlook.com\/?url=https%3A%2F%2Fani.pt%2Frede-eureka%2F&amp;data=05%7C02%7Cnuno.vieira%40ani.pt%7C192d46c595a14bbc0f3d08ddb3bf1054%7C0383970c8e6247a8990e9a81506f56f1%7C0%7C0%7C638864355399583218%7CUnknown%7CTWFpbGZsb3d8eyJFbXB0eU1hcGkiOnRydWUsIlYiOiIwLjAuMDAwMCIsIlAiOiJXaW4zMiIsIkFOIjoiTWFpbCIsIldUIjoyfQ%3D%3D%7C0%7C%7C%7C&amp;sdata=7zjyurAN6SBAnnPOVDECZ44yr5ild%2FJAp%2FBKJJKGN6o%3D&amp;reserved=0\" target=\"_blank\" rel=\"noreferrer noopener\">Equipa&nbsp;<em>Eureka<\/em><\/a><\/p>\n","protected":false},"excerpt":{"rendered":"<p>2, 4 e 10 de julho | Formato online A Rede Eureka e a ANI promovem tr\u00eas sess\u00f5es online dedicadas \u00e0 9.\u00aa convocat\u00f3ria do programa&nbsp;Eurostars, que decorre entre 4 de julho e 4 de setembro de 2025. Dirigidos a entidades interessadas em submeter projetos de I&amp;D colaborativos, os&nbsp;webinars&nbsp;visam esclarecer regras, crit\u00e9rios de elegibilidade e processos [&hellip;]<\/p>\n","protected":false},"featured_media":40761,"template":"","meta":{"_acf_changed":false,"_et_pb_use_builder":"off","_et_pb_old_content":"","_et_gb_content_width":"","footnotes":""},"categoria-eventos":[906],"class_list":["post-44646","evento","type-evento","status-publish","has-post-thumbnail","hentry","categoria-eventos-financiamentos-calls-concursos"],"acf":[],"yoast_head":"<!-- This site is optimized with the Yoast SEO plugin v27.5 - https:\/\/yoast.com\/product\/yoast-seo-wordpress\/ -->\n<title>Webinars para candidatos \u00e0 9.\u00aa convocat\u00f3ria ao programa Eurostars - ANI<\/title>\n<meta name=\"robots\" content=\"index, follow, max-snippet:-1, max-image-preview:large, max-video-preview:-1\" \/>\n<link rel=\"canonical\" href=\"https:\/\/ani.pt\/en\/evento\/webinars-para-candidatos-a-9-a-convocatoria-ao-programa-eurostars\/\" \/>\n<meta property=\"og:locale\" content=\"en_US\" \/>\n<meta property=\"og:type\" content=\"article\" \/>\n<meta property=\"og:title\" content=\"Webinars para candidatos \u00e0 9.\u00aa convocat\u00f3ria ao programa Eurostars - ANI\" \/>\n<meta property=\"og:description\" content=\"2, 4 e 10 de julho | Formato online A Rede Eureka e a ANI promovem tr\u00eas sess\u00f5es online dedicadas \u00e0 9.\u00aa convocat\u00f3ria do programa&nbsp;Eurostars, que decorre entre 4 de julho e 4 de setembro de 2025. Dirigidos a entidades interessadas em submeter projetos de I&amp;D colaborativos, os&nbsp;webinars&nbsp;visam esclarecer regras, crit\u00e9rios de elegibilidade e processos [&hellip;]\" \/>\n<meta property=\"og:url\" content=\"https:\/\/ani.pt\/en\/evento\/webinars-para-candidatos-a-9-a-convocatoria-ao-programa-eurostars\/\" \/>\n<meta property=\"og:site_name\" content=\"ANI\" \/>\n<meta property=\"article:publisher\" content=\"https:\/\/www.facebook.com\/agencianacionaldeinovacao\/\" \/>\n<meta property=\"article:modified_time\" content=\"2026-02-06T15:41:55+00:00\" \/>\n<meta name=\"twitter:card\" content=\"summary_large_image\" \/>\n<meta name=\"twitter:label1\" content=\"Est. reading time\" \/>\n\t<meta name=\"twitter:data1\" content=\"1 minute\" \/>\n<script type=\"application\/ld+json\" class=\"yoast-schema-graph\">{\"@context\":\"https:\\\/\\\/schema.org\",\"@graph\":[{\"@type\":\"WebPage\",\"@id\":\"https:\\\/\\\/ani.pt\\\/en\\\/evento\\\/webinars-para-candidatos-a-9-a-convocatoria-ao-programa-eurostars\\\/\",\"url\":\"https:\\\/\\\/ani.pt\\\/en\\\/evento\\\/webinars-para-candidatos-a-9-a-convocatoria-ao-programa-eurostars\\\/\",\"name\":\"Webinars para candidatos \u00e0 9.\u00aa convocat\u00f3ria ao programa Eurostars - ANI\",\"isPartOf\":{\"@id\":\"https:\\\/\\\/ani.pt\\\/en\\\/#website\"},\"primaryImageOfPage\":{\"@id\":\"https:\\\/\\\/ani.pt\\\/en\\\/evento\\\/webinars-para-candidatos-a-9-a-convocatoria-ao-programa-eurostars\\\/#primaryimage\"},\"image\":{\"@id\":\"https:\\\/\\\/ani.pt\\\/en\\\/evento\\\/webinars-para-candidatos-a-9-a-convocatoria-ao-programa-eurostars\\\/#primaryimage\"},\"thumbnailUrl\":\"https:\\\/\\\/ani.pt\\\/wp-content\\\/uploads\\\/2025\\\/06\\\/evento_webinars_call9Eureka.png\",\"datePublished\":\"2026-02-06T15:17:48+00:00\",\"dateModified\":\"2026-02-06T15:41:55+00:00\",\"breadcrumb\":{\"@id\":\"https:\\\/\\\/ani.pt\\\/en\\\/evento\\\/webinars-para-candidatos-a-9-a-convocatoria-ao-programa-eurostars\\\/#breadcrumb\"},\"inLanguage\":\"en-US\",\"potentialAction\":[{\"@type\":\"ReadAction\",\"target\":[\"https:\\\/\\\/ani.pt\\\/en\\\/evento\\\/webinars-para-candidatos-a-9-a-convocatoria-ao-programa-eurostars\\\/\"]}]},{\"@type\":\"ImageObject\",\"inLanguage\":\"en-US\",\"@id\":\"https:\\\/\\\/ani.pt\\\/en\\\/evento\\\/webinars-para-candidatos-a-9-a-convocatoria-ao-programa-eurostars\\\/#primaryimage\",\"url\":\"https:\\\/\\\/ani.pt\\\/wp-content\\\/uploads\\\/2025\\\/06\\\/evento_webinars_call9Eureka.png\",\"contentUrl\":\"https:\\\/\\\/ani.pt\\\/wp-content\\\/uploads\\\/2025\\\/06\\\/evento_webinars_call9Eureka.png\",\"width\":1920,\"height\":1080},{\"@type\":\"BreadcrumbList\",\"@id\":\"https:\\\/\\\/ani.pt\\\/en\\\/evento\\\/webinars-para-candidatos-a-9-a-convocatoria-ao-programa-eurostars\\\/#breadcrumb\",\"itemListElement\":[{\"@type\":\"ListItem\",\"position\":1,\"name\":\"Homepage\",\"item\":\"https:\\\/\\\/ani.pt\\\/en\\\/\"},{\"@type\":\"ListItem\",\"position\":2,\"name\":\"Eventos\",\"item\":\"https:\\\/\\\/ani.pt\\\/en\\\/evento\\\/\"},{\"@type\":\"ListItem\",\"position\":3,\"name\":\"Financiamentos, Calls &amp; Concursos\",\"item\":\"https:\\\/\\\/ani.pt\\\/en\\\/categoria-eventos\\\/financiamentos-calls-concursos\\\/\"},{\"@type\":\"ListItem\",\"position\":4,\"name\":\"Webinars para candidatos \u00e0 9.\u00aa convocat\u00f3ria ao programa Eurostars\"}]},{\"@type\":\"WebSite\",\"@id\":\"https:\\\/\\\/ani.pt\\\/en\\\/#website\",\"url\":\"https:\\\/\\\/ani.pt\\\/en\\\/\",\"name\":\"ANI\",\"description\":\"\",\"potentialAction\":[{\"@type\":\"SearchAction\",\"target\":{\"@type\":\"EntryPoint\",\"urlTemplate\":\"https:\\\/\\\/ani.pt\\\/en\\\/?s={search_term_string}\"},\"query-input\":{\"@type\":\"PropertyValueSpecification\",\"valueRequired\":true,\"valueName\":\"search_term_string\"}}],\"inLanguage\":\"en-US\"}]}<\/script>\n<!-- \/ Yoast SEO plugin. -->","yoast_head_json":{"title":"Webinars para candidatos \u00e0 9.\u00aa convocat\u00f3ria ao programa Eurostars - ANI","robots":{"index":"index","follow":"follow","max-snippet":"max-snippet:-1","max-image-preview":"max-image-preview:large","max-video-preview":"max-video-preview:-1"},"canonical":"https:\/\/ani.pt\/en\/evento\/webinars-para-candidatos-a-9-a-convocatoria-ao-programa-eurostars\/","og_locale":"en_US","og_type":"article","og_title":"Webinars para candidatos \u00e0 9.\u00aa convocat\u00f3ria ao programa Eurostars - ANI","og_description":"2, 4 e 10 de julho | Formato online A Rede Eureka e a ANI promovem tr\u00eas sess\u00f5es online dedicadas \u00e0 9.\u00aa convocat\u00f3ria do programa&nbsp;Eurostars, que decorre entre 4 de julho e 4 de setembro de 2025. Dirigidos a entidades interessadas em submeter projetos de I&amp;D colaborativos, os&nbsp;webinars&nbsp;visam esclarecer regras, crit\u00e9rios de elegibilidade e processos [&hellip;]","og_url":"https:\/\/ani.pt\/en\/evento\/webinars-para-candidatos-a-9-a-convocatoria-ao-programa-eurostars\/","og_site_name":"ANI","article_publisher":"https:\/\/www.facebook.com\/agencianacionaldeinovacao\/","article_modified_time":"2026-02-06T15:41:55+00:00","twitter_card":"summary_large_image","twitter_misc":{"Est. reading time":"1 minute"},"schema":{"@context":"https:\/\/schema.org","@graph":[{"@type":"WebPage","@id":"https:\/\/ani.pt\/en\/evento\/webinars-para-candidatos-a-9-a-convocatoria-ao-programa-eurostars\/","url":"https:\/\/ani.pt\/en\/evento\/webinars-para-candidatos-a-9-a-convocatoria-ao-programa-eurostars\/","name":"Webinars para candidatos \u00e0 9.\u00aa convocat\u00f3ria ao programa Eurostars - ANI","isPartOf":{"@id":"https:\/\/ani.pt\/en\/#website"},"primaryImageOfPage":{"@id":"https:\/\/ani.pt\/en\/evento\/webinars-para-candidatos-a-9-a-convocatoria-ao-programa-eurostars\/#primaryimage"},"image":{"@id":"https:\/\/ani.pt\/en\/evento\/webinars-para-candidatos-a-9-a-convocatoria-ao-programa-eurostars\/#primaryimage"},"thumbnailUrl":"https:\/\/ani.pt\/wp-content\/uploads\/2025\/06\/evento_webinars_call9Eureka.png","datePublished":"2026-02-06T15:17:48+00:00","dateModified":"2026-02-06T15:41:55+00:00","breadcrumb":{"@id":"https:\/\/ani.pt\/en\/evento\/webinars-para-candidatos-a-9-a-convocatoria-ao-programa-eurostars\/#breadcrumb"},"inLanguage":"en-US","potentialAction":[{"@type":"ReadAction","target":["https:\/\/ani.pt\/en\/evento\/webinars-para-candidatos-a-9-a-convocatoria-ao-programa-eurostars\/"]}]},{"@type":"ImageObject","inLanguage":"en-US","@id":"https:\/\/ani.pt\/en\/evento\/webinars-para-candidatos-a-9-a-convocatoria-ao-programa-eurostars\/#primaryimage","url":"https:\/\/ani.pt\/wp-content\/uploads\/2025\/06\/evento_webinars_call9Eureka.png","contentUrl":"https:\/\/ani.pt\/wp-content\/uploads\/2025\/06\/evento_webinars_call9Eureka.png","width":1920,"height":1080},{"@type":"BreadcrumbList","@id":"https:\/\/ani.pt\/en\/evento\/webinars-para-candidatos-a-9-a-convocatoria-ao-programa-eurostars\/#breadcrumb","itemListElement":[{"@type":"ListItem","position":1,"name":"Homepage","item":"https:\/\/ani.pt\/en\/"},{"@type":"ListItem","position":2,"name":"Eventos","item":"https:\/\/ani.pt\/en\/evento\/"},{"@type":"ListItem","position":3,"name":"Financiamentos, Calls &amp; Concursos","item":"https:\/\/ani.pt\/en\/categoria-eventos\/financiamentos-calls-concursos\/"},{"@type":"ListItem","position":4,"name":"Webinars para candidatos \u00e0 9.\u00aa convocat\u00f3ria ao programa Eurostars"}]},{"@type":"WebSite","@id":"https:\/\/ani.pt\/en\/#website","url":"https:\/\/ani.pt\/en\/","name":"ANI","description":"","potentialAction":[{"@type":"SearchAction","target":{"@type":"EntryPoint","urlTemplate":"https:\/\/ani.pt\/en\/?s={search_term_string}"},"query-input":{"@type":"PropertyValueSpecification","valueRequired":true,"valueName":"search_term_string"}}],"inLanguage":"en-US"}]}},"_links":{"self":[{"href":"https:\/\/ani.pt\/en\/wp-json\/wp\/v2\/evento\/44646","targetHints":{"allow":["GET"]}}],"collection":[{"href":"https:\/\/ani.pt\/en\/wp-json\/wp\/v2\/evento"}],"about":[{"href":"https:\/\/ani.pt\/en\/wp-json\/wp\/v2\/types\/evento"}],"version-history":[{"count":2,"href":"https:\/\/ani.pt\/en\/wp-json\/wp\/v2\/evento\/44646\/revisions"}],"predecessor-version":[{"id":44663,"href":"https:\/\/ani.pt\/en\/wp-json\/wp\/v2\/evento\/44646\/revisions\/44663"}],"wp:featuredmedia":[{"embeddable":true,"href":"https:\/\/ani.pt\/en\/wp-json\/wp\/v2\/media\/40761"}],"wp:attachment":[{"href":"https:\/\/ani.pt\/en\/wp-json\/wp\/v2\/media?parent=44646"}],"wp:term":[{"taxonomy":"categoria-eventos","embeddable":true,"href":"https:\/\/ani.pt\/en\/wp-json\/wp\/v2\/categoria-eventos?post=44646"}],"curies":[{"name":"wp","href":"https:\/\/api.w.org\/{rel}","templated":true}]}}