{"id":44640,"date":"2026-02-06T15:05:11","date_gmt":"2026-02-06T15:05:11","guid":{"rendered":"https:\/\/ani.pt\/?post_type=evento&#038;p=44640"},"modified":"2026-02-06T15:39:15","modified_gmt":"2026-02-06T15:39:15","slug":"ani-e-fct-organizam-sessao-sobre-investigacao-e-inovacao-na-area-da-defesa-nacional-no-encontro-ciencia-2025","status":"publish","type":"evento","link":"https:\/\/ani.pt\/en\/evento\/ani-e-fct-organizam-sessao-sobre-investigacao-e-inovacao-na-area-da-defesa-nacional-no-encontro-ciencia-2025\/","title":{"rendered":"ANI e FCT organizam sess\u00e3o sobre Investiga\u00e7\u00e3o e Inova\u00e7\u00e3o na \u00e1rea da Defesa Nacional no Encontro Ci\u00eancia 2025"},"content":{"rendered":"\n<p class=\"has-text-align-center\"><strong>09 de julho, 14h30 \u2013 16h00 | Nova School of Business and Economics, Piso 0, Sala B009 (Salvador Caetano), Carcavelos<\/strong><\/p>\n\n\n\n<p>A Ag\u00eancia Nacional de Inova\u00e7\u00e3o (ANI) e a Funda\u00e7\u00e3o para a Ci\u00eancia e a Tecnologia (FCT) promovem, no \u00e2mbito do&nbsp;<a href=\"https:\/\/www.encontrociencia.pt\/\" target=\"_blank\" rel=\"noreferrer noopener\">Encontro Ci\u00eancia 2025<\/a>, uma sess\u00e3o dedicada \u00e0 Investiga\u00e7\u00e3o, Desenvolvimento e Inova\u00e7\u00e3o (I&amp;D+I) na \u00e1rea da Defesa Nacional. Esta iniciativa visa aproximar o sistema cient\u00edfico e tecnol\u00f3gico nacional das necessidades estrat\u00e9gicas do setor da Defesa e sensibilizar para a import\u00e2ncia da inova\u00e7\u00e3o&nbsp;<em>dual-use<\/em>&nbsp;\u2014 com aplica\u00e7\u00f5es civis e militares \u2014 na resposta aos desafios geopol\u00edticos, tecnol\u00f3gicos e clim\u00e1ticos que a Europa enfrenta.<\/p>\n\n\n\n<p>Durante o encontro, ser\u00e3o apresentados os principais instrumentos de apoio \u00e0 inova\u00e7\u00e3o neste dom\u00ednio, como o programa Defesa+Ci\u00eancia, e divulgado o Relat\u00f3rio Nacional de Inova\u00e7\u00e3o, que este ano tem como foco tem\u00e1tico a Defesa e Seguran\u00e7a, onde se far\u00e1 um breve enquadramento das infraestruturas tecnol\u00f3gicas e empresas BTID, isto \u00e9, com capacidades para intervir numa ou mais \u00e1reas das for\u00e7as militares.<\/p>\n\n\n\n<p>A sess\u00e3o contar\u00e1 tamb\u00e9m com a apresenta\u00e7\u00e3o dos planos de I&amp;I e dos principais desafios identificados pelos diferentes ramos das For\u00e7as Armadas, evidenciando oportunidades concretas de colabora\u00e7\u00e3o para investigadores, centros de I&amp;D, laborat\u00f3rios colaborativos e outras entidades do sistema cient\u00edfico e tecnol\u00f3gico nacional.<\/p>\n\n\n\n<p>Para terminar esta sess\u00e3o, segue-se um debate com representantes das For\u00e7as Armadas e do Cluster Portugu\u00eas para as Ind\u00fastrias de Aeron\u00e1utica, Espa\u00e7o e Defesa (AED), incentivando a reflex\u00e3o sobre novas sinergias entre defesa e inova\u00e7\u00e3o no pa\u00eds.<\/p>\n\n\n\n<p>Mais informa\u00e7\u00f5es sobre o&nbsp;<em>Encontro Ci\u00eancia 2025<\/em>&nbsp;<a href=\"https:\/\/www.encontrociencia.pt\/\">aq<\/a><a href=\"https:\/\/www.encontrociencia.pt\/\" target=\"_blank\" rel=\"noreferrer noopener\">u<\/a><a href=\"https:\/\/www.encontrociencia.pt\/\">i<\/a>.<\/p>\n\n\n\n<p>Consulte a agenda desta sess\u00e3o&nbsp;<a href=\"https:\/\/ani.pt\/wp-content\/uploads\/2025\/07\/agenda_defesa.pdf\" target=\"_blank\" rel=\"noreferrer noopener\">aqui<\/a>.<\/p>\n","protected":false},"excerpt":{"rendered":"<p>09 de julho, 14h30 \u2013 16h00 | Nova School of Business and Economics, Piso 0, Sala B009 (Salvador Caetano), Carcavelos A Ag\u00eancia Nacional de Inova\u00e7\u00e3o (ANI) e a Funda\u00e7\u00e3o para a Ci\u00eancia e a Tecnologia (FCT) promovem, no \u00e2mbito do&nbsp;Encontro Ci\u00eancia 2025, uma sess\u00e3o dedicada \u00e0 Investiga\u00e7\u00e3o, Desenvolvimento e Inova\u00e7\u00e3o (I&amp;D+I) na \u00e1rea da Defesa [&hellip;]<\/p>\n","protected":false},"featured_media":41075,"template":"","meta":{"_acf_changed":false,"_et_pb_use_builder":"off","_et_pb_old_content":"","_et_gb_content_width":"","footnotes":""},"categoria-eventos":[907],"class_list":["post-44640","evento","type-evento","status-publish","has-post-thumbnail","hentry","categoria-eventos-eventos-conferencias"],"acf":[],"yoast_head":"<!-- This site is optimized with the Yoast SEO plugin v27.5 - https:\/\/yoast.com\/product\/yoast-seo-wordpress\/ -->\n<title>ANI e FCT organizam sess\u00e3o sobre Investiga\u00e7\u00e3o e Inova\u00e7\u00e3o na \u00e1rea da Defesa Nacional no Encontro Ci\u00eancia 2025 - ANI<\/title>\n<meta name=\"robots\" content=\"index, follow, max-snippet:-1, max-image-preview:large, max-video-preview:-1\" \/>\n<link rel=\"canonical\" href=\"https:\/\/ani.pt\/en\/evento\/ani-e-fct-organizam-sessao-sobre-investigacao-e-inovacao-na-area-da-defesa-nacional-no-encontro-ciencia-2025\/\" \/>\n<meta property=\"og:locale\" content=\"en_US\" \/>\n<meta property=\"og:type\" content=\"article\" \/>\n<meta property=\"og:title\" content=\"ANI e FCT organizam sess\u00e3o sobre Investiga\u00e7\u00e3o e Inova\u00e7\u00e3o na \u00e1rea da Defesa Nacional no Encontro Ci\u00eancia 2025 - ANI\" \/>\n<meta property=\"og:description\" content=\"09 de julho, 14h30 \u2013 16h00 | Nova School of Business and Economics, Piso 0, Sala B009 (Salvador Caetano), Carcavelos A Ag\u00eancia Nacional de Inova\u00e7\u00e3o (ANI) e a Funda\u00e7\u00e3o para a Ci\u00eancia e a Tecnologia (FCT) promovem, no \u00e2mbito do&nbsp;Encontro Ci\u00eancia 2025, uma sess\u00e3o dedicada \u00e0 Investiga\u00e7\u00e3o, Desenvolvimento e Inova\u00e7\u00e3o (I&amp;D+I) na \u00e1rea da Defesa [&hellip;]\" \/>\n<meta property=\"og:url\" content=\"https:\/\/ani.pt\/en\/evento\/ani-e-fct-organizam-sessao-sobre-investigacao-e-inovacao-na-area-da-defesa-nacional-no-encontro-ciencia-2025\/\" \/>\n<meta property=\"og:site_name\" content=\"ANI\" \/>\n<meta property=\"article:publisher\" content=\"https:\/\/www.facebook.com\/agencianacionaldeinovacao\/\" \/>\n<meta property=\"article:modified_time\" content=\"2026-02-06T15:39:15+00:00\" \/>\n<meta name=\"twitter:card\" content=\"summary_large_image\" \/>\n<meta name=\"twitter:label1\" content=\"Est. reading time\" \/>\n\t<meta name=\"twitter:data1\" content=\"2 minutes\" \/>\n<script type=\"application\/ld+json\" class=\"yoast-schema-graph\">{\"@context\":\"https:\\\/\\\/schema.org\",\"@graph\":[{\"@type\":\"WebPage\",\"@id\":\"https:\\\/\\\/ani.pt\\\/en\\\/evento\\\/ani-e-fct-organizam-sessao-sobre-investigacao-e-inovacao-na-area-da-defesa-nacional-no-encontro-ciencia-2025\\\/\",\"url\":\"https:\\\/\\\/ani.pt\\\/en\\\/evento\\\/ani-e-fct-organizam-sessao-sobre-investigacao-e-inovacao-na-area-da-defesa-nacional-no-encontro-ciencia-2025\\\/\",\"name\":\"ANI e FCT organizam sess\u00e3o sobre Investiga\u00e7\u00e3o e Inova\u00e7\u00e3o na \u00e1rea da Defesa Nacional no Encontro Ci\u00eancia 2025 - ANI\",\"isPartOf\":{\"@id\":\"https:\\\/\\\/ani.pt\\\/en\\\/#website\"},\"primaryImageOfPage\":{\"@id\":\"https:\\\/\\\/ani.pt\\\/en\\\/evento\\\/ani-e-fct-organizam-sessao-sobre-investigacao-e-inovacao-na-area-da-defesa-nacional-no-encontro-ciencia-2025\\\/#primaryimage\"},\"image\":{\"@id\":\"https:\\\/\\\/ani.pt\\\/en\\\/evento\\\/ani-e-fct-organizam-sessao-sobre-investigacao-e-inovacao-na-area-da-defesa-nacional-no-encontro-ciencia-2025\\\/#primaryimage\"},\"thumbnailUrl\":\"https:\\\/\\\/ani.pt\\\/wp-content\\\/uploads\\\/2025\\\/07\\\/evento_sessaoDefesa_encontroCiencia.png\",\"datePublished\":\"2026-02-06T15:05:11+00:00\",\"dateModified\":\"2026-02-06T15:39:15+00:00\",\"breadcrumb\":{\"@id\":\"https:\\\/\\\/ani.pt\\\/en\\\/evento\\\/ani-e-fct-organizam-sessao-sobre-investigacao-e-inovacao-na-area-da-defesa-nacional-no-encontro-ciencia-2025\\\/#breadcrumb\"},\"inLanguage\":\"en-US\",\"potentialAction\":[{\"@type\":\"ReadAction\",\"target\":[\"https:\\\/\\\/ani.pt\\\/en\\\/evento\\\/ani-e-fct-organizam-sessao-sobre-investigacao-e-inovacao-na-area-da-defesa-nacional-no-encontro-ciencia-2025\\\/\"]}]},{\"@type\":\"ImageObject\",\"inLanguage\":\"en-US\",\"@id\":\"https:\\\/\\\/ani.pt\\\/en\\\/evento\\\/ani-e-fct-organizam-sessao-sobre-investigacao-e-inovacao-na-area-da-defesa-nacional-no-encontro-ciencia-2025\\\/#primaryimage\",\"url\":\"https:\\\/\\\/ani.pt\\\/wp-content\\\/uploads\\\/2025\\\/07\\\/evento_sessaoDefesa_encontroCiencia.png\",\"contentUrl\":\"https:\\\/\\\/ani.pt\\\/wp-content\\\/uploads\\\/2025\\\/07\\\/evento_sessaoDefesa_encontroCiencia.png\",\"width\":1920,\"height\":1080},{\"@type\":\"BreadcrumbList\",\"@id\":\"https:\\\/\\\/ani.pt\\\/en\\\/evento\\\/ani-e-fct-organizam-sessao-sobre-investigacao-e-inovacao-na-area-da-defesa-nacional-no-encontro-ciencia-2025\\\/#breadcrumb\",\"itemListElement\":[{\"@type\":\"ListItem\",\"position\":1,\"name\":\"Homepage\",\"item\":\"https:\\\/\\\/ani.pt\\\/en\\\/\"},{\"@type\":\"ListItem\",\"position\":2,\"name\":\"Eventos\",\"item\":\"https:\\\/\\\/ani.pt\\\/en\\\/evento\\\/\"},{\"@type\":\"ListItem\",\"position\":3,\"name\":\"Eventos &amp; Confer\u00eancias\",\"item\":\"https:\\\/\\\/ani.pt\\\/en\\\/categoria-eventos\\\/eventos-conferencias\\\/\"},{\"@type\":\"ListItem\",\"position\":4,\"name\":\"ANI e FCT organizam sess\u00e3o sobre Investiga\u00e7\u00e3o e Inova\u00e7\u00e3o na \u00e1rea da Defesa Nacional no Encontro Ci\u00eancia 2025\"}]},{\"@type\":\"WebSite\",\"@id\":\"https:\\\/\\\/ani.pt\\\/en\\\/#website\",\"url\":\"https:\\\/\\\/ani.pt\\\/en\\\/\",\"name\":\"ANI\",\"description\":\"\",\"potentialAction\":[{\"@type\":\"SearchAction\",\"target\":{\"@type\":\"EntryPoint\",\"urlTemplate\":\"https:\\\/\\\/ani.pt\\\/en\\\/?s={search_term_string}\"},\"query-input\":{\"@type\":\"PropertyValueSpecification\",\"valueRequired\":true,\"valueName\":\"search_term_string\"}}],\"inLanguage\":\"en-US\"}]}<\/script>\n<!-- \/ Yoast SEO plugin. -->","yoast_head_json":{"title":"ANI e FCT organizam sess\u00e3o sobre Investiga\u00e7\u00e3o e Inova\u00e7\u00e3o na \u00e1rea da Defesa Nacional no Encontro Ci\u00eancia 2025 - ANI","robots":{"index":"index","follow":"follow","max-snippet":"max-snippet:-1","max-image-preview":"max-image-preview:large","max-video-preview":"max-video-preview:-1"},"canonical":"https:\/\/ani.pt\/en\/evento\/ani-e-fct-organizam-sessao-sobre-investigacao-e-inovacao-na-area-da-defesa-nacional-no-encontro-ciencia-2025\/","og_locale":"en_US","og_type":"article","og_title":"ANI e FCT organizam sess\u00e3o sobre Investiga\u00e7\u00e3o e Inova\u00e7\u00e3o na \u00e1rea da Defesa Nacional no Encontro Ci\u00eancia 2025 - ANI","og_description":"09 de julho, 14h30 \u2013 16h00 | Nova School of Business and Economics, Piso 0, Sala B009 (Salvador Caetano), Carcavelos A Ag\u00eancia Nacional de Inova\u00e7\u00e3o (ANI) e a Funda\u00e7\u00e3o para a Ci\u00eancia e a Tecnologia (FCT) promovem, no \u00e2mbito do&nbsp;Encontro Ci\u00eancia 2025, uma sess\u00e3o dedicada \u00e0 Investiga\u00e7\u00e3o, Desenvolvimento e Inova\u00e7\u00e3o (I&amp;D+I) na \u00e1rea da Defesa [&hellip;]","og_url":"https:\/\/ani.pt\/en\/evento\/ani-e-fct-organizam-sessao-sobre-investigacao-e-inovacao-na-area-da-defesa-nacional-no-encontro-ciencia-2025\/","og_site_name":"ANI","article_publisher":"https:\/\/www.facebook.com\/agencianacionaldeinovacao\/","article_modified_time":"2026-02-06T15:39:15+00:00","twitter_card":"summary_large_image","twitter_misc":{"Est. reading time":"2 minutes"},"schema":{"@context":"https:\/\/schema.org","@graph":[{"@type":"WebPage","@id":"https:\/\/ani.pt\/en\/evento\/ani-e-fct-organizam-sessao-sobre-investigacao-e-inovacao-na-area-da-defesa-nacional-no-encontro-ciencia-2025\/","url":"https:\/\/ani.pt\/en\/evento\/ani-e-fct-organizam-sessao-sobre-investigacao-e-inovacao-na-area-da-defesa-nacional-no-encontro-ciencia-2025\/","name":"ANI e FCT organizam sess\u00e3o sobre Investiga\u00e7\u00e3o e Inova\u00e7\u00e3o na \u00e1rea da Defesa Nacional no Encontro Ci\u00eancia 2025 - ANI","isPartOf":{"@id":"https:\/\/ani.pt\/en\/#website"},"primaryImageOfPage":{"@id":"https:\/\/ani.pt\/en\/evento\/ani-e-fct-organizam-sessao-sobre-investigacao-e-inovacao-na-area-da-defesa-nacional-no-encontro-ciencia-2025\/#primaryimage"},"image":{"@id":"https:\/\/ani.pt\/en\/evento\/ani-e-fct-organizam-sessao-sobre-investigacao-e-inovacao-na-area-da-defesa-nacional-no-encontro-ciencia-2025\/#primaryimage"},"thumbnailUrl":"https:\/\/ani.pt\/wp-content\/uploads\/2025\/07\/evento_sessaoDefesa_encontroCiencia.png","datePublished":"2026-02-06T15:05:11+00:00","dateModified":"2026-02-06T15:39:15+00:00","breadcrumb":{"@id":"https:\/\/ani.pt\/en\/evento\/ani-e-fct-organizam-sessao-sobre-investigacao-e-inovacao-na-area-da-defesa-nacional-no-encontro-ciencia-2025\/#breadcrumb"},"inLanguage":"en-US","potentialAction":[{"@type":"ReadAction","target":["https:\/\/ani.pt\/en\/evento\/ani-e-fct-organizam-sessao-sobre-investigacao-e-inovacao-na-area-da-defesa-nacional-no-encontro-ciencia-2025\/"]}]},{"@type":"ImageObject","inLanguage":"en-US","@id":"https:\/\/ani.pt\/en\/evento\/ani-e-fct-organizam-sessao-sobre-investigacao-e-inovacao-na-area-da-defesa-nacional-no-encontro-ciencia-2025\/#primaryimage","url":"https:\/\/ani.pt\/wp-content\/uploads\/2025\/07\/evento_sessaoDefesa_encontroCiencia.png","contentUrl":"https:\/\/ani.pt\/wp-content\/uploads\/2025\/07\/evento_sessaoDefesa_encontroCiencia.png","width":1920,"height":1080},{"@type":"BreadcrumbList","@id":"https:\/\/ani.pt\/en\/evento\/ani-e-fct-organizam-sessao-sobre-investigacao-e-inovacao-na-area-da-defesa-nacional-no-encontro-ciencia-2025\/#breadcrumb","itemListElement":[{"@type":"ListItem","position":1,"name":"Homepage","item":"https:\/\/ani.pt\/en\/"},{"@type":"ListItem","position":2,"name":"Eventos","item":"https:\/\/ani.pt\/en\/evento\/"},{"@type":"ListItem","position":3,"name":"Eventos &amp; Confer\u00eancias","item":"https:\/\/ani.pt\/en\/categoria-eventos\/eventos-conferencias\/"},{"@type":"ListItem","position":4,"name":"ANI e FCT organizam sess\u00e3o sobre Investiga\u00e7\u00e3o e Inova\u00e7\u00e3o na \u00e1rea da Defesa Nacional no Encontro Ci\u00eancia 2025"}]},{"@type":"WebSite","@id":"https:\/\/ani.pt\/en\/#website","url":"https:\/\/ani.pt\/en\/","name":"ANI","description":"","potentialAction":[{"@type":"SearchAction","target":{"@type":"EntryPoint","urlTemplate":"https:\/\/ani.pt\/en\/?s={search_term_string}"},"query-input":{"@type":"PropertyValueSpecification","valueRequired":true,"valueName":"search_term_string"}}],"inLanguage":"en-US"}]}},"_links":{"self":[{"href":"https:\/\/ani.pt\/en\/wp-json\/wp\/v2\/evento\/44640","targetHints":{"allow":["GET"]}}],"collection":[{"href":"https:\/\/ani.pt\/en\/wp-json\/wp\/v2\/evento"}],"about":[{"href":"https:\/\/ani.pt\/en\/wp-json\/wp\/v2\/types\/evento"}],"version-history":[{"count":2,"href":"https:\/\/ani.pt\/en\/wp-json\/wp\/v2\/evento\/44640\/revisions"}],"predecessor-version":[{"id":44660,"href":"https:\/\/ani.pt\/en\/wp-json\/wp\/v2\/evento\/44640\/revisions\/44660"}],"wp:featuredmedia":[{"embeddable":true,"href":"https:\/\/ani.pt\/en\/wp-json\/wp\/v2\/media\/41075"}],"wp:attachment":[{"href":"https:\/\/ani.pt\/en\/wp-json\/wp\/v2\/media?parent=44640"}],"wp:term":[{"taxonomy":"categoria-eventos","embeddable":true,"href":"https:\/\/ani.pt\/en\/wp-json\/wp\/v2\/categoria-eventos?post=44640"}],"curies":[{"name":"wp","href":"https:\/\/api.w.org\/{rel}","templated":true}]}}