{"id":44632,"date":"2026-02-06T14:52:39","date_gmt":"2026-02-06T14:52:39","guid":{"rendered":"https:\/\/ani.pt\/?post_type=evento&#038;p=44632"},"modified":"2026-02-06T15:37:01","modified_gmt":"2026-02-06T15:37:01","slug":"agrijovem-2025-comissao-europeia-promove-iniciativa-para-jovens-do-setor-agricola","status":"publish","type":"evento","link":"https:\/\/ani.pt\/en\/evento\/agrijovem-2025-comissao-europeia-promove-iniciativa-para-jovens-do-setor-agricola\/","title":{"rendered":"AgriJovem 2025: Comiss\u00e3o Europeia promove iniciativa para jovens do setor agr\u00edcola"},"content":{"rendered":"\n<p class=\"has-text-align-center\"><strong>16, 17 e 18 de outubro | Universidade de \u00c9vora \u2013 MED<\/strong><\/p>\n\n\n\n<p>Est\u00e3o abertas, at\u00e9 25 de julho, as candidaturas \u00e0 edi\u00e7\u00e3o de 2025 da AgriJovem, uma iniciativa da Representa\u00e7\u00e3o da Comiss\u00e3o Europeia em Portugal, em colabora\u00e7\u00e3o com a Rede Rural Nacional e com o apoio da Universidade de \u00c9vora \u2013 MED (Instituto Mediterr\u00e2neo para Agricultura, Ambiente e Desenvolvimento).<\/p>\n\n\n\n<p>Durante tr\u00eas dias, 40 estudantes do ensino superior com interesse no setor agr\u00edcola ter\u00e3o a oportunidade de refletir sobre pol\u00edticas europeias com impacto direto na atividade agr\u00edcola, com destaque para a Pol\u00edtica Agr\u00edcola Comum (PAC). O programa inclui palestras e sess\u00f5es pr\u00e1ticas com representantes da Comiss\u00e3o Europeia, acad\u00e9micos, agricultores experientes e jovens profissionais do setor.<\/p>\n\n\n\n<p>A edi\u00e7\u00e3o deste ano aborda temas como solos saud\u00e1veis, bem-estar animal, novas t\u00e9cnicas gen\u00f3micas, sustentabilidade alimentar, inova\u00e7\u00e3o, competitividade e compet\u00eancias, promovendo um olhar sobre o futuro da agricultura no contexto da transi\u00e7\u00e3o digital e energ\u00e9tica.<\/p>\n\n\n\n<p>A AgriJovem 2025 marca tamb\u00e9m os 40 anos de Portugal na Uni\u00e3o Europeia, promovendo uma reflex\u00e3o sobre o papel da PAC ao longo das \u00faltimas d\u00e9cadas e sobre a sua evolu\u00e7\u00e3o, com especial enfoque no apoio \u00e0s novas gera\u00e7\u00f5es de agricultores.<\/p>\n\n\n\n<p>As candidaturas est\u00e3o abertas at\u00e9 25 de julho.<\/p>\n\n\n\n<p>Mais informa\u00e7\u00f5es dispon\u00edveis&nbsp;<a href=\"https:\/\/portugal.representation.ec.europa.eu\/events\/iniciativa-agrijovem2025-2025-10-16_pt\" target=\"_blank\" rel=\"noreferrer noopener\">aqui<\/a>.<\/p>\n","protected":false},"excerpt":{"rendered":"<p>16, 17 e 18 de outubro | Universidade de \u00c9vora \u2013 MED Est\u00e3o abertas, at\u00e9 25 de julho, as candidaturas \u00e0 edi\u00e7\u00e3o de 2025 da AgriJovem, uma iniciativa da Representa\u00e7\u00e3o da Comiss\u00e3o Europeia em Portugal, em colabora\u00e7\u00e3o com a Rede Rural Nacional e com o apoio da Universidade de \u00c9vora \u2013 MED (Instituto Mediterr\u00e2neo para [&hellip;]<\/p>\n","protected":false},"featured_media":41162,"template":"","meta":{"_acf_changed":false,"_et_pb_use_builder":"off","_et_pb_old_content":"","_et_gb_content_width":"","footnotes":""},"categoria-eventos":[907],"class_list":["post-44632","evento","type-evento","status-publish","has-post-thumbnail","hentry","categoria-eventos-eventos-conferencias"],"acf":[],"yoast_head":"<!-- This site is optimized with the Yoast SEO plugin v27.5 - https:\/\/yoast.com\/product\/yoast-seo-wordpress\/ -->\n<title>AgriJovem 2025: Comiss\u00e3o Europeia promove iniciativa para jovens do setor agr\u00edcola - ANI<\/title>\n<meta name=\"robots\" content=\"index, follow, max-snippet:-1, max-image-preview:large, max-video-preview:-1\" \/>\n<link rel=\"canonical\" href=\"https:\/\/ani.pt\/en\/evento\/agrijovem-2025-comissao-europeia-promove-iniciativa-para-jovens-do-setor-agricola\/\" \/>\n<meta property=\"og:locale\" content=\"en_US\" \/>\n<meta property=\"og:type\" content=\"article\" \/>\n<meta property=\"og:title\" content=\"AgriJovem 2025: Comiss\u00e3o Europeia promove iniciativa para jovens do setor agr\u00edcola - ANI\" \/>\n<meta property=\"og:description\" content=\"16, 17 e 18 de outubro | Universidade de \u00c9vora \u2013 MED Est\u00e3o abertas, at\u00e9 25 de julho, as candidaturas \u00e0 edi\u00e7\u00e3o de 2025 da AgriJovem, uma iniciativa da Representa\u00e7\u00e3o da Comiss\u00e3o Europeia em Portugal, em colabora\u00e7\u00e3o com a Rede Rural Nacional e com o apoio da Universidade de \u00c9vora \u2013 MED (Instituto Mediterr\u00e2neo para [&hellip;]\" \/>\n<meta property=\"og:url\" content=\"https:\/\/ani.pt\/en\/evento\/agrijovem-2025-comissao-europeia-promove-iniciativa-para-jovens-do-setor-agricola\/\" \/>\n<meta property=\"og:site_name\" content=\"ANI\" \/>\n<meta property=\"article:publisher\" content=\"https:\/\/www.facebook.com\/agencianacionaldeinovacao\/\" \/>\n<meta property=\"article:modified_time\" content=\"2026-02-06T15:37:01+00:00\" \/>\n<meta name=\"twitter:card\" content=\"summary_large_image\" \/>\n<meta name=\"twitter:label1\" content=\"Est. reading time\" \/>\n\t<meta name=\"twitter:data1\" content=\"2 minutes\" \/>\n<script type=\"application\/ld+json\" class=\"yoast-schema-graph\">{\"@context\":\"https:\\\/\\\/schema.org\",\"@graph\":[{\"@type\":\"WebPage\",\"@id\":\"https:\\\/\\\/ani.pt\\\/en\\\/evento\\\/agrijovem-2025-comissao-europeia-promove-iniciativa-para-jovens-do-setor-agricola\\\/\",\"url\":\"https:\\\/\\\/ani.pt\\\/en\\\/evento\\\/agrijovem-2025-comissao-europeia-promove-iniciativa-para-jovens-do-setor-agricola\\\/\",\"name\":\"AgriJovem 2025: Comiss\u00e3o Europeia promove iniciativa para jovens do setor agr\u00edcola - ANI\",\"isPartOf\":{\"@id\":\"https:\\\/\\\/ani.pt\\\/en\\\/#website\"},\"primaryImageOfPage\":{\"@id\":\"https:\\\/\\\/ani.pt\\\/en\\\/evento\\\/agrijovem-2025-comissao-europeia-promove-iniciativa-para-jovens-do-setor-agricola\\\/#primaryimage\"},\"image\":{\"@id\":\"https:\\\/\\\/ani.pt\\\/en\\\/evento\\\/agrijovem-2025-comissao-europeia-promove-iniciativa-para-jovens-do-setor-agricola\\\/#primaryimage\"},\"thumbnailUrl\":\"https:\\\/\\\/ani.pt\\\/wp-content\\\/uploads\\\/2025\\\/07\\\/evento_AgriJovem25.png\",\"datePublished\":\"2026-02-06T14:52:39+00:00\",\"dateModified\":\"2026-02-06T15:37:01+00:00\",\"breadcrumb\":{\"@id\":\"https:\\\/\\\/ani.pt\\\/en\\\/evento\\\/agrijovem-2025-comissao-europeia-promove-iniciativa-para-jovens-do-setor-agricola\\\/#breadcrumb\"},\"inLanguage\":\"en-US\",\"potentialAction\":[{\"@type\":\"ReadAction\",\"target\":[\"https:\\\/\\\/ani.pt\\\/en\\\/evento\\\/agrijovem-2025-comissao-europeia-promove-iniciativa-para-jovens-do-setor-agricola\\\/\"]}]},{\"@type\":\"ImageObject\",\"inLanguage\":\"en-US\",\"@id\":\"https:\\\/\\\/ani.pt\\\/en\\\/evento\\\/agrijovem-2025-comissao-europeia-promove-iniciativa-para-jovens-do-setor-agricola\\\/#primaryimage\",\"url\":\"https:\\\/\\\/ani.pt\\\/wp-content\\\/uploads\\\/2025\\\/07\\\/evento_AgriJovem25.png\",\"contentUrl\":\"https:\\\/\\\/ani.pt\\\/wp-content\\\/uploads\\\/2025\\\/07\\\/evento_AgriJovem25.png\",\"width\":1920,\"height\":1080},{\"@type\":\"BreadcrumbList\",\"@id\":\"https:\\\/\\\/ani.pt\\\/en\\\/evento\\\/agrijovem-2025-comissao-europeia-promove-iniciativa-para-jovens-do-setor-agricola\\\/#breadcrumb\",\"itemListElement\":[{\"@type\":\"ListItem\",\"position\":1,\"name\":\"Homepage\",\"item\":\"https:\\\/\\\/ani.pt\\\/en\\\/\"},{\"@type\":\"ListItem\",\"position\":2,\"name\":\"Eventos\",\"item\":\"https:\\\/\\\/ani.pt\\\/en\\\/evento\\\/\"},{\"@type\":\"ListItem\",\"position\":3,\"name\":\"Eventos &amp; Confer\u00eancias\",\"item\":\"https:\\\/\\\/ani.pt\\\/en\\\/categoria-eventos\\\/eventos-conferencias\\\/\"},{\"@type\":\"ListItem\",\"position\":4,\"name\":\"AgriJovem 2025: Comiss\u00e3o Europeia promove iniciativa para jovens do setor agr\u00edcola\"}]},{\"@type\":\"WebSite\",\"@id\":\"https:\\\/\\\/ani.pt\\\/en\\\/#website\",\"url\":\"https:\\\/\\\/ani.pt\\\/en\\\/\",\"name\":\"ANI\",\"description\":\"\",\"potentialAction\":[{\"@type\":\"SearchAction\",\"target\":{\"@type\":\"EntryPoint\",\"urlTemplate\":\"https:\\\/\\\/ani.pt\\\/en\\\/?s={search_term_string}\"},\"query-input\":{\"@type\":\"PropertyValueSpecification\",\"valueRequired\":true,\"valueName\":\"search_term_string\"}}],\"inLanguage\":\"en-US\"}]}<\/script>\n<!-- \/ Yoast SEO plugin. -->","yoast_head_json":{"title":"AgriJovem 2025: Comiss\u00e3o Europeia promove iniciativa para jovens do setor agr\u00edcola - ANI","robots":{"index":"index","follow":"follow","max-snippet":"max-snippet:-1","max-image-preview":"max-image-preview:large","max-video-preview":"max-video-preview:-1"},"canonical":"https:\/\/ani.pt\/en\/evento\/agrijovem-2025-comissao-europeia-promove-iniciativa-para-jovens-do-setor-agricola\/","og_locale":"en_US","og_type":"article","og_title":"AgriJovem 2025: Comiss\u00e3o Europeia promove iniciativa para jovens do setor agr\u00edcola - ANI","og_description":"16, 17 e 18 de outubro | Universidade de \u00c9vora \u2013 MED Est\u00e3o abertas, at\u00e9 25 de julho, as candidaturas \u00e0 edi\u00e7\u00e3o de 2025 da AgriJovem, uma iniciativa da Representa\u00e7\u00e3o da Comiss\u00e3o Europeia em Portugal, em colabora\u00e7\u00e3o com a Rede Rural Nacional e com o apoio da Universidade de \u00c9vora \u2013 MED (Instituto Mediterr\u00e2neo para [&hellip;]","og_url":"https:\/\/ani.pt\/en\/evento\/agrijovem-2025-comissao-europeia-promove-iniciativa-para-jovens-do-setor-agricola\/","og_site_name":"ANI","article_publisher":"https:\/\/www.facebook.com\/agencianacionaldeinovacao\/","article_modified_time":"2026-02-06T15:37:01+00:00","twitter_card":"summary_large_image","twitter_misc":{"Est. reading time":"2 minutes"},"schema":{"@context":"https:\/\/schema.org","@graph":[{"@type":"WebPage","@id":"https:\/\/ani.pt\/en\/evento\/agrijovem-2025-comissao-europeia-promove-iniciativa-para-jovens-do-setor-agricola\/","url":"https:\/\/ani.pt\/en\/evento\/agrijovem-2025-comissao-europeia-promove-iniciativa-para-jovens-do-setor-agricola\/","name":"AgriJovem 2025: Comiss\u00e3o Europeia promove iniciativa para jovens do setor agr\u00edcola - ANI","isPartOf":{"@id":"https:\/\/ani.pt\/en\/#website"},"primaryImageOfPage":{"@id":"https:\/\/ani.pt\/en\/evento\/agrijovem-2025-comissao-europeia-promove-iniciativa-para-jovens-do-setor-agricola\/#primaryimage"},"image":{"@id":"https:\/\/ani.pt\/en\/evento\/agrijovem-2025-comissao-europeia-promove-iniciativa-para-jovens-do-setor-agricola\/#primaryimage"},"thumbnailUrl":"https:\/\/ani.pt\/wp-content\/uploads\/2025\/07\/evento_AgriJovem25.png","datePublished":"2026-02-06T14:52:39+00:00","dateModified":"2026-02-06T15:37:01+00:00","breadcrumb":{"@id":"https:\/\/ani.pt\/en\/evento\/agrijovem-2025-comissao-europeia-promove-iniciativa-para-jovens-do-setor-agricola\/#breadcrumb"},"inLanguage":"en-US","potentialAction":[{"@type":"ReadAction","target":["https:\/\/ani.pt\/en\/evento\/agrijovem-2025-comissao-europeia-promove-iniciativa-para-jovens-do-setor-agricola\/"]}]},{"@type":"ImageObject","inLanguage":"en-US","@id":"https:\/\/ani.pt\/en\/evento\/agrijovem-2025-comissao-europeia-promove-iniciativa-para-jovens-do-setor-agricola\/#primaryimage","url":"https:\/\/ani.pt\/wp-content\/uploads\/2025\/07\/evento_AgriJovem25.png","contentUrl":"https:\/\/ani.pt\/wp-content\/uploads\/2025\/07\/evento_AgriJovem25.png","width":1920,"height":1080},{"@type":"BreadcrumbList","@id":"https:\/\/ani.pt\/en\/evento\/agrijovem-2025-comissao-europeia-promove-iniciativa-para-jovens-do-setor-agricola\/#breadcrumb","itemListElement":[{"@type":"ListItem","position":1,"name":"Homepage","item":"https:\/\/ani.pt\/en\/"},{"@type":"ListItem","position":2,"name":"Eventos","item":"https:\/\/ani.pt\/en\/evento\/"},{"@type":"ListItem","position":3,"name":"Eventos &amp; Confer\u00eancias","item":"https:\/\/ani.pt\/en\/categoria-eventos\/eventos-conferencias\/"},{"@type":"ListItem","position":4,"name":"AgriJovem 2025: Comiss\u00e3o Europeia promove iniciativa para jovens do setor agr\u00edcola"}]},{"@type":"WebSite","@id":"https:\/\/ani.pt\/en\/#website","url":"https:\/\/ani.pt\/en\/","name":"ANI","description":"","potentialAction":[{"@type":"SearchAction","target":{"@type":"EntryPoint","urlTemplate":"https:\/\/ani.pt\/en\/?s={search_term_string}"},"query-input":{"@type":"PropertyValueSpecification","valueRequired":true,"valueName":"search_term_string"}}],"inLanguage":"en-US"}]}},"_links":{"self":[{"href":"https:\/\/ani.pt\/en\/wp-json\/wp\/v2\/evento\/44632","targetHints":{"allow":["GET"]}}],"collection":[{"href":"https:\/\/ani.pt\/en\/wp-json\/wp\/v2\/evento"}],"about":[{"href":"https:\/\/ani.pt\/en\/wp-json\/wp\/v2\/types\/evento"}],"version-history":[{"count":2,"href":"https:\/\/ani.pt\/en\/wp-json\/wp\/v2\/evento\/44632\/revisions"}],"predecessor-version":[{"id":44657,"href":"https:\/\/ani.pt\/en\/wp-json\/wp\/v2\/evento\/44632\/revisions\/44657"}],"wp:featuredmedia":[{"embeddable":true,"href":"https:\/\/ani.pt\/en\/wp-json\/wp\/v2\/media\/41162"}],"wp:attachment":[{"href":"https:\/\/ani.pt\/en\/wp-json\/wp\/v2\/media?parent=44632"}],"wp:term":[{"taxonomy":"categoria-eventos","embeddable":true,"href":"https:\/\/ani.pt\/en\/wp-json\/wp\/v2\/categoria-eventos?post=44632"}],"curies":[{"name":"wp","href":"https:\/\/api.w.org\/{rel}","templated":true}]}}