{"id":44618,"date":"2026-02-06T14:39:23","date_gmt":"2026-02-06T14:39:23","guid":{"rendered":"https:\/\/ani.pt\/?post_type=evento&#038;p=44618"},"modified":"2026-02-06T14:39:27","modified_gmt":"2026-02-06T14:39:27","slug":"rede-eureka-promove-webinar-sobre-a-xecs-call-5","status":"publish","type":"evento","link":"https:\/\/ani.pt\/en\/evento\/rede-eureka-promove-webinar-sobre-a-xecs-call-5\/","title":{"rendered":"Rede Eureka promove webinar sobre a XECS Call 5"},"content":{"rendered":"\n<p class=\"has-text-align-center\"><strong>14 de outubro | Formato online<\/strong><\/p>\n\n\n\n<p>A ANI vai promover no pr\u00f3ximo dia 14 de outubro um&nbsp;<em>webinar&nbsp;<\/em>dedicado \u00e0 Convocat\u00f3ria 5 do&nbsp;<em>Cluster Eureka XECS<\/em>, focada em componentes e sistemas eletr\u00f3nicos. A sess\u00e3o destina-se a entidades interessadas em submeter projetos de I&amp;D colaborativos, com o objetivo de esclarecer regras de participa\u00e7\u00e3o, crit\u00e9rios de elegibilidade e o processo de candidatura.<\/p>\n\n\n\n<p>O&nbsp;<em>webinar&nbsp;<\/em>contar\u00e1 com a participa\u00e7\u00e3o de um representante do&nbsp;<em>Cluster XECS&nbsp;<\/em>para esclarecimento de d\u00favidas e incluir\u00e1 um espa\u00e7o para perguntas e respostas.<\/p>\n\n\n\n<p>As&nbsp;<a href=\"https:\/\/eureka-xecs.com\/calls\/\" target=\"_blank\" rel=\"noreferrer noopener\">candidaturas \u00e0&nbsp;<em>XECS Call 5<\/em><\/a>&nbsp;est\u00e3o abertas at\u00e9 22 de janeiro de 2026.<\/p>\n\n\n\n<p>O evento internacional de&nbsp;<em>matchmaking&nbsp;<\/em>da convocat\u00f3ria realiza-se a 9 de outubro de 2025, em Riga, na Let\u00f3nia. Inscri\u00e7\u00f5es&nbsp;<a href=\"https:\/\/eureka-xecs.com\/xecs-matchmaking-event-2025\/\" target=\"_blank\" rel=\"noreferrer noopener\">aqui<\/a>.<\/p>\n\n\n\n<p>O registo para o&nbsp;<em>webinar&nbsp;<\/em>da ANI pode ser efetuado&nbsp;<a href=\"https:\/\/events.teams.microsoft.com\/event\/74aaf138-2d18-481d-9e6f-b2cec63e2fb5@0383970c-8e62-47a8-990e-9a81506f56f1\" target=\"_blank\" rel=\"noreferrer noopener\">aqui<\/a>.<\/p>\n","protected":false},"excerpt":{"rendered":"<p>14 de outubro | Formato online A ANI vai promover no pr\u00f3ximo dia 14 de outubro um&nbsp;webinar&nbsp;dedicado \u00e0 Convocat\u00f3ria 5 do&nbsp;Cluster Eureka XECS, focada em componentes e sistemas eletr\u00f3nicos. A sess\u00e3o destina-se a entidades interessadas em submeter projetos de I&amp;D colaborativos, com o objetivo de esclarecer regras de participa\u00e7\u00e3o, crit\u00e9rios de elegibilidade e o processo [&hellip;]<\/p>\n","protected":false},"featured_media":41291,"template":"","meta":{"_acf_changed":false,"_et_pb_use_builder":"off","_et_pb_old_content":"","_et_gb_content_width":"","footnotes":""},"categoria-eventos":[906],"class_list":["post-44618","evento","type-evento","status-publish","has-post-thumbnail","hentry","categoria-eventos-financiamentos-calls-concursos"],"acf":[],"yoast_head":"<!-- This site is optimized with the Yoast SEO plugin v27.5 - https:\/\/yoast.com\/product\/yoast-seo-wordpress\/ -->\n<title>Rede Eureka promove webinar sobre a XECS Call 5 - ANI<\/title>\n<meta name=\"robots\" content=\"index, follow, max-snippet:-1, max-image-preview:large, max-video-preview:-1\" \/>\n<link rel=\"canonical\" href=\"https:\/\/ani.pt\/en\/evento\/rede-eureka-promove-webinar-sobre-a-xecs-call-5\/\" \/>\n<meta property=\"og:locale\" content=\"en_US\" \/>\n<meta property=\"og:type\" content=\"article\" \/>\n<meta property=\"og:title\" content=\"Rede Eureka promove webinar sobre a XECS Call 5 - ANI\" \/>\n<meta property=\"og:description\" content=\"14 de outubro | Formato online A ANI vai promover no pr\u00f3ximo dia 14 de outubro um&nbsp;webinar&nbsp;dedicado \u00e0 Convocat\u00f3ria 5 do&nbsp;Cluster Eureka XECS, focada em componentes e sistemas eletr\u00f3nicos. A sess\u00e3o destina-se a entidades interessadas em submeter projetos de I&amp;D colaborativos, com o objetivo de esclarecer regras de participa\u00e7\u00e3o, crit\u00e9rios de elegibilidade e o processo [&hellip;]\" \/>\n<meta property=\"og:url\" content=\"https:\/\/ani.pt\/en\/evento\/rede-eureka-promove-webinar-sobre-a-xecs-call-5\/\" \/>\n<meta property=\"og:site_name\" content=\"ANI\" \/>\n<meta property=\"article:publisher\" content=\"https:\/\/www.facebook.com\/agencianacionaldeinovacao\/\" \/>\n<meta property=\"article:modified_time\" content=\"2026-02-06T14:39:27+00:00\" \/>\n<meta name=\"twitter:card\" content=\"summary_large_image\" \/>\n<meta name=\"twitter:label1\" content=\"Est. reading time\" \/>\n\t<meta name=\"twitter:data1\" content=\"1 minute\" \/>\n<script type=\"application\/ld+json\" class=\"yoast-schema-graph\">{\"@context\":\"https:\\\/\\\/schema.org\",\"@graph\":[{\"@type\":\"WebPage\",\"@id\":\"https:\\\/\\\/ani.pt\\\/en\\\/evento\\\/rede-eureka-promove-webinar-sobre-a-xecs-call-5\\\/\",\"url\":\"https:\\\/\\\/ani.pt\\\/en\\\/evento\\\/rede-eureka-promove-webinar-sobre-a-xecs-call-5\\\/\",\"name\":\"Rede Eureka promove webinar sobre a XECS Call 5 - ANI\",\"isPartOf\":{\"@id\":\"https:\\\/\\\/ani.pt\\\/en\\\/#website\"},\"primaryImageOfPage\":{\"@id\":\"https:\\\/\\\/ani.pt\\\/en\\\/evento\\\/rede-eureka-promove-webinar-sobre-a-xecs-call-5\\\/#primaryimage\"},\"image\":{\"@id\":\"https:\\\/\\\/ani.pt\\\/en\\\/evento\\\/rede-eureka-promove-webinar-sobre-a-xecs-call-5\\\/#primaryimage\"},\"thumbnailUrl\":\"https:\\\/\\\/ani.pt\\\/wp-content\\\/uploads\\\/2025\\\/07\\\/eventos_webinar_XECSCall5.png\",\"datePublished\":\"2026-02-06T14:39:23+00:00\",\"dateModified\":\"2026-02-06T14:39:27+00:00\",\"breadcrumb\":{\"@id\":\"https:\\\/\\\/ani.pt\\\/en\\\/evento\\\/rede-eureka-promove-webinar-sobre-a-xecs-call-5\\\/#breadcrumb\"},\"inLanguage\":\"en-US\",\"potentialAction\":[{\"@type\":\"ReadAction\",\"target\":[\"https:\\\/\\\/ani.pt\\\/en\\\/evento\\\/rede-eureka-promove-webinar-sobre-a-xecs-call-5\\\/\"]}]},{\"@type\":\"ImageObject\",\"inLanguage\":\"en-US\",\"@id\":\"https:\\\/\\\/ani.pt\\\/en\\\/evento\\\/rede-eureka-promove-webinar-sobre-a-xecs-call-5\\\/#primaryimage\",\"url\":\"https:\\\/\\\/ani.pt\\\/wp-content\\\/uploads\\\/2025\\\/07\\\/eventos_webinar_XECSCall5.png\",\"contentUrl\":\"https:\\\/\\\/ani.pt\\\/wp-content\\\/uploads\\\/2025\\\/07\\\/eventos_webinar_XECSCall5.png\",\"width\":1920,\"height\":1080},{\"@type\":\"BreadcrumbList\",\"@id\":\"https:\\\/\\\/ani.pt\\\/en\\\/evento\\\/rede-eureka-promove-webinar-sobre-a-xecs-call-5\\\/#breadcrumb\",\"itemListElement\":[{\"@type\":\"ListItem\",\"position\":1,\"name\":\"Homepage\",\"item\":\"https:\\\/\\\/ani.pt\\\/en\\\/\"},{\"@type\":\"ListItem\",\"position\":2,\"name\":\"Eventos\",\"item\":\"https:\\\/\\\/ani.pt\\\/en\\\/evento\\\/\"},{\"@type\":\"ListItem\",\"position\":3,\"name\":\"Financiamentos, Calls &amp; Concursos\",\"item\":\"https:\\\/\\\/ani.pt\\\/en\\\/categoria-eventos\\\/financiamentos-calls-concursos\\\/\"},{\"@type\":\"ListItem\",\"position\":4,\"name\":\"Rede Eureka promove webinar sobre a XECS Call 5\"}]},{\"@type\":\"WebSite\",\"@id\":\"https:\\\/\\\/ani.pt\\\/en\\\/#website\",\"url\":\"https:\\\/\\\/ani.pt\\\/en\\\/\",\"name\":\"ANI\",\"description\":\"\",\"potentialAction\":[{\"@type\":\"SearchAction\",\"target\":{\"@type\":\"EntryPoint\",\"urlTemplate\":\"https:\\\/\\\/ani.pt\\\/en\\\/?s={search_term_string}\"},\"query-input\":{\"@type\":\"PropertyValueSpecification\",\"valueRequired\":true,\"valueName\":\"search_term_string\"}}],\"inLanguage\":\"en-US\"}]}<\/script>\n<!-- \/ Yoast SEO plugin. -->","yoast_head_json":{"title":"Rede Eureka promove webinar sobre a XECS Call 5 - ANI","robots":{"index":"index","follow":"follow","max-snippet":"max-snippet:-1","max-image-preview":"max-image-preview:large","max-video-preview":"max-video-preview:-1"},"canonical":"https:\/\/ani.pt\/en\/evento\/rede-eureka-promove-webinar-sobre-a-xecs-call-5\/","og_locale":"en_US","og_type":"article","og_title":"Rede Eureka promove webinar sobre a XECS Call 5 - ANI","og_description":"14 de outubro | Formato online A ANI vai promover no pr\u00f3ximo dia 14 de outubro um&nbsp;webinar&nbsp;dedicado \u00e0 Convocat\u00f3ria 5 do&nbsp;Cluster Eureka XECS, focada em componentes e sistemas eletr\u00f3nicos. A sess\u00e3o destina-se a entidades interessadas em submeter projetos de I&amp;D colaborativos, com o objetivo de esclarecer regras de participa\u00e7\u00e3o, crit\u00e9rios de elegibilidade e o processo [&hellip;]","og_url":"https:\/\/ani.pt\/en\/evento\/rede-eureka-promove-webinar-sobre-a-xecs-call-5\/","og_site_name":"ANI","article_publisher":"https:\/\/www.facebook.com\/agencianacionaldeinovacao\/","article_modified_time":"2026-02-06T14:39:27+00:00","twitter_card":"summary_large_image","twitter_misc":{"Est. reading time":"1 minute"},"schema":{"@context":"https:\/\/schema.org","@graph":[{"@type":"WebPage","@id":"https:\/\/ani.pt\/en\/evento\/rede-eureka-promove-webinar-sobre-a-xecs-call-5\/","url":"https:\/\/ani.pt\/en\/evento\/rede-eureka-promove-webinar-sobre-a-xecs-call-5\/","name":"Rede Eureka promove webinar sobre a XECS Call 5 - ANI","isPartOf":{"@id":"https:\/\/ani.pt\/en\/#website"},"primaryImageOfPage":{"@id":"https:\/\/ani.pt\/en\/evento\/rede-eureka-promove-webinar-sobre-a-xecs-call-5\/#primaryimage"},"image":{"@id":"https:\/\/ani.pt\/en\/evento\/rede-eureka-promove-webinar-sobre-a-xecs-call-5\/#primaryimage"},"thumbnailUrl":"https:\/\/ani.pt\/wp-content\/uploads\/2025\/07\/eventos_webinar_XECSCall5.png","datePublished":"2026-02-06T14:39:23+00:00","dateModified":"2026-02-06T14:39:27+00:00","breadcrumb":{"@id":"https:\/\/ani.pt\/en\/evento\/rede-eureka-promove-webinar-sobre-a-xecs-call-5\/#breadcrumb"},"inLanguage":"en-US","potentialAction":[{"@type":"ReadAction","target":["https:\/\/ani.pt\/en\/evento\/rede-eureka-promove-webinar-sobre-a-xecs-call-5\/"]}]},{"@type":"ImageObject","inLanguage":"en-US","@id":"https:\/\/ani.pt\/en\/evento\/rede-eureka-promove-webinar-sobre-a-xecs-call-5\/#primaryimage","url":"https:\/\/ani.pt\/wp-content\/uploads\/2025\/07\/eventos_webinar_XECSCall5.png","contentUrl":"https:\/\/ani.pt\/wp-content\/uploads\/2025\/07\/eventos_webinar_XECSCall5.png","width":1920,"height":1080},{"@type":"BreadcrumbList","@id":"https:\/\/ani.pt\/en\/evento\/rede-eureka-promove-webinar-sobre-a-xecs-call-5\/#breadcrumb","itemListElement":[{"@type":"ListItem","position":1,"name":"Homepage","item":"https:\/\/ani.pt\/en\/"},{"@type":"ListItem","position":2,"name":"Eventos","item":"https:\/\/ani.pt\/en\/evento\/"},{"@type":"ListItem","position":3,"name":"Financiamentos, Calls &amp; Concursos","item":"https:\/\/ani.pt\/en\/categoria-eventos\/financiamentos-calls-concursos\/"},{"@type":"ListItem","position":4,"name":"Rede Eureka promove webinar sobre a XECS Call 5"}]},{"@type":"WebSite","@id":"https:\/\/ani.pt\/en\/#website","url":"https:\/\/ani.pt\/en\/","name":"ANI","description":"","potentialAction":[{"@type":"SearchAction","target":{"@type":"EntryPoint","urlTemplate":"https:\/\/ani.pt\/en\/?s={search_term_string}"},"query-input":{"@type":"PropertyValueSpecification","valueRequired":true,"valueName":"search_term_string"}}],"inLanguage":"en-US"}]}},"_links":{"self":[{"href":"https:\/\/ani.pt\/en\/wp-json\/wp\/v2\/evento\/44618","targetHints":{"allow":["GET"]}}],"collection":[{"href":"https:\/\/ani.pt\/en\/wp-json\/wp\/v2\/evento"}],"about":[{"href":"https:\/\/ani.pt\/en\/wp-json\/wp\/v2\/types\/evento"}],"version-history":[{"count":1,"href":"https:\/\/ani.pt\/en\/wp-json\/wp\/v2\/evento\/44618\/revisions"}],"predecessor-version":[{"id":44619,"href":"https:\/\/ani.pt\/en\/wp-json\/wp\/v2\/evento\/44618\/revisions\/44619"}],"wp:featuredmedia":[{"embeddable":true,"href":"https:\/\/ani.pt\/en\/wp-json\/wp\/v2\/media\/41291"}],"wp:attachment":[{"href":"https:\/\/ani.pt\/en\/wp-json\/wp\/v2\/media?parent=44618"}],"wp:term":[{"taxonomy":"categoria-eventos","embeddable":true,"href":"https:\/\/ani.pt\/en\/wp-json\/wp\/v2\/categoria-eventos?post=44618"}],"curies":[{"name":"wp","href":"https:\/\/api.w.org\/{rel}","templated":true}]}}