{"id":44616,"date":"2026-02-06T14:37:21","date_gmt":"2026-02-06T14:37:21","guid":{"rendered":"https:\/\/ani.pt\/?post_type=evento&#038;p=44616"},"modified":"2026-02-06T14:37:25","modified_gmt":"2026-02-06T14:37:25","slug":"inscricoes-abertas-para-os-european-research-innovation-days-2025","status":"publish","type":"evento","link":"https:\/\/ani.pt\/en\/evento\/inscricoes-abertas-para-os-european-research-innovation-days-2025\/","title":{"rendered":"Inscri\u00e7\u00f5es abertas para os European Research &amp; Innovation Days 2025"},"content":{"rendered":"\n<p class=\"has-text-align-center\"><strong>16 e 17 de setembro | The Square \u2013 Bruxelas e online<\/strong><\/p>\n\n\n\n<p>A Comiss\u00e3o Europeia abriu as inscri\u00e7\u00f5es para a edi\u00e7\u00e3o de 2025 dos&nbsp;<em>European Research &amp; Innovation (R&amp;I) Days<\/em>, que ter\u00e1 lugar nos dias 16 e 17 de setembro, em formato h\u00edbrido, a partir de Bruxelas.<\/p>\n\n\n\n<p>Esta sexta edi\u00e7\u00e3o do evento reunir\u00e1 decisores pol\u00edticos, investigadores, l\u00edderes empresariais e representantes do ecossistema de inova\u00e7\u00e3o europeu, para debater o papel da investiga\u00e7\u00e3o e inova\u00e7\u00e3o na competitividade, sustentabilidade e lideran\u00e7a industrial da Europa, com impacto direto nas principais prioridades da Uni\u00e3o Europeia.<\/p>\n\n\n\n<p>O programa deste ano decorre num contexto de discuss\u00e3o sobre o pr\u00f3ximo or\u00e7amento plurianual da UE e sobre estrat\u00e9gias pol\u00edticas fundamentais, incluindo a&nbsp;<a href=\"https:\/\/research-and-innovation.ec.europa.eu\/strategy\/strategy-research-and-innovation\/jobs-and-economy\/eu-startup-and-scaleup-strategy_en\" target=\"_blank\" rel=\"noreferrer noopener\">Estrat\u00e9gia para&nbsp;<em>Startups e Scaleups<\/em><\/a><em>,<\/em>&nbsp;a&nbsp;<a href=\"https:\/\/research-and-innovation.ec.europa.eu\/strategy\/strategy-research-and-innovation\/jobs-and-economy\/strategy-european-life-sciences_en\" target=\"_blank\" rel=\"noreferrer noopener\">Estrat\u00e9gia Europeia para as Ci\u00eancias da Vida<\/a>, a&nbsp;<a href=\"https:\/\/research-and-innovation.ec.europa.eu\/research-area\/industrial-research-and-innovation\/artificial-intelligence-ai-science_en\" target=\"_blank\" rel=\"noreferrer noopener\">Estrat\u00e9gia de IA na Ci\u00eancia<\/a>, a&nbsp;<a href=\"https:\/\/research-and-innovation.ec.europa.eu\/news\/all-research-and-innovation-news\/commission-seeks-feedback-future-european-innovation-act-2025-07-09_en\" target=\"_blank\" rel=\"noreferrer noopener\">Inova\u00e7\u00e3o Europeia<\/a>&nbsp;e o&nbsp;<a href=\"https:\/\/research-and-innovation.ec.europa.eu\/strategy\/strategy-research-and-innovation\/our-digital-future\/european-research-area_en\" target=\"_blank\" rel=\"noreferrer noopener\">Espa\u00e7o Europeu de Investiga\u00e7\u00e3o (ERA).<\/a><\/p>\n\n\n\n<p>O evento contar\u00e1 com uma interven\u00e7\u00e3o de abertura da Presidente da Comiss\u00e3o Europeia, Ursula von der Leyen, e com uma interven\u00e7\u00e3o da Comiss\u00e1ria para&nbsp;<em>Startups<\/em>, Investiga\u00e7\u00e3o e Inova\u00e7\u00e3o, Ekaterina Zaharieva. Em destaque, estar\u00e1 ainda uma sess\u00e3o sobre o futuro&nbsp;<em>ERA Act<\/em>&nbsp;e a iniciativa \u201c<em>Choose Europe for Science<\/em>\u201c.<\/p>\n\n\n\n<p>A participa\u00e7\u00e3o \u00e9 gratuita e aberta a todos os interessados na defini\u00e7\u00e3o do futuro da investiga\u00e7\u00e3o e inova\u00e7\u00e3o na Europa. A inscri\u00e7\u00e3o pode ser efetuada online atrav\u00e9s do portal oficial do evento.<\/p>\n\n\n\n<p>Consulte a programa\u00e7\u00e3o completa&nbsp;<a href=\"http:\/\/chrome-extension\/\/efaidnbmnnnibpcajpcglclefindmkaj\/https:\/research-and-innovation.ec.europa.eu\/document\/download\/7df1f67e-b4de-4a86-b428-f56babff2304_en?filename=ec_rtd_ri-days-2025-agenda.pdf\" target=\"_blank\" rel=\"noreferrer noopener\">aqui<\/a>.<\/p>\n\n\n\n<p>Registe-se&nbsp;<a href=\"https:\/\/eu.eventscloud.com\/ereg\/newreg.php?eventid=200290669&amp;categoryid=202070519\" target=\"_blank\" rel=\"noreferrer noopener\">aqui<\/a>.<\/p>\n","protected":false},"excerpt":{"rendered":"<p>16 e 17 de setembro | The Square \u2013 Bruxelas e online A Comiss\u00e3o Europeia abriu as inscri\u00e7\u00f5es para a edi\u00e7\u00e3o de 2025 dos&nbsp;European Research &amp; Innovation (R&amp;I) Days, que ter\u00e1 lugar nos dias 16 e 17 de setembro, em formato h\u00edbrido, a partir de Bruxelas. Esta sexta edi\u00e7\u00e3o do evento reunir\u00e1 decisores pol\u00edticos, investigadores, [&hellip;]<\/p>\n","protected":false},"featured_media":41527,"template":"","meta":{"_acf_changed":false,"_et_pb_use_builder":"off","_et_pb_old_content":"","_et_gb_content_width":"","footnotes":""},"categoria-eventos":[907],"class_list":["post-44616","evento","type-evento","status-publish","has-post-thumbnail","hentry","categoria-eventos-eventos-conferencias"],"acf":[],"yoast_head":"<!-- This site is optimized with the Yoast SEO plugin v27.5 - https:\/\/yoast.com\/product\/yoast-seo-wordpress\/ -->\n<title>Inscri\u00e7\u00f5es abertas para os European Research &amp; Innovation Days 2025 - ANI<\/title>\n<meta name=\"robots\" content=\"index, follow, max-snippet:-1, max-image-preview:large, max-video-preview:-1\" \/>\n<link rel=\"canonical\" href=\"https:\/\/ani.pt\/en\/evento\/inscricoes-abertas-para-os-european-research-innovation-days-2025\/\" \/>\n<meta property=\"og:locale\" content=\"en_US\" \/>\n<meta property=\"og:type\" content=\"article\" \/>\n<meta property=\"og:title\" content=\"Inscri\u00e7\u00f5es abertas para os European Research &amp; Innovation Days 2025 - ANI\" \/>\n<meta property=\"og:description\" content=\"16 e 17 de setembro | The Square \u2013 Bruxelas e online A Comiss\u00e3o Europeia abriu as inscri\u00e7\u00f5es para a edi\u00e7\u00e3o de 2025 dos&nbsp;European Research &amp; Innovation (R&amp;I) Days, que ter\u00e1 lugar nos dias 16 e 17 de setembro, em formato h\u00edbrido, a partir de Bruxelas. Esta sexta edi\u00e7\u00e3o do evento reunir\u00e1 decisores pol\u00edticos, investigadores, [&hellip;]\" \/>\n<meta property=\"og:url\" content=\"https:\/\/ani.pt\/en\/evento\/inscricoes-abertas-para-os-european-research-innovation-days-2025\/\" \/>\n<meta property=\"og:site_name\" content=\"ANI\" \/>\n<meta property=\"article:publisher\" content=\"https:\/\/www.facebook.com\/agencianacionaldeinovacao\/\" \/>\n<meta property=\"article:modified_time\" content=\"2026-02-06T14:37:25+00:00\" \/>\n<meta name=\"twitter:card\" content=\"summary_large_image\" \/>\n<meta name=\"twitter:label1\" content=\"Est. reading time\" \/>\n\t<meta name=\"twitter:data1\" content=\"2 minutes\" \/>\n<script type=\"application\/ld+json\" class=\"yoast-schema-graph\">{\"@context\":\"https:\\\/\\\/schema.org\",\"@graph\":[{\"@type\":\"WebPage\",\"@id\":\"https:\\\/\\\/ani.pt\\\/en\\\/evento\\\/inscricoes-abertas-para-os-european-research-innovation-days-2025\\\/\",\"url\":\"https:\\\/\\\/ani.pt\\\/en\\\/evento\\\/inscricoes-abertas-para-os-european-research-innovation-days-2025\\\/\",\"name\":\"Inscri\u00e7\u00f5es abertas para os European Research &amp; Innovation Days 2025 - ANI\",\"isPartOf\":{\"@id\":\"https:\\\/\\\/ani.pt\\\/en\\\/#website\"},\"primaryImageOfPage\":{\"@id\":\"https:\\\/\\\/ani.pt\\\/en\\\/evento\\\/inscricoes-abertas-para-os-european-research-innovation-days-2025\\\/#primaryimage\"},\"image\":{\"@id\":\"https:\\\/\\\/ani.pt\\\/en\\\/evento\\\/inscricoes-abertas-para-os-european-research-innovation-days-2025\\\/#primaryimage\"},\"thumbnailUrl\":\"https:\\\/\\\/ani.pt\\\/wp-content\\\/uploads\\\/2025\\\/07\\\/evento_European-RI-Days.png\",\"datePublished\":\"2026-02-06T14:37:21+00:00\",\"dateModified\":\"2026-02-06T14:37:25+00:00\",\"breadcrumb\":{\"@id\":\"https:\\\/\\\/ani.pt\\\/en\\\/evento\\\/inscricoes-abertas-para-os-european-research-innovation-days-2025\\\/#breadcrumb\"},\"inLanguage\":\"en-US\",\"potentialAction\":[{\"@type\":\"ReadAction\",\"target\":[\"https:\\\/\\\/ani.pt\\\/en\\\/evento\\\/inscricoes-abertas-para-os-european-research-innovation-days-2025\\\/\"]}]},{\"@type\":\"ImageObject\",\"inLanguage\":\"en-US\",\"@id\":\"https:\\\/\\\/ani.pt\\\/en\\\/evento\\\/inscricoes-abertas-para-os-european-research-innovation-days-2025\\\/#primaryimage\",\"url\":\"https:\\\/\\\/ani.pt\\\/wp-content\\\/uploads\\\/2025\\\/07\\\/evento_European-RI-Days.png\",\"contentUrl\":\"https:\\\/\\\/ani.pt\\\/wp-content\\\/uploads\\\/2025\\\/07\\\/evento_European-RI-Days.png\",\"width\":1920,\"height\":1080},{\"@type\":\"BreadcrumbList\",\"@id\":\"https:\\\/\\\/ani.pt\\\/en\\\/evento\\\/inscricoes-abertas-para-os-european-research-innovation-days-2025\\\/#breadcrumb\",\"itemListElement\":[{\"@type\":\"ListItem\",\"position\":1,\"name\":\"Homepage\",\"item\":\"https:\\\/\\\/ani.pt\\\/en\\\/\"},{\"@type\":\"ListItem\",\"position\":2,\"name\":\"Eventos\",\"item\":\"https:\\\/\\\/ani.pt\\\/en\\\/evento\\\/\"},{\"@type\":\"ListItem\",\"position\":3,\"name\":\"Eventos &amp; Confer\u00eancias\",\"item\":\"https:\\\/\\\/ani.pt\\\/en\\\/categoria-eventos\\\/eventos-conferencias\\\/\"},{\"@type\":\"ListItem\",\"position\":4,\"name\":\"Inscri\u00e7\u00f5es abertas para os European Research &amp; Innovation Days 2025\"}]},{\"@type\":\"WebSite\",\"@id\":\"https:\\\/\\\/ani.pt\\\/en\\\/#website\",\"url\":\"https:\\\/\\\/ani.pt\\\/en\\\/\",\"name\":\"ANI\",\"description\":\"\",\"potentialAction\":[{\"@type\":\"SearchAction\",\"target\":{\"@type\":\"EntryPoint\",\"urlTemplate\":\"https:\\\/\\\/ani.pt\\\/en\\\/?s={search_term_string}\"},\"query-input\":{\"@type\":\"PropertyValueSpecification\",\"valueRequired\":true,\"valueName\":\"search_term_string\"}}],\"inLanguage\":\"en-US\"}]}<\/script>\n<!-- \/ Yoast SEO plugin. -->","yoast_head_json":{"title":"Inscri\u00e7\u00f5es abertas para os European Research &amp; Innovation Days 2025 - ANI","robots":{"index":"index","follow":"follow","max-snippet":"max-snippet:-1","max-image-preview":"max-image-preview:large","max-video-preview":"max-video-preview:-1"},"canonical":"https:\/\/ani.pt\/en\/evento\/inscricoes-abertas-para-os-european-research-innovation-days-2025\/","og_locale":"en_US","og_type":"article","og_title":"Inscri\u00e7\u00f5es abertas para os European Research &amp; Innovation Days 2025 - ANI","og_description":"16 e 17 de setembro | The Square \u2013 Bruxelas e online A Comiss\u00e3o Europeia abriu as inscri\u00e7\u00f5es para a edi\u00e7\u00e3o de 2025 dos&nbsp;European Research &amp; Innovation (R&amp;I) Days, que ter\u00e1 lugar nos dias 16 e 17 de setembro, em formato h\u00edbrido, a partir de Bruxelas. Esta sexta edi\u00e7\u00e3o do evento reunir\u00e1 decisores pol\u00edticos, investigadores, [&hellip;]","og_url":"https:\/\/ani.pt\/en\/evento\/inscricoes-abertas-para-os-european-research-innovation-days-2025\/","og_site_name":"ANI","article_publisher":"https:\/\/www.facebook.com\/agencianacionaldeinovacao\/","article_modified_time":"2026-02-06T14:37:25+00:00","twitter_card":"summary_large_image","twitter_misc":{"Est. reading time":"2 minutes"},"schema":{"@context":"https:\/\/schema.org","@graph":[{"@type":"WebPage","@id":"https:\/\/ani.pt\/en\/evento\/inscricoes-abertas-para-os-european-research-innovation-days-2025\/","url":"https:\/\/ani.pt\/en\/evento\/inscricoes-abertas-para-os-european-research-innovation-days-2025\/","name":"Inscri\u00e7\u00f5es abertas para os European Research &amp; Innovation Days 2025 - ANI","isPartOf":{"@id":"https:\/\/ani.pt\/en\/#website"},"primaryImageOfPage":{"@id":"https:\/\/ani.pt\/en\/evento\/inscricoes-abertas-para-os-european-research-innovation-days-2025\/#primaryimage"},"image":{"@id":"https:\/\/ani.pt\/en\/evento\/inscricoes-abertas-para-os-european-research-innovation-days-2025\/#primaryimage"},"thumbnailUrl":"https:\/\/ani.pt\/wp-content\/uploads\/2025\/07\/evento_European-RI-Days.png","datePublished":"2026-02-06T14:37:21+00:00","dateModified":"2026-02-06T14:37:25+00:00","breadcrumb":{"@id":"https:\/\/ani.pt\/en\/evento\/inscricoes-abertas-para-os-european-research-innovation-days-2025\/#breadcrumb"},"inLanguage":"en-US","potentialAction":[{"@type":"ReadAction","target":["https:\/\/ani.pt\/en\/evento\/inscricoes-abertas-para-os-european-research-innovation-days-2025\/"]}]},{"@type":"ImageObject","inLanguage":"en-US","@id":"https:\/\/ani.pt\/en\/evento\/inscricoes-abertas-para-os-european-research-innovation-days-2025\/#primaryimage","url":"https:\/\/ani.pt\/wp-content\/uploads\/2025\/07\/evento_European-RI-Days.png","contentUrl":"https:\/\/ani.pt\/wp-content\/uploads\/2025\/07\/evento_European-RI-Days.png","width":1920,"height":1080},{"@type":"BreadcrumbList","@id":"https:\/\/ani.pt\/en\/evento\/inscricoes-abertas-para-os-european-research-innovation-days-2025\/#breadcrumb","itemListElement":[{"@type":"ListItem","position":1,"name":"Homepage","item":"https:\/\/ani.pt\/en\/"},{"@type":"ListItem","position":2,"name":"Eventos","item":"https:\/\/ani.pt\/en\/evento\/"},{"@type":"ListItem","position":3,"name":"Eventos &amp; Confer\u00eancias","item":"https:\/\/ani.pt\/en\/categoria-eventos\/eventos-conferencias\/"},{"@type":"ListItem","position":4,"name":"Inscri\u00e7\u00f5es abertas para os European Research &amp; Innovation Days 2025"}]},{"@type":"WebSite","@id":"https:\/\/ani.pt\/en\/#website","url":"https:\/\/ani.pt\/en\/","name":"ANI","description":"","potentialAction":[{"@type":"SearchAction","target":{"@type":"EntryPoint","urlTemplate":"https:\/\/ani.pt\/en\/?s={search_term_string}"},"query-input":{"@type":"PropertyValueSpecification","valueRequired":true,"valueName":"search_term_string"}}],"inLanguage":"en-US"}]}},"_links":{"self":[{"href":"https:\/\/ani.pt\/en\/wp-json\/wp\/v2\/evento\/44616","targetHints":{"allow":["GET"]}}],"collection":[{"href":"https:\/\/ani.pt\/en\/wp-json\/wp\/v2\/evento"}],"about":[{"href":"https:\/\/ani.pt\/en\/wp-json\/wp\/v2\/types\/evento"}],"version-history":[{"count":1,"href":"https:\/\/ani.pt\/en\/wp-json\/wp\/v2\/evento\/44616\/revisions"}],"predecessor-version":[{"id":44617,"href":"https:\/\/ani.pt\/en\/wp-json\/wp\/v2\/evento\/44616\/revisions\/44617"}],"wp:featuredmedia":[{"embeddable":true,"href":"https:\/\/ani.pt\/en\/wp-json\/wp\/v2\/media\/41527"}],"wp:attachment":[{"href":"https:\/\/ani.pt\/en\/wp-json\/wp\/v2\/media?parent=44616"}],"wp:term":[{"taxonomy":"categoria-eventos","embeddable":true,"href":"https:\/\/ani.pt\/en\/wp-json\/wp\/v2\/categoria-eventos?post=44616"}],"curies":[{"name":"wp","href":"https:\/\/api.w.org\/{rel}","templated":true}]}}