{"id":44604,"date":"2026-02-06T14:25:18","date_gmt":"2026-02-06T14:25:18","guid":{"rendered":"https:\/\/ani.pt\/?post_type=evento&#038;p=44604"},"modified":"2026-02-06T14:25:22","modified_gmt":"2026-02-06T14:25:22","slug":"evento-nacional-em-evora-marca-lancamento-do-memorando-de-cooperacao-entre-portugal-e-a-clean-aviation-joint-undertaking","status":"publish","type":"evento","link":"https:\/\/ani.pt\/en\/evento\/evento-nacional-em-evora-marca-lancamento-do-memorando-de-cooperacao-entre-portugal-e-a-clean-aviation-joint-undertaking\/","title":{"rendered":"Evento Nacional em \u00c9vora marca lan\u00e7amento do Memorando de Coopera\u00e7\u00e3o entre Portugal e a Clean Aviation Joint Undertaking"},"content":{"rendered":"\n<figure class=\"wp-block-image\"><img decoding=\"async\" width=\"1024\" height=\"576\" src=\"https:\/\/ani.pt\/wp-content\/uploads\/2025\/09\/imagem_evento-1024x576.jpg\" alt=\"\" class=\"wp-image-41932\" srcset=\"https:\/\/ani.pt\/wp-content\/uploads\/2025\/09\/imagem_evento-980x551.jpg 980w, https:\/\/ani.pt\/wp-content\/uploads\/2025\/09\/imagem_evento-480x270.jpg 480w\" sizes=\"(min-width: 0px) and (max-width: 480px) 480px, (min-width: 481px) and (max-width: 980px) 980px, (min-width: 981px) 1024px, 100vw\" \/><\/figure>\n\n\n\n<p class=\"has-text-align-center\"><strong>19 de setembro&nbsp;| \u00c9vora| 9.00h-15.30h<\/strong><\/p>\n\n\n\n<p>No dia 19 de setembro, em \u00c9vora, ter\u00e1 lugar o evento nacional dedicado \u00e0 avia\u00e7\u00e3o sustent\u00e1vel, que assinala o lan\u00e7amento do&nbsp;<a href=\"https:\/\/ani.pt\/en\/portugal-and-clean-aviation-establish-strategic-partnership-for-more-sustainable-aviation\/\">Memorando de Coopera\u00e7\u00e3o<\/a>&nbsp;entre Portugal e a Clean Aviation Joint Undertaking (CAJU). O acordo, assinado em mar\u00e7o de 2025, estabelece um roteiro tecnol\u00f3gico conjunto, orientado para a identifica\u00e7\u00e3o de \u00e1reas estrat\u00e9gicas de investiga\u00e7\u00e3o e inova\u00e7\u00e3o no dom\u00ednio da avia\u00e7\u00e3o sustent\u00e1vel.<\/p>\n\n\n\n<p>Promovido pela ANI (Ag\u00eancia Nacional de Inova\u00e7\u00e3o) e pela Autoridade Nacional da Avia\u00e7\u00e3o Civil (ANAC), o encontro representa um marco para o setor aeron\u00e1utico nacional, refor\u00e7ando o compromisso de Portugal com a transi\u00e7\u00e3o para tecnologias mais sustent\u00e1veis e competitivas no futuro da avia\u00e7\u00e3o.<\/p>\n\n\n\n<p>A participa\u00e7\u00e3o \u00e9 gratuita, mediante inscri\u00e7\u00e3o obrigat\u00f3ria at\u00e9 10 de setembro.<\/p>\n\n\n\n<p>O programa do evento est\u00e1 dispon\u00edvel&nbsp;<a href=\"https:\/\/ani.pt\/wp-content\/uploads\/2025\/09\/Agenda_Evento-MoC-PT-CAJU_VF-3.pdf\" target=\"_blank\" rel=\"noreferrer noopener\">aqui<\/a>.<\/p>\n\n\n\n<p>Consulte o Memorando de Coopera\u00e7\u00e3o entre Portugal e a Clean Aviation Joint Undertaking (CAJU)<a href=\"https:\/\/ani.pt\/wp-content\/uploads\/2025\/09\/memorando-de-Cooperacao-entre-Clean-Aviation-Joint-Undertaking-e-a-ANI-e-ANAC.pdf\" target=\"_blank\" rel=\"noreferrer noopener\">&nbsp;aqui<\/a>.<\/p>\n\n\n\n<p>Veja ainda o Joint Technical Roadmap&nbsp;<a href=\"https:\/\/ani.pt\/wp-content\/uploads\/2025\/09\/Joint-technical-roadmap_PT-CAJU-1.pdf\" target=\"_blank\" rel=\"noreferrer noopener\">aqui<\/a>.<\/p>\n\n\n\n<p>Consulte as apresenta\u00e7\u00f5es partilhadas no evento:<\/p>\n\n\n\n<p><a href=\"https:\/\/ani.pt\/wp-content\/uploads\/2025\/10\/MoC-Portugal_Axel-Krein.pdf\" target=\"_blank\" rel=\"noreferrer noopener\">Clean Aviation programme and steps towards the next MFF \u2013 Axel Krein, Executive Director, Clean Aviation Joint Undertaking<\/a><\/p>\n\n\n\n<p><a href=\"https:\/\/ani.pt\/wp-content\/uploads\/2025\/10\/MoC-Portugal_Daniele-Violato.pdf\" target=\"_blank\" rel=\"noreferrer noopener\">Clean Aviation strategic cooperation with Member States and Regions \u2013 Daniele Violato, Head of Synergies, Clean Aviation Joint Undertaking<\/a><\/p>\n\n\n\n<p><a href=\"https:\/\/ani.pt\/wp-content\/uploads\/2025\/10\/MoC-Portugal_Jose-Rui-Marcelino.pdf\" target=\"_blank\" rel=\"noreferrer noopener\">Portugal \u2013 Clean Aviation Joint Technical Roadmap for the aeronautical sector \u2013 Jos\u00e9 Rui Marcelino, AED Cluster<\/a><\/p>\n\n\n\n<p><a href=\"https:\/\/youtu.be\/7rbwi2rq4ws\" target=\"_blank\" rel=\"noreferrer noopener\">Portuguese Flagship Project: LUS\u2011222 \u2013 Aero.Next Mobilizing Agenda \u2013 Frederico Cardoso, CEiiA<\/a><\/p>\n","protected":false},"excerpt":{"rendered":"<p>19 de setembro&nbsp;| \u00c9vora| 9.00h-15.30h No dia 19 de setembro, em \u00c9vora, ter\u00e1 lugar o evento nacional dedicado \u00e0 avia\u00e7\u00e3o sustent\u00e1vel, que assinala o lan\u00e7amento do&nbsp;Memorando de Coopera\u00e7\u00e3o&nbsp;entre Portugal e a Clean Aviation Joint Undertaking (CAJU). O acordo, assinado em mar\u00e7o de 2025, estabelece um roteiro tecnol\u00f3gico conjunto, orientado para a identifica\u00e7\u00e3o de \u00e1reas estrat\u00e9gicas [&hellip;]<\/p>\n","protected":false},"featured_media":41927,"template":"","meta":{"_acf_changed":false,"_et_pb_use_builder":"off","_et_pb_old_content":"","_et_gb_content_width":"","footnotes":""},"categoria-eventos":[907],"class_list":["post-44604","evento","type-evento","status-publish","has-post-thumbnail","hentry","categoria-eventos-eventos-conferencias"],"acf":[],"yoast_head":"<!-- This site is optimized with the Yoast SEO plugin v27.5 - https:\/\/yoast.com\/product\/yoast-seo-wordpress\/ -->\n<title>Evento Nacional em \u00c9vora marca lan\u00e7amento do Memorando de Coopera\u00e7\u00e3o entre Portugal e a Clean Aviation Joint Undertaking - ANI<\/title>\n<meta name=\"robots\" content=\"index, follow, max-snippet:-1, max-image-preview:large, max-video-preview:-1\" \/>\n<link rel=\"canonical\" href=\"https:\/\/ani.pt\/en\/evento\/evento-nacional-em-evora-marca-lancamento-do-memorando-de-cooperacao-entre-portugal-e-a-clean-aviation-joint-undertaking\/\" \/>\n<meta property=\"og:locale\" content=\"en_US\" \/>\n<meta property=\"og:type\" content=\"article\" \/>\n<meta property=\"og:title\" content=\"Evento Nacional em \u00c9vora marca lan\u00e7amento do Memorando de Coopera\u00e7\u00e3o entre Portugal e a Clean Aviation Joint Undertaking - ANI\" \/>\n<meta property=\"og:description\" content=\"19 de setembro&nbsp;| \u00c9vora| 9.00h-15.30h No dia 19 de setembro, em \u00c9vora, ter\u00e1 lugar o evento nacional dedicado \u00e0 avia\u00e7\u00e3o sustent\u00e1vel, que assinala o lan\u00e7amento do&nbsp;Memorando de Coopera\u00e7\u00e3o&nbsp;entre Portugal e a Clean Aviation Joint Undertaking (CAJU). O acordo, assinado em mar\u00e7o de 2025, estabelece um roteiro tecnol\u00f3gico conjunto, orientado para a identifica\u00e7\u00e3o de \u00e1reas estrat\u00e9gicas [&hellip;]\" \/>\n<meta property=\"og:url\" content=\"https:\/\/ani.pt\/en\/evento\/evento-nacional-em-evora-marca-lancamento-do-memorando-de-cooperacao-entre-portugal-e-a-clean-aviation-joint-undertaking\/\" \/>\n<meta property=\"og:site_name\" content=\"ANI\" \/>\n<meta property=\"article:publisher\" content=\"https:\/\/www.facebook.com\/agencianacionaldeinovacao\/\" \/>\n<meta property=\"article:modified_time\" content=\"2026-02-06T14:25:22+00:00\" \/>\n<meta property=\"og:image\" content=\"https:\/\/ani.pt\/wp-content\/uploads\/2025\/09\/imagem_evento.jpg\" \/>\n\t<meta property=\"og:image:width\" content=\"1920\" \/>\n\t<meta property=\"og:image:height\" content=\"1080\" \/>\n\t<meta property=\"og:image:type\" content=\"image\/jpeg\" \/>\n<meta name=\"twitter:card\" content=\"summary_large_image\" \/>\n<meta name=\"twitter:label1\" content=\"Est. reading time\" \/>\n\t<meta name=\"twitter:data1\" content=\"2 minutes\" \/>\n<script type=\"application\/ld+json\" class=\"yoast-schema-graph\">{\"@context\":\"https:\\\/\\\/schema.org\",\"@graph\":[{\"@type\":\"WebPage\",\"@id\":\"https:\\\/\\\/ani.pt\\\/en\\\/evento\\\/evento-nacional-em-evora-marca-lancamento-do-memorando-de-cooperacao-entre-portugal-e-a-clean-aviation-joint-undertaking\\\/\",\"url\":\"https:\\\/\\\/ani.pt\\\/en\\\/evento\\\/evento-nacional-em-evora-marca-lancamento-do-memorando-de-cooperacao-entre-portugal-e-a-clean-aviation-joint-undertaking\\\/\",\"name\":\"Evento Nacional em \u00c9vora marca lan\u00e7amento do Memorando de Coopera\u00e7\u00e3o entre Portugal e a Clean Aviation Joint Undertaking - ANI\",\"isPartOf\":{\"@id\":\"https:\\\/\\\/ani.pt\\\/en\\\/#website\"},\"primaryImageOfPage\":{\"@id\":\"https:\\\/\\\/ani.pt\\\/en\\\/evento\\\/evento-nacional-em-evora-marca-lancamento-do-memorando-de-cooperacao-entre-portugal-e-a-clean-aviation-joint-undertaking\\\/#primaryimage\"},\"image\":{\"@id\":\"https:\\\/\\\/ani.pt\\\/en\\\/evento\\\/evento-nacional-em-evora-marca-lancamento-do-memorando-de-cooperacao-entre-portugal-e-a-clean-aviation-joint-undertaking\\\/#primaryimage\"},\"thumbnailUrl\":\"https:\\\/\\\/ani.pt\\\/wp-content\\\/uploads\\\/2025\\\/09\\\/Evento_CleanAviation.png\",\"datePublished\":\"2026-02-06T14:25:18+00:00\",\"dateModified\":\"2026-02-06T14:25:22+00:00\",\"breadcrumb\":{\"@id\":\"https:\\\/\\\/ani.pt\\\/en\\\/evento\\\/evento-nacional-em-evora-marca-lancamento-do-memorando-de-cooperacao-entre-portugal-e-a-clean-aviation-joint-undertaking\\\/#breadcrumb\"},\"inLanguage\":\"en-US\",\"potentialAction\":[{\"@type\":\"ReadAction\",\"target\":[\"https:\\\/\\\/ani.pt\\\/en\\\/evento\\\/evento-nacional-em-evora-marca-lancamento-do-memorando-de-cooperacao-entre-portugal-e-a-clean-aviation-joint-undertaking\\\/\"]}]},{\"@type\":\"ImageObject\",\"inLanguage\":\"en-US\",\"@id\":\"https:\\\/\\\/ani.pt\\\/en\\\/evento\\\/evento-nacional-em-evora-marca-lancamento-do-memorando-de-cooperacao-entre-portugal-e-a-clean-aviation-joint-undertaking\\\/#primaryimage\",\"url\":\"https:\\\/\\\/ani.pt\\\/wp-content\\\/uploads\\\/2025\\\/09\\\/Evento_CleanAviation.png\",\"contentUrl\":\"https:\\\/\\\/ani.pt\\\/wp-content\\\/uploads\\\/2025\\\/09\\\/Evento_CleanAviation.png\",\"width\":1920,\"height\":1080},{\"@type\":\"BreadcrumbList\",\"@id\":\"https:\\\/\\\/ani.pt\\\/en\\\/evento\\\/evento-nacional-em-evora-marca-lancamento-do-memorando-de-cooperacao-entre-portugal-e-a-clean-aviation-joint-undertaking\\\/#breadcrumb\",\"itemListElement\":[{\"@type\":\"ListItem\",\"position\":1,\"name\":\"Homepage\",\"item\":\"https:\\\/\\\/ani.pt\\\/en\\\/\"},{\"@type\":\"ListItem\",\"position\":2,\"name\":\"Eventos\",\"item\":\"https:\\\/\\\/ani.pt\\\/en\\\/evento\\\/\"},{\"@type\":\"ListItem\",\"position\":3,\"name\":\"Eventos &amp; Confer\u00eancias\",\"item\":\"https:\\\/\\\/ani.pt\\\/en\\\/categoria-eventos\\\/eventos-conferencias\\\/\"},{\"@type\":\"ListItem\",\"position\":4,\"name\":\"Evento Nacional em \u00c9vora marca lan\u00e7amento do Memorando de Coopera\u00e7\u00e3o entre Portugal e a Clean Aviation Joint Undertaking\"}]},{\"@type\":\"WebSite\",\"@id\":\"https:\\\/\\\/ani.pt\\\/en\\\/#website\",\"url\":\"https:\\\/\\\/ani.pt\\\/en\\\/\",\"name\":\"ANI\",\"description\":\"\",\"potentialAction\":[{\"@type\":\"SearchAction\",\"target\":{\"@type\":\"EntryPoint\",\"urlTemplate\":\"https:\\\/\\\/ani.pt\\\/en\\\/?s={search_term_string}\"},\"query-input\":{\"@type\":\"PropertyValueSpecification\",\"valueRequired\":true,\"valueName\":\"search_term_string\"}}],\"inLanguage\":\"en-US\"}]}<\/script>\n<!-- \/ Yoast SEO plugin. -->","yoast_head_json":{"title":"Evento Nacional em \u00c9vora marca lan\u00e7amento do Memorando de Coopera\u00e7\u00e3o entre Portugal e a Clean Aviation Joint Undertaking - ANI","robots":{"index":"index","follow":"follow","max-snippet":"max-snippet:-1","max-image-preview":"max-image-preview:large","max-video-preview":"max-video-preview:-1"},"canonical":"https:\/\/ani.pt\/en\/evento\/evento-nacional-em-evora-marca-lancamento-do-memorando-de-cooperacao-entre-portugal-e-a-clean-aviation-joint-undertaking\/","og_locale":"en_US","og_type":"article","og_title":"Evento Nacional em \u00c9vora marca lan\u00e7amento do Memorando de Coopera\u00e7\u00e3o entre Portugal e a Clean Aviation Joint Undertaking - ANI","og_description":"19 de setembro&nbsp;| \u00c9vora| 9.00h-15.30h No dia 19 de setembro, em \u00c9vora, ter\u00e1 lugar o evento nacional dedicado \u00e0 avia\u00e7\u00e3o sustent\u00e1vel, que assinala o lan\u00e7amento do&nbsp;Memorando de Coopera\u00e7\u00e3o&nbsp;entre Portugal e a Clean Aviation Joint Undertaking (CAJU). O acordo, assinado em mar\u00e7o de 2025, estabelece um roteiro tecnol\u00f3gico conjunto, orientado para a identifica\u00e7\u00e3o de \u00e1reas estrat\u00e9gicas [&hellip;]","og_url":"https:\/\/ani.pt\/en\/evento\/evento-nacional-em-evora-marca-lancamento-do-memorando-de-cooperacao-entre-portugal-e-a-clean-aviation-joint-undertaking\/","og_site_name":"ANI","article_publisher":"https:\/\/www.facebook.com\/agencianacionaldeinovacao\/","article_modified_time":"2026-02-06T14:25:22+00:00","og_image":[{"width":1920,"height":1080,"url":"https:\/\/ani.pt\/wp-content\/uploads\/2025\/09\/imagem_evento.jpg","type":"image\/jpeg"}],"twitter_card":"summary_large_image","twitter_misc":{"Est. reading time":"2 minutes"},"schema":{"@context":"https:\/\/schema.org","@graph":[{"@type":"WebPage","@id":"https:\/\/ani.pt\/en\/evento\/evento-nacional-em-evora-marca-lancamento-do-memorando-de-cooperacao-entre-portugal-e-a-clean-aviation-joint-undertaking\/","url":"https:\/\/ani.pt\/en\/evento\/evento-nacional-em-evora-marca-lancamento-do-memorando-de-cooperacao-entre-portugal-e-a-clean-aviation-joint-undertaking\/","name":"Evento Nacional em \u00c9vora marca lan\u00e7amento do Memorando de Coopera\u00e7\u00e3o entre Portugal e a Clean Aviation Joint Undertaking - ANI","isPartOf":{"@id":"https:\/\/ani.pt\/en\/#website"},"primaryImageOfPage":{"@id":"https:\/\/ani.pt\/en\/evento\/evento-nacional-em-evora-marca-lancamento-do-memorando-de-cooperacao-entre-portugal-e-a-clean-aviation-joint-undertaking\/#primaryimage"},"image":{"@id":"https:\/\/ani.pt\/en\/evento\/evento-nacional-em-evora-marca-lancamento-do-memorando-de-cooperacao-entre-portugal-e-a-clean-aviation-joint-undertaking\/#primaryimage"},"thumbnailUrl":"https:\/\/ani.pt\/wp-content\/uploads\/2025\/09\/Evento_CleanAviation.png","datePublished":"2026-02-06T14:25:18+00:00","dateModified":"2026-02-06T14:25:22+00:00","breadcrumb":{"@id":"https:\/\/ani.pt\/en\/evento\/evento-nacional-em-evora-marca-lancamento-do-memorando-de-cooperacao-entre-portugal-e-a-clean-aviation-joint-undertaking\/#breadcrumb"},"inLanguage":"en-US","potentialAction":[{"@type":"ReadAction","target":["https:\/\/ani.pt\/en\/evento\/evento-nacional-em-evora-marca-lancamento-do-memorando-de-cooperacao-entre-portugal-e-a-clean-aviation-joint-undertaking\/"]}]},{"@type":"ImageObject","inLanguage":"en-US","@id":"https:\/\/ani.pt\/en\/evento\/evento-nacional-em-evora-marca-lancamento-do-memorando-de-cooperacao-entre-portugal-e-a-clean-aviation-joint-undertaking\/#primaryimage","url":"https:\/\/ani.pt\/wp-content\/uploads\/2025\/09\/Evento_CleanAviation.png","contentUrl":"https:\/\/ani.pt\/wp-content\/uploads\/2025\/09\/Evento_CleanAviation.png","width":1920,"height":1080},{"@type":"BreadcrumbList","@id":"https:\/\/ani.pt\/en\/evento\/evento-nacional-em-evora-marca-lancamento-do-memorando-de-cooperacao-entre-portugal-e-a-clean-aviation-joint-undertaking\/#breadcrumb","itemListElement":[{"@type":"ListItem","position":1,"name":"Homepage","item":"https:\/\/ani.pt\/en\/"},{"@type":"ListItem","position":2,"name":"Eventos","item":"https:\/\/ani.pt\/en\/evento\/"},{"@type":"ListItem","position":3,"name":"Eventos &amp; Confer\u00eancias","item":"https:\/\/ani.pt\/en\/categoria-eventos\/eventos-conferencias\/"},{"@type":"ListItem","position":4,"name":"Evento Nacional em \u00c9vora marca lan\u00e7amento do Memorando de Coopera\u00e7\u00e3o entre Portugal e a Clean Aviation Joint Undertaking"}]},{"@type":"WebSite","@id":"https:\/\/ani.pt\/en\/#website","url":"https:\/\/ani.pt\/en\/","name":"ANI","description":"","potentialAction":[{"@type":"SearchAction","target":{"@type":"EntryPoint","urlTemplate":"https:\/\/ani.pt\/en\/?s={search_term_string}"},"query-input":{"@type":"PropertyValueSpecification","valueRequired":true,"valueName":"search_term_string"}}],"inLanguage":"en-US"}]}},"_links":{"self":[{"href":"https:\/\/ani.pt\/en\/wp-json\/wp\/v2\/evento\/44604","targetHints":{"allow":["GET"]}}],"collection":[{"href":"https:\/\/ani.pt\/en\/wp-json\/wp\/v2\/evento"}],"about":[{"href":"https:\/\/ani.pt\/en\/wp-json\/wp\/v2\/types\/evento"}],"version-history":[{"count":1,"href":"https:\/\/ani.pt\/en\/wp-json\/wp\/v2\/evento\/44604\/revisions"}],"predecessor-version":[{"id":44605,"href":"https:\/\/ani.pt\/en\/wp-json\/wp\/v2\/evento\/44604\/revisions\/44605"}],"wp:featuredmedia":[{"embeddable":true,"href":"https:\/\/ani.pt\/en\/wp-json\/wp\/v2\/media\/41927"}],"wp:attachment":[{"href":"https:\/\/ani.pt\/en\/wp-json\/wp\/v2\/media?parent=44604"}],"wp:term":[{"taxonomy":"categoria-eventos","embeddable":true,"href":"https:\/\/ani.pt\/en\/wp-json\/wp\/v2\/categoria-eventos?post=44604"}],"curies":[{"name":"wp","href":"https:\/\/api.w.org\/{rel}","templated":true}]}}