{"id":44602,"date":"2026-02-06T14:23:27","date_gmt":"2026-02-06T14:23:27","guid":{"rendered":"https:\/\/ani.pt\/?post_type=evento&#038;p=44602"},"modified":"2026-02-06T14:23:31","modified_gmt":"2026-02-06T14:23:31","slug":"lisboa-recebe-a-conferencia-europeia-de-ciberdefesa-e-ciberseguranca","status":"publish","type":"evento","link":"https:\/\/ani.pt\/en\/evento\/lisboa-recebe-a-conferencia-europeia-de-ciberdefesa-e-ciberseguranca\/","title":{"rendered":"Lisboa recebe a Confer\u00eancia Europeia de Ciberdefesa e Ciberseguran\u00e7a"},"content":{"rendered":"\n<figure class=\"wp-block-image\"><img decoding=\"async\" width=\"1024\" height=\"576\" src=\"https:\/\/ani.pt\/wp-content\/uploads\/2025\/09\/ac6fc3a5-f63b-3fec-ff86-54523b31a80d-1024x576.jpg\" alt=\"\" class=\"wp-image-42180\" srcset=\"https:\/\/ani.pt\/wp-content\/uploads\/2025\/09\/ac6fc3a5-f63b-3fec-ff86-54523b31a80d-980x551.jpg 980w, https:\/\/ani.pt\/wp-content\/uploads\/2025\/09\/ac6fc3a5-f63b-3fec-ff86-54523b31a80d-480x270.jpg 480w\" sizes=\"(min-width: 0px) and (max-width: 480px) 480px, (min-width: 481px) and (max-width: 980px) 980px, (min-width: 981px) 1024px, 100vw\" \/><\/figure>\n\n\n\n<p class=\"has-text-align-center\"><strong>1 e 2 de outubro, Centro Cultural de Bel\u00e9m<\/strong><\/p>\n\n\n\n<p>Nos dias 1 e 2 de outubro, o Centro Cultural de Bel\u00e9m recebe a&nbsp;<a href=\"https:\/\/www.b2match.com\/e\/endr-cyber-defence-and-cybersecurity\/components\/60078\/info\" target=\"_blank\" rel=\"noreferrer noopener\">confer\u00eancia europeia&nbsp;\u201cAdvancing European Cyber Defence and Cybersecurity: Technologies, Operations and Opportunities\u201d<\/a>, coorganizada pelo&nbsp;AED Cluster Portugal&nbsp;e pela Comiss\u00e3o Europeia (DG DEFIS).<br><br>A ANI marca presen\u00e7a nesta confer\u00eancia com a apresenta\u00e7\u00e3o das oportunidades de financiamento na \u00e1rea da ciberseguran\u00e7a para 2026-2027.<br><br>O evento reunir\u00e1 especialistas, ind\u00fastria e institui\u00e7\u00f5es para debater tend\u00eancias emergentes, ciberdefesa, ciberseguran\u00e7a e oportunidades de financiamento europeu. Est\u00e3o confirmadas presen\u00e7as institucionais nomeadamente o Ministro da Presid\u00eancia, Ant\u00f3nio Leit\u00e3o Amaro e representantes da&nbsp;European Cyber Security Organization (ECSO)&nbsp;e da&nbsp;Ag\u00eancia Europeia de Defesa (EDA).<br><br>O&nbsp;<a href=\"https:\/\/storage.googleapis.com\/b2match-as-1\/K8ErNKSgsoN3veCtgYCq25QB\" target=\"_blank\" rel=\"noreferrer noopener\">programa<\/a>&nbsp;inclui pain\u00e9is tem\u00e1ticos, sess\u00f5es de networking e exposi\u00e7\u00e3o tecnol\u00f3gica.<\/p>\n\n\n\n<p>A participa\u00e7\u00e3o \u00e9 gratuita, mas sujeita a registo obrigat\u00f3rio&nbsp;<a href=\"https:\/\/www.b2match.com\/e\/endr-cyber-defence-and-cybersecurity\/components\/60078\/info\" target=\"_blank\" rel=\"noreferrer noopener\">aqui.<\/a><\/p>\n","protected":false},"excerpt":{"rendered":"<p>1 e 2 de outubro, Centro Cultural de Bel\u00e9m Nos dias 1 e 2 de outubro, o Centro Cultural de Bel\u00e9m recebe a&nbsp;confer\u00eancia europeia&nbsp;\u201cAdvancing European Cyber Defence and Cybersecurity: Technologies, Operations and Opportunities\u201d, coorganizada pelo&nbsp;AED Cluster Portugal&nbsp;e pela Comiss\u00e3o Europeia (DG DEFIS). A ANI marca presen\u00e7a nesta confer\u00eancia com a apresenta\u00e7\u00e3o das oportunidades de financiamento [&hellip;]<\/p>\n","protected":false},"featured_media":42182,"template":"","meta":{"_acf_changed":false,"_et_pb_use_builder":"off","_et_pb_old_content":"","_et_gb_content_width":"","footnotes":""},"categoria-eventos":[907],"class_list":["post-44602","evento","type-evento","status-publish","has-post-thumbnail","hentry","categoria-eventos-eventos-conferencias"],"acf":[],"yoast_head":"<!-- This site is optimized with the Yoast SEO plugin v27.5 - https:\/\/yoast.com\/product\/yoast-seo-wordpress\/ -->\n<title>Lisboa recebe a Confer\u00eancia Europeia de Ciberdefesa e Ciberseguran\u00e7a - ANI<\/title>\n<meta name=\"robots\" content=\"index, follow, max-snippet:-1, max-image-preview:large, max-video-preview:-1\" \/>\n<link rel=\"canonical\" href=\"https:\/\/ani.pt\/en\/evento\/lisboa-recebe-a-conferencia-europeia-de-ciberdefesa-e-ciberseguranca\/\" \/>\n<meta property=\"og:locale\" content=\"en_US\" \/>\n<meta property=\"og:type\" content=\"article\" \/>\n<meta property=\"og:title\" content=\"Lisboa recebe a Confer\u00eancia Europeia de Ciberdefesa e Ciberseguran\u00e7a - ANI\" \/>\n<meta property=\"og:description\" content=\"1 e 2 de outubro, Centro Cultural de Bel\u00e9m Nos dias 1 e 2 de outubro, o Centro Cultural de Bel\u00e9m recebe a&nbsp;confer\u00eancia europeia&nbsp;\u201cAdvancing European Cyber Defence and Cybersecurity: Technologies, Operations and Opportunities\u201d, coorganizada pelo&nbsp;AED Cluster Portugal&nbsp;e pela Comiss\u00e3o Europeia (DG DEFIS). A ANI marca presen\u00e7a nesta confer\u00eancia com a apresenta\u00e7\u00e3o das oportunidades de financiamento [&hellip;]\" \/>\n<meta property=\"og:url\" content=\"https:\/\/ani.pt\/en\/evento\/lisboa-recebe-a-conferencia-europeia-de-ciberdefesa-e-ciberseguranca\/\" \/>\n<meta property=\"og:site_name\" content=\"ANI\" \/>\n<meta property=\"article:publisher\" content=\"https:\/\/www.facebook.com\/agencianacionaldeinovacao\/\" \/>\n<meta property=\"article:modified_time\" content=\"2026-02-06T14:23:31+00:00\" \/>\n<meta property=\"og:image\" content=\"https:\/\/ani.pt\/wp-content\/uploads\/2025\/09\/ac6fc3a5-f63b-3fec-ff86-54523b31a80d.jpg\" \/>\n\t<meta property=\"og:image:width\" content=\"1297\" \/>\n\t<meta property=\"og:image:height\" content=\"729\" \/>\n\t<meta property=\"og:image:type\" content=\"image\/jpeg\" \/>\n<meta name=\"twitter:card\" content=\"summary_large_image\" \/>\n<meta name=\"twitter:label1\" content=\"Est. reading time\" \/>\n\t<meta name=\"twitter:data1\" content=\"1 minute\" \/>\n<script type=\"application\/ld+json\" class=\"yoast-schema-graph\">{\"@context\":\"https:\\\/\\\/schema.org\",\"@graph\":[{\"@type\":\"WebPage\",\"@id\":\"https:\\\/\\\/ani.pt\\\/en\\\/evento\\\/lisboa-recebe-a-conferencia-europeia-de-ciberdefesa-e-ciberseguranca\\\/\",\"url\":\"https:\\\/\\\/ani.pt\\\/en\\\/evento\\\/lisboa-recebe-a-conferencia-europeia-de-ciberdefesa-e-ciberseguranca\\\/\",\"name\":\"Lisboa recebe a Confer\u00eancia Europeia de Ciberdefesa e Ciberseguran\u00e7a - ANI\",\"isPartOf\":{\"@id\":\"https:\\\/\\\/ani.pt\\\/en\\\/#website\"},\"primaryImageOfPage\":{\"@id\":\"https:\\\/\\\/ani.pt\\\/en\\\/evento\\\/lisboa-recebe-a-conferencia-europeia-de-ciberdefesa-e-ciberseguranca\\\/#primaryimage\"},\"image\":{\"@id\":\"https:\\\/\\\/ani.pt\\\/en\\\/evento\\\/lisboa-recebe-a-conferencia-europeia-de-ciberdefesa-e-ciberseguranca\\\/#primaryimage\"},\"thumbnailUrl\":\"https:\\\/\\\/ani.pt\\\/wp-content\\\/uploads\\\/2025\\\/09\\\/evento_conferenciaeuropeia_ciberdefesaciberseguranca.png\",\"datePublished\":\"2026-02-06T14:23:27+00:00\",\"dateModified\":\"2026-02-06T14:23:31+00:00\",\"breadcrumb\":{\"@id\":\"https:\\\/\\\/ani.pt\\\/en\\\/evento\\\/lisboa-recebe-a-conferencia-europeia-de-ciberdefesa-e-ciberseguranca\\\/#breadcrumb\"},\"inLanguage\":\"en-US\",\"potentialAction\":[{\"@type\":\"ReadAction\",\"target\":[\"https:\\\/\\\/ani.pt\\\/en\\\/evento\\\/lisboa-recebe-a-conferencia-europeia-de-ciberdefesa-e-ciberseguranca\\\/\"]}]},{\"@type\":\"ImageObject\",\"inLanguage\":\"en-US\",\"@id\":\"https:\\\/\\\/ani.pt\\\/en\\\/evento\\\/lisboa-recebe-a-conferencia-europeia-de-ciberdefesa-e-ciberseguranca\\\/#primaryimage\",\"url\":\"https:\\\/\\\/ani.pt\\\/wp-content\\\/uploads\\\/2025\\\/09\\\/evento_conferenciaeuropeia_ciberdefesaciberseguranca.png\",\"contentUrl\":\"https:\\\/\\\/ani.pt\\\/wp-content\\\/uploads\\\/2025\\\/09\\\/evento_conferenciaeuropeia_ciberdefesaciberseguranca.png\",\"width\":1920,\"height\":1080},{\"@type\":\"BreadcrumbList\",\"@id\":\"https:\\\/\\\/ani.pt\\\/en\\\/evento\\\/lisboa-recebe-a-conferencia-europeia-de-ciberdefesa-e-ciberseguranca\\\/#breadcrumb\",\"itemListElement\":[{\"@type\":\"ListItem\",\"position\":1,\"name\":\"Homepage\",\"item\":\"https:\\\/\\\/ani.pt\\\/en\\\/\"},{\"@type\":\"ListItem\",\"position\":2,\"name\":\"Eventos\",\"item\":\"https:\\\/\\\/ani.pt\\\/en\\\/evento\\\/\"},{\"@type\":\"ListItem\",\"position\":3,\"name\":\"Eventos &amp; Confer\u00eancias\",\"item\":\"https:\\\/\\\/ani.pt\\\/en\\\/categoria-eventos\\\/eventos-conferencias\\\/\"},{\"@type\":\"ListItem\",\"position\":4,\"name\":\"Lisboa recebe a Confer\u00eancia Europeia de Ciberdefesa e Ciberseguran\u00e7a\"}]},{\"@type\":\"WebSite\",\"@id\":\"https:\\\/\\\/ani.pt\\\/en\\\/#website\",\"url\":\"https:\\\/\\\/ani.pt\\\/en\\\/\",\"name\":\"ANI\",\"description\":\"\",\"potentialAction\":[{\"@type\":\"SearchAction\",\"target\":{\"@type\":\"EntryPoint\",\"urlTemplate\":\"https:\\\/\\\/ani.pt\\\/en\\\/?s={search_term_string}\"},\"query-input\":{\"@type\":\"PropertyValueSpecification\",\"valueRequired\":true,\"valueName\":\"search_term_string\"}}],\"inLanguage\":\"en-US\"}]}<\/script>\n<!-- \/ Yoast SEO plugin. -->","yoast_head_json":{"title":"Lisboa recebe a Confer\u00eancia Europeia de Ciberdefesa e Ciberseguran\u00e7a - ANI","robots":{"index":"index","follow":"follow","max-snippet":"max-snippet:-1","max-image-preview":"max-image-preview:large","max-video-preview":"max-video-preview:-1"},"canonical":"https:\/\/ani.pt\/en\/evento\/lisboa-recebe-a-conferencia-europeia-de-ciberdefesa-e-ciberseguranca\/","og_locale":"en_US","og_type":"article","og_title":"Lisboa recebe a Confer\u00eancia Europeia de Ciberdefesa e Ciberseguran\u00e7a - ANI","og_description":"1 e 2 de outubro, Centro Cultural de Bel\u00e9m Nos dias 1 e 2 de outubro, o Centro Cultural de Bel\u00e9m recebe a&nbsp;confer\u00eancia europeia&nbsp;\u201cAdvancing European Cyber Defence and Cybersecurity: Technologies, Operations and Opportunities\u201d, coorganizada pelo&nbsp;AED Cluster Portugal&nbsp;e pela Comiss\u00e3o Europeia (DG DEFIS). A ANI marca presen\u00e7a nesta confer\u00eancia com a apresenta\u00e7\u00e3o das oportunidades de financiamento [&hellip;]","og_url":"https:\/\/ani.pt\/en\/evento\/lisboa-recebe-a-conferencia-europeia-de-ciberdefesa-e-ciberseguranca\/","og_site_name":"ANI","article_publisher":"https:\/\/www.facebook.com\/agencianacionaldeinovacao\/","article_modified_time":"2026-02-06T14:23:31+00:00","og_image":[{"width":1297,"height":729,"url":"https:\/\/ani.pt\/wp-content\/uploads\/2025\/09\/ac6fc3a5-f63b-3fec-ff86-54523b31a80d.jpg","type":"image\/jpeg"}],"twitter_card":"summary_large_image","twitter_misc":{"Est. reading time":"1 minute"},"schema":{"@context":"https:\/\/schema.org","@graph":[{"@type":"WebPage","@id":"https:\/\/ani.pt\/en\/evento\/lisboa-recebe-a-conferencia-europeia-de-ciberdefesa-e-ciberseguranca\/","url":"https:\/\/ani.pt\/en\/evento\/lisboa-recebe-a-conferencia-europeia-de-ciberdefesa-e-ciberseguranca\/","name":"Lisboa recebe a Confer\u00eancia Europeia de Ciberdefesa e Ciberseguran\u00e7a - ANI","isPartOf":{"@id":"https:\/\/ani.pt\/en\/#website"},"primaryImageOfPage":{"@id":"https:\/\/ani.pt\/en\/evento\/lisboa-recebe-a-conferencia-europeia-de-ciberdefesa-e-ciberseguranca\/#primaryimage"},"image":{"@id":"https:\/\/ani.pt\/en\/evento\/lisboa-recebe-a-conferencia-europeia-de-ciberdefesa-e-ciberseguranca\/#primaryimage"},"thumbnailUrl":"https:\/\/ani.pt\/wp-content\/uploads\/2025\/09\/evento_conferenciaeuropeia_ciberdefesaciberseguranca.png","datePublished":"2026-02-06T14:23:27+00:00","dateModified":"2026-02-06T14:23:31+00:00","breadcrumb":{"@id":"https:\/\/ani.pt\/en\/evento\/lisboa-recebe-a-conferencia-europeia-de-ciberdefesa-e-ciberseguranca\/#breadcrumb"},"inLanguage":"en-US","potentialAction":[{"@type":"ReadAction","target":["https:\/\/ani.pt\/en\/evento\/lisboa-recebe-a-conferencia-europeia-de-ciberdefesa-e-ciberseguranca\/"]}]},{"@type":"ImageObject","inLanguage":"en-US","@id":"https:\/\/ani.pt\/en\/evento\/lisboa-recebe-a-conferencia-europeia-de-ciberdefesa-e-ciberseguranca\/#primaryimage","url":"https:\/\/ani.pt\/wp-content\/uploads\/2025\/09\/evento_conferenciaeuropeia_ciberdefesaciberseguranca.png","contentUrl":"https:\/\/ani.pt\/wp-content\/uploads\/2025\/09\/evento_conferenciaeuropeia_ciberdefesaciberseguranca.png","width":1920,"height":1080},{"@type":"BreadcrumbList","@id":"https:\/\/ani.pt\/en\/evento\/lisboa-recebe-a-conferencia-europeia-de-ciberdefesa-e-ciberseguranca\/#breadcrumb","itemListElement":[{"@type":"ListItem","position":1,"name":"Homepage","item":"https:\/\/ani.pt\/en\/"},{"@type":"ListItem","position":2,"name":"Eventos","item":"https:\/\/ani.pt\/en\/evento\/"},{"@type":"ListItem","position":3,"name":"Eventos &amp; Confer\u00eancias","item":"https:\/\/ani.pt\/en\/categoria-eventos\/eventos-conferencias\/"},{"@type":"ListItem","position":4,"name":"Lisboa recebe a Confer\u00eancia Europeia de Ciberdefesa e Ciberseguran\u00e7a"}]},{"@type":"WebSite","@id":"https:\/\/ani.pt\/en\/#website","url":"https:\/\/ani.pt\/en\/","name":"ANI","description":"","potentialAction":[{"@type":"SearchAction","target":{"@type":"EntryPoint","urlTemplate":"https:\/\/ani.pt\/en\/?s={search_term_string}"},"query-input":{"@type":"PropertyValueSpecification","valueRequired":true,"valueName":"search_term_string"}}],"inLanguage":"en-US"}]}},"_links":{"self":[{"href":"https:\/\/ani.pt\/en\/wp-json\/wp\/v2\/evento\/44602","targetHints":{"allow":["GET"]}}],"collection":[{"href":"https:\/\/ani.pt\/en\/wp-json\/wp\/v2\/evento"}],"about":[{"href":"https:\/\/ani.pt\/en\/wp-json\/wp\/v2\/types\/evento"}],"version-history":[{"count":1,"href":"https:\/\/ani.pt\/en\/wp-json\/wp\/v2\/evento\/44602\/revisions"}],"predecessor-version":[{"id":44603,"href":"https:\/\/ani.pt\/en\/wp-json\/wp\/v2\/evento\/44602\/revisions\/44603"}],"wp:featuredmedia":[{"embeddable":true,"href":"https:\/\/ani.pt\/en\/wp-json\/wp\/v2\/media\/42182"}],"wp:attachment":[{"href":"https:\/\/ani.pt\/en\/wp-json\/wp\/v2\/media?parent=44602"}],"wp:term":[{"taxonomy":"categoria-eventos","embeddable":true,"href":"https:\/\/ani.pt\/en\/wp-json\/wp\/v2\/categoria-eventos?post=44602"}],"curies":[{"name":"wp","href":"https:\/\/api.w.org\/{rel}","templated":true}]}}