{"id":44594,"date":"2026-02-06T13:20:25","date_gmt":"2026-02-06T13:20:25","guid":{"rendered":"https:\/\/ani.pt\/?post_type=evento&#038;p=44594"},"modified":"2026-02-06T14:20:18","modified_gmt":"2026-02-06T14:20:18","slug":"ani-e-anacom-promovem-sessao-dedicada-a-area-dos-mundos-virtuais-e-web-4-0","status":"publish","type":"evento","link":"https:\/\/ani.pt\/en\/evento\/ani-e-anacom-promovem-sessao-dedicada-a-area-dos-mundos-virtuais-e-web-4-0\/","title":{"rendered":"ANI e ANACOM promovem sess\u00e3o dedicada \u00e0 \u00e1rea dos mundos virtuais e web 4.0"},"content":{"rendered":"\n<p class=\"has-text-align-center\"><strong>29 de outubro, 14h, Sede ANACOM<\/strong><\/p>\n\n\n\n<figure class=\"wp-block-image\"><img decoding=\"async\" width=\"1024\" height=\"576\" src=\"https:\/\/ani.pt\/wp-content\/uploads\/2025\/10\/Imagem_EventoMundosVirtuais_EN-1024x576.jpg\" alt=\"\" class=\"wp-image-42371\" srcset=\"https:\/\/ani.pt\/wp-content\/uploads\/2025\/10\/Imagem_EventoMundosVirtuais_EN-980x551.jpg 980w, https:\/\/ani.pt\/wp-content\/uploads\/2025\/10\/Imagem_EventoMundosVirtuais_EN-480x270.jpg 480w\" sizes=\"(min-width: 0px) and (max-width: 480px) 480px, (min-width: 481px) and (max-width: 980px) 980px, (min-width: 981px) 1024px, 100vw\" \/><\/figure>\n\n\n\n<p>A ANI e a ANACOM est\u00e3o a organizar, no pr\u00f3ximo dia 29 de outubro de 2025, pelas 14h00, na sede da ANACOM, o evento \u201cMundos Virtuais \u2013 O Futuro Imersivo\u201d, dedicado ao estado da arte, estrat\u00e9gias e oportunidades de financiamento na \u00e1rea dos mundos virtuais e Web 4.0.<\/p>\n\n\n\n<p>A iniciativa contar\u00e1 com a participa\u00e7\u00e3o de especialistas nacionais e internacionais, apresenta\u00e7\u00f5es da Comiss\u00e3o Europeia e de parceiros estrat\u00e9gicos, bem como um painel de debate sobre realidade virtual e sinergias com a IA.<\/p>\n\n\n\n<p>Consulte a agenda preliminar na&nbsp;<a href=\"https:\/\/eur03.safelinks.protection.outlook.com\/?url=https%3A%2F%2Fwww.anacom.pt%2Frender.jsp%3FcategoryId%3D435055&amp;data=05%7C02%7Cteresa.cunhapinto%40ani.pt%7C7747aae0de4e4092d51808de05bec4fb%7C0383970c8e6247a8990e9a81506f56f1%7C0%7C0%7C638954514090202318%7CUnknown%7CTWFpbGZsb3d8eyJFbXB0eU1hcGkiOnRydWUsIlYiOiIwLjAuMDAwMCIsIlAiOiJXaW4zMiIsIkFOIjoiTWFpbCIsIldUIjoyfQ%3D%3D%7C0%7C%7C%7C&amp;sdata=aQGxqivTQeyLvk2c3CcwnNxgKo4Ad5cjLXUcPyaSDbQ%3D&amp;reserved=0\" target=\"_blank\" rel=\"noreferrer noopener\"><strong>p\u00e1gina do evento<\/strong><\/a>.<\/p>\n\n\n\n<p>Inscri\u00e7\u00f5es obrigat\u00f3ria atrav\u00e9s do&nbsp;<a href=\"https:\/\/eur03.safelinks.protection.outlook.com\/?url=https%3A%2F%2Fforms.office.com%2FPages%2FResponsePage.aspx%3Fid%3DeCsLRGipkUyMUYrqyV3C6MRwcESI1a1Aoe2SHWLvb-hUNDNPWjM0MllLRzEyTEdTTjBBME5FUzVHMi4u&amp;data=05%7C02%7Cteresa.cunhapinto%40ani.pt%7C7747aae0de4e4092d51808de05bec4fb%7C0383970c8e6247a8990e9a81506f56f1%7C0%7C0%7C638954514090218362%7CUnknown%7CTWFpbGZsb3d8eyJFbXB0eU1hcGkiOnRydWUsIlYiOiIwLjAuMDAwMCIsIlAiOiJXaW4zMiIsIkFOIjoiTWFpbCIsIldUIjoyfQ%3D%3D%7C0%7C%7C%7C&amp;sdata=kfyrJcfTxg1tYqJXDFHt7pIFm47SMM8fp4euI1xG%2F%2FQ%3D&amp;reserved=0\" target=\"_blank\" rel=\"noreferrer noopener\"><strong>formul\u00e1rio<\/strong><\/a>.<\/p>\n","protected":false},"excerpt":{"rendered":"<p>29 de outubro, 14h, Sede ANACOM A ANI e a ANACOM est\u00e3o a organizar, no pr\u00f3ximo dia 29 de outubro de 2025, pelas 14h00, na sede da ANACOM, o evento \u201cMundos Virtuais \u2013 O Futuro Imersivo\u201d, dedicado ao estado da arte, estrat\u00e9gias e oportunidades de financiamento na \u00e1rea dos mundos virtuais e Web 4.0. A [&hellip;]<\/p>\n","protected":false},"featured_media":42373,"template":"","meta":{"_acf_changed":false,"_et_pb_use_builder":"off","_et_pb_old_content":"","_et_gb_content_width":"","footnotes":""},"categoria-eventos":[907],"class_list":["post-44594","evento","type-evento","status-publish","has-post-thumbnail","hentry","categoria-eventos-eventos-conferencias"],"acf":[],"yoast_head":"<!-- This site is optimized with the Yoast SEO plugin v27.5 - https:\/\/yoast.com\/product\/yoast-seo-wordpress\/ -->\n<title>ANI e ANACOM promovem sess\u00e3o dedicada \u00e0 \u00e1rea dos mundos virtuais e web 4.0 - ANI<\/title>\n<meta name=\"robots\" content=\"index, follow, max-snippet:-1, max-image-preview:large, max-video-preview:-1\" \/>\n<link rel=\"canonical\" href=\"https:\/\/ani.pt\/en\/evento\/ani-e-anacom-promovem-sessao-dedicada-a-area-dos-mundos-virtuais-e-web-4-0\/\" \/>\n<meta property=\"og:locale\" content=\"en_US\" \/>\n<meta property=\"og:type\" content=\"article\" \/>\n<meta property=\"og:title\" content=\"ANI e ANACOM promovem sess\u00e3o dedicada \u00e0 \u00e1rea dos mundos virtuais e web 4.0 - ANI\" \/>\n<meta property=\"og:description\" content=\"29 de outubro, 14h, Sede ANACOM A ANI e a ANACOM est\u00e3o a organizar, no pr\u00f3ximo dia 29 de outubro de 2025, pelas 14h00, na sede da ANACOM, o evento \u201cMundos Virtuais \u2013 O Futuro Imersivo\u201d, dedicado ao estado da arte, estrat\u00e9gias e oportunidades de financiamento na \u00e1rea dos mundos virtuais e Web 4.0. A [&hellip;]\" \/>\n<meta property=\"og:url\" content=\"https:\/\/ani.pt\/en\/evento\/ani-e-anacom-promovem-sessao-dedicada-a-area-dos-mundos-virtuais-e-web-4-0\/\" \/>\n<meta property=\"og:site_name\" content=\"ANI\" \/>\n<meta property=\"article:publisher\" content=\"https:\/\/www.facebook.com\/agencianacionaldeinovacao\/\" \/>\n<meta property=\"article:modified_time\" content=\"2026-02-06T14:20:18+00:00\" \/>\n<meta property=\"og:image\" content=\"https:\/\/ani.pt\/wp-content\/uploads\/2025\/10\/Imagem_EventoMundosVirtuais_EN-scaled.jpg\" \/>\n\t<meta property=\"og:image:width\" content=\"2560\" \/>\n\t<meta property=\"og:image:height\" content=\"1440\" \/>\n\t<meta property=\"og:image:type\" content=\"image\/jpeg\" \/>\n<meta name=\"twitter:card\" content=\"summary_large_image\" \/>\n<meta name=\"twitter:label1\" content=\"Est. reading time\" \/>\n\t<meta name=\"twitter:data1\" content=\"1 minute\" \/>\n<script type=\"application\/ld+json\" class=\"yoast-schema-graph\">{\"@context\":\"https:\\\/\\\/schema.org\",\"@graph\":[{\"@type\":\"WebPage\",\"@id\":\"https:\\\/\\\/ani.pt\\\/en\\\/evento\\\/ani-e-anacom-promovem-sessao-dedicada-a-area-dos-mundos-virtuais-e-web-4-0\\\/\",\"url\":\"https:\\\/\\\/ani.pt\\\/en\\\/evento\\\/ani-e-anacom-promovem-sessao-dedicada-a-area-dos-mundos-virtuais-e-web-4-0\\\/\",\"name\":\"ANI e ANACOM promovem sess\u00e3o dedicada \u00e0 \u00e1rea dos mundos virtuais e web 4.0 - ANI\",\"isPartOf\":{\"@id\":\"https:\\\/\\\/ani.pt\\\/en\\\/#website\"},\"primaryImageOfPage\":{\"@id\":\"https:\\\/\\\/ani.pt\\\/en\\\/evento\\\/ani-e-anacom-promovem-sessao-dedicada-a-area-dos-mundos-virtuais-e-web-4-0\\\/#primaryimage\"},\"image\":{\"@id\":\"https:\\\/\\\/ani.pt\\\/en\\\/evento\\\/ani-e-anacom-promovem-sessao-dedicada-a-area-dos-mundos-virtuais-e-web-4-0\\\/#primaryimage\"},\"thumbnailUrl\":\"https:\\\/\\\/ani.pt\\\/wp-content\\\/uploads\\\/2025\\\/10\\\/eventos_ANI_ANACON_MundosVirtuais.png\",\"datePublished\":\"2026-02-06T13:20:25+00:00\",\"dateModified\":\"2026-02-06T14:20:18+00:00\",\"breadcrumb\":{\"@id\":\"https:\\\/\\\/ani.pt\\\/en\\\/evento\\\/ani-e-anacom-promovem-sessao-dedicada-a-area-dos-mundos-virtuais-e-web-4-0\\\/#breadcrumb\"},\"inLanguage\":\"en-US\",\"potentialAction\":[{\"@type\":\"ReadAction\",\"target\":[\"https:\\\/\\\/ani.pt\\\/en\\\/evento\\\/ani-e-anacom-promovem-sessao-dedicada-a-area-dos-mundos-virtuais-e-web-4-0\\\/\"]}]},{\"@type\":\"ImageObject\",\"inLanguage\":\"en-US\",\"@id\":\"https:\\\/\\\/ani.pt\\\/en\\\/evento\\\/ani-e-anacom-promovem-sessao-dedicada-a-area-dos-mundos-virtuais-e-web-4-0\\\/#primaryimage\",\"url\":\"https:\\\/\\\/ani.pt\\\/wp-content\\\/uploads\\\/2025\\\/10\\\/eventos_ANI_ANACON_MundosVirtuais.png\",\"contentUrl\":\"https:\\\/\\\/ani.pt\\\/wp-content\\\/uploads\\\/2025\\\/10\\\/eventos_ANI_ANACON_MundosVirtuais.png\",\"width\":1920,\"height\":1080},{\"@type\":\"BreadcrumbList\",\"@id\":\"https:\\\/\\\/ani.pt\\\/en\\\/evento\\\/ani-e-anacom-promovem-sessao-dedicada-a-area-dos-mundos-virtuais-e-web-4-0\\\/#breadcrumb\",\"itemListElement\":[{\"@type\":\"ListItem\",\"position\":1,\"name\":\"Homepage\",\"item\":\"https:\\\/\\\/ani.pt\\\/en\\\/\"},{\"@type\":\"ListItem\",\"position\":2,\"name\":\"Eventos\",\"item\":\"https:\\\/\\\/ani.pt\\\/en\\\/evento\\\/\"},{\"@type\":\"ListItem\",\"position\":3,\"name\":\"Eventos &amp; Confer\u00eancias\",\"item\":\"https:\\\/\\\/ani.pt\\\/en\\\/categoria-eventos\\\/eventos-conferencias\\\/\"},{\"@type\":\"ListItem\",\"position\":4,\"name\":\"ANI e ANACOM promovem sess\u00e3o dedicada \u00e0 \u00e1rea dos mundos virtuais e web 4.0\"}]},{\"@type\":\"WebSite\",\"@id\":\"https:\\\/\\\/ani.pt\\\/en\\\/#website\",\"url\":\"https:\\\/\\\/ani.pt\\\/en\\\/\",\"name\":\"ANI\",\"description\":\"\",\"potentialAction\":[{\"@type\":\"SearchAction\",\"target\":{\"@type\":\"EntryPoint\",\"urlTemplate\":\"https:\\\/\\\/ani.pt\\\/en\\\/?s={search_term_string}\"},\"query-input\":{\"@type\":\"PropertyValueSpecification\",\"valueRequired\":true,\"valueName\":\"search_term_string\"}}],\"inLanguage\":\"en-US\"}]}<\/script>\n<!-- \/ Yoast SEO plugin. -->","yoast_head_json":{"title":"ANI e ANACOM promovem sess\u00e3o dedicada \u00e0 \u00e1rea dos mundos virtuais e web 4.0 - ANI","robots":{"index":"index","follow":"follow","max-snippet":"max-snippet:-1","max-image-preview":"max-image-preview:large","max-video-preview":"max-video-preview:-1"},"canonical":"https:\/\/ani.pt\/en\/evento\/ani-e-anacom-promovem-sessao-dedicada-a-area-dos-mundos-virtuais-e-web-4-0\/","og_locale":"en_US","og_type":"article","og_title":"ANI e ANACOM promovem sess\u00e3o dedicada \u00e0 \u00e1rea dos mundos virtuais e web 4.0 - ANI","og_description":"29 de outubro, 14h, Sede ANACOM A ANI e a ANACOM est\u00e3o a organizar, no pr\u00f3ximo dia 29 de outubro de 2025, pelas 14h00, na sede da ANACOM, o evento \u201cMundos Virtuais \u2013 O Futuro Imersivo\u201d, dedicado ao estado da arte, estrat\u00e9gias e oportunidades de financiamento na \u00e1rea dos mundos virtuais e Web 4.0. A [&hellip;]","og_url":"https:\/\/ani.pt\/en\/evento\/ani-e-anacom-promovem-sessao-dedicada-a-area-dos-mundos-virtuais-e-web-4-0\/","og_site_name":"ANI","article_publisher":"https:\/\/www.facebook.com\/agencianacionaldeinovacao\/","article_modified_time":"2026-02-06T14:20:18+00:00","og_image":[{"width":2560,"height":1440,"url":"https:\/\/ani.pt\/wp-content\/uploads\/2025\/10\/Imagem_EventoMundosVirtuais_EN-scaled.jpg","type":"image\/jpeg"}],"twitter_card":"summary_large_image","twitter_misc":{"Est. reading time":"1 minute"},"schema":{"@context":"https:\/\/schema.org","@graph":[{"@type":"WebPage","@id":"https:\/\/ani.pt\/en\/evento\/ani-e-anacom-promovem-sessao-dedicada-a-area-dos-mundos-virtuais-e-web-4-0\/","url":"https:\/\/ani.pt\/en\/evento\/ani-e-anacom-promovem-sessao-dedicada-a-area-dos-mundos-virtuais-e-web-4-0\/","name":"ANI e ANACOM promovem sess\u00e3o dedicada \u00e0 \u00e1rea dos mundos virtuais e web 4.0 - ANI","isPartOf":{"@id":"https:\/\/ani.pt\/en\/#website"},"primaryImageOfPage":{"@id":"https:\/\/ani.pt\/en\/evento\/ani-e-anacom-promovem-sessao-dedicada-a-area-dos-mundos-virtuais-e-web-4-0\/#primaryimage"},"image":{"@id":"https:\/\/ani.pt\/en\/evento\/ani-e-anacom-promovem-sessao-dedicada-a-area-dos-mundos-virtuais-e-web-4-0\/#primaryimage"},"thumbnailUrl":"https:\/\/ani.pt\/wp-content\/uploads\/2025\/10\/eventos_ANI_ANACON_MundosVirtuais.png","datePublished":"2026-02-06T13:20:25+00:00","dateModified":"2026-02-06T14:20:18+00:00","breadcrumb":{"@id":"https:\/\/ani.pt\/en\/evento\/ani-e-anacom-promovem-sessao-dedicada-a-area-dos-mundos-virtuais-e-web-4-0\/#breadcrumb"},"inLanguage":"en-US","potentialAction":[{"@type":"ReadAction","target":["https:\/\/ani.pt\/en\/evento\/ani-e-anacom-promovem-sessao-dedicada-a-area-dos-mundos-virtuais-e-web-4-0\/"]}]},{"@type":"ImageObject","inLanguage":"en-US","@id":"https:\/\/ani.pt\/en\/evento\/ani-e-anacom-promovem-sessao-dedicada-a-area-dos-mundos-virtuais-e-web-4-0\/#primaryimage","url":"https:\/\/ani.pt\/wp-content\/uploads\/2025\/10\/eventos_ANI_ANACON_MundosVirtuais.png","contentUrl":"https:\/\/ani.pt\/wp-content\/uploads\/2025\/10\/eventos_ANI_ANACON_MundosVirtuais.png","width":1920,"height":1080},{"@type":"BreadcrumbList","@id":"https:\/\/ani.pt\/en\/evento\/ani-e-anacom-promovem-sessao-dedicada-a-area-dos-mundos-virtuais-e-web-4-0\/#breadcrumb","itemListElement":[{"@type":"ListItem","position":1,"name":"Homepage","item":"https:\/\/ani.pt\/en\/"},{"@type":"ListItem","position":2,"name":"Eventos","item":"https:\/\/ani.pt\/en\/evento\/"},{"@type":"ListItem","position":3,"name":"Eventos &amp; Confer\u00eancias","item":"https:\/\/ani.pt\/en\/categoria-eventos\/eventos-conferencias\/"},{"@type":"ListItem","position":4,"name":"ANI e ANACOM promovem sess\u00e3o dedicada \u00e0 \u00e1rea dos mundos virtuais e web 4.0"}]},{"@type":"WebSite","@id":"https:\/\/ani.pt\/en\/#website","url":"https:\/\/ani.pt\/en\/","name":"ANI","description":"","potentialAction":[{"@type":"SearchAction","target":{"@type":"EntryPoint","urlTemplate":"https:\/\/ani.pt\/en\/?s={search_term_string}"},"query-input":{"@type":"PropertyValueSpecification","valueRequired":true,"valueName":"search_term_string"}}],"inLanguage":"en-US"}]}},"_links":{"self":[{"href":"https:\/\/ani.pt\/en\/wp-json\/wp\/v2\/evento\/44594","targetHints":{"allow":["GET"]}}],"collection":[{"href":"https:\/\/ani.pt\/en\/wp-json\/wp\/v2\/evento"}],"about":[{"href":"https:\/\/ani.pt\/en\/wp-json\/wp\/v2\/types\/evento"}],"version-history":[{"count":2,"href":"https:\/\/ani.pt\/en\/wp-json\/wp\/v2\/evento\/44594\/revisions"}],"predecessor-version":[{"id":44599,"href":"https:\/\/ani.pt\/en\/wp-json\/wp\/v2\/evento\/44594\/revisions\/44599"}],"wp:featuredmedia":[{"embeddable":true,"href":"https:\/\/ani.pt\/en\/wp-json\/wp\/v2\/media\/42373"}],"wp:attachment":[{"href":"https:\/\/ani.pt\/en\/wp-json\/wp\/v2\/media?parent=44594"}],"wp:term":[{"taxonomy":"categoria-eventos","embeddable":true,"href":"https:\/\/ani.pt\/en\/wp-json\/wp\/v2\/categoria-eventos?post=44594"}],"curies":[{"name":"wp","href":"https:\/\/api.w.org\/{rel}","templated":true}]}}