{"id":44584,"date":"2026-02-06T13:10:22","date_gmt":"2026-02-06T13:10:22","guid":{"rendered":"https:\/\/ani.pt\/?post_type=evento&#038;p=44584"},"modified":"2026-02-09T14:51:04","modified_gmt":"2026-02-09T14:51:04","slug":"innovation-and-smart-specialization-forum","status":"publish","type":"evento","link":"https:\/\/ani.pt\/en\/evento\/innovation-and-smart-specialization-forum\/","title":{"rendered":"Innovation and Smart Specialization Forum"},"content":{"rendered":"\n<figure class=\"wp-block-image\"><img decoding=\"async\" width=\"1024\" height=\"444\" src=\"https:\/\/ani.pt\/wp-content\/uploads\/2025\/10\/forms-1024x444.png\" alt=\"\" class=\"wp-image-42675\" srcset=\"https:\/\/ani.pt\/wp-content\/uploads\/2025\/10\/forms-980x425.png 980w, https:\/\/ani.pt\/wp-content\/uploads\/2025\/10\/forms-480x208.png 480w\" sizes=\"(min-width: 0px) and (max-width: 480px) 480px, (min-width: 481px) and (max-width: 980px) 980px, (min-width: 981px) 1024px, 100vw\" \/><\/figure>\n\n\n\n<p class=\"has-text-align-center\"><strong>18 de novembro | Funda\u00e7\u00e3o Cupertino de Miranda, Porto<\/strong><\/p>\n\n\n\n<p>A ANI promove no pr\u00f3ximo dia 18 de novembro, na Funda\u00e7\u00e3o Cupertino de Miranda, no Porto, o F\u00f3rum de Inova\u00e7\u00e3o e Especializa\u00e7\u00e3o Inteligente, um encontro que pretende refor\u00e7ar a reflex\u00e3o e o di\u00e1logo sobre os caminhos da inova\u00e7\u00e3o, da pol\u00edtica de coes\u00e3o e das estrat\u00e9gias de especializa\u00e7\u00e3o inteligente (S3) na Europa.<\/p>\n\n\n\n<p>Este evento pretende promover a partilha de experi\u00eancias e a reflex\u00e3o sobre o futuro das Estrat\u00e9gias de Especializa\u00e7\u00e3o Inteligente em Portugal e na Europa. O F\u00f3rum surge como um espa\u00e7o de partilha de conhecimento e de aproxima\u00e7\u00e3o entre decisores, acad\u00e9micos, especialistas e a restante comunidade nacional de inova\u00e7\u00e3o, com o objetivo de refor\u00e7ar a articula\u00e7\u00e3o entre estrat\u00e9gias de inova\u00e7\u00e3o e as restantes pol\u00edticas p\u00fablicas, incluindo a vertente de territorializa\u00e7\u00e3o das mesmas. A iniciativa insere-se na miss\u00e3o da ANI de promover pol\u00edticas p\u00fablicas de inova\u00e7\u00e3o alinhadas com a iniciativa europeia de promo\u00e7\u00e3o de estrat\u00e9gias especializa\u00e7\u00e3o inteligente e de refor\u00e7ar o papel de Portugal nas redes europeias de inova\u00e7\u00e3o.<\/p>\n\n\n\n<p>A agenda do evento inclui sess\u00f5es dedicadas a temas como a colabora\u00e7\u00e3o inter-regional no contexto das S3, o impacto, li\u00e7\u00f5es e desafios da Pol\u00edtica de Coes\u00e3o, especialmente no que se refere \u00e0s Pol\u00edticas de Inova\u00e7\u00e3o e \u00e0s Estrat\u00e9gias de Especializa\u00e7\u00e3o Inteligente, e o futuro da especializa\u00e7\u00e3o inteligente num contexto de necessidade de refor\u00e7o da autonomia estrat\u00e9gica da Europa em mat\u00e9ria de competitividade.<\/p>\n\n\n\n<p>Aceda \u00e0 agenda completa&nbsp;<a href=\"https:\/\/ani.pt\/wp-content\/uploads\/2025\/11\/Agenda_FIEI_17112025.pdf\" target=\"_blank\" rel=\"noreferrer noopener\">aqui<\/a>.<\/p>\n\n\n\n<p>Inscri\u00e7\u00f5es atrav\u00e9s do&nbsp;<a href=\"https:\/\/forms.office.com\/Pages\/ResponsePage.aspx?id=DJeDA2KOqEeZDpqBUG9W8VGALsnTn69IlMiRNxQNkJJUMEhNNTJJM0NSTEFWMzM2RUFXT0tDOVZINyQlQCN0PWcu\" target=\"_blank\" rel=\"noreferrer noopener\">formul\u00e1rio online<\/a>.<\/p>\n\n\n\n<p><em>Nota: o evento ser\u00e1 realizado totalmente em ingl\u00eas<\/em><\/p>\n\n\n\n<p><em>O F\u00f3rum de Inova\u00e7\u00e3o e Especializa\u00e7\u00e3o Inteligente \u00e9 uma atividade realizada no \u00e2mbito da opera\u00e7\u00e3o \u00abCapacita\u00e7\u00e3o para a operacionaliza\u00e7\u00e3o e articula\u00e7\u00e3o multin\u00edvel das Estrat\u00e9gias de Especializa\u00e7\u00e3o Inteligentes (EEI)\u00bb, apoiada pelo PAT 2030, pelo Portugal 2030 e pela Uni\u00e3o Europeia. Os Fundos Europeus Mais Pr\u00f3ximos de Si.<\/em><\/p>\n\n\n\n<figure class=\"wp-block-image\"><img decoding=\"async\" width=\"1024\" height=\"112\" src=\"https:\/\/ani.pt\/wp-content\/uploads\/2025\/10\/barrafinanciamento-1024x112.png\" alt=\"\" class=\"wp-image-42671\" srcset=\"https:\/\/ani.pt\/wp-content\/uploads\/2025\/10\/barrafinanciamento-980x107.png 980w, https:\/\/ani.pt\/wp-content\/uploads\/2025\/10\/barrafinanciamento-480x52.png 480w\" sizes=\"(min-width: 0px) and (max-width: 480px) 480px, (min-width: 481px) and (max-width: 980px) 980px, (min-width: 981px) 1024px, 100vw\" \/><\/figure>\n","protected":false},"excerpt":{"rendered":"<p>18 de novembro | Funda\u00e7\u00e3o Cupertino de Miranda, Porto A ANI promove no pr\u00f3ximo dia 18 de novembro, na Funda\u00e7\u00e3o Cupertino de Miranda, no Porto, o F\u00f3rum de Inova\u00e7\u00e3o e Especializa\u00e7\u00e3o Inteligente, um encontro que pretende refor\u00e7ar a reflex\u00e3o e o di\u00e1logo sobre os caminhos da inova\u00e7\u00e3o, da pol\u00edtica de coes\u00e3o e das estrat\u00e9gias de [&hellip;]<\/p>\n","protected":false},"featured_media":42669,"template":"","meta":{"_acf_changed":false,"_et_pb_use_builder":"off","_et_pb_old_content":"","_et_gb_content_width":"","footnotes":""},"categoria-eventos":[907],"class_list":["post-44584","evento","type-evento","status-publish","has-post-thumbnail","hentry","categoria-eventos-eventos-conferencias"],"acf":[],"yoast_head":"<!-- This site is optimized with the Yoast SEO plugin v27.5 - https:\/\/yoast.com\/product\/yoast-seo-wordpress\/ -->\n<title>Innovation and Smart Specialization Forum - ANI<\/title>\n<meta name=\"robots\" content=\"index, follow, max-snippet:-1, max-image-preview:large, max-video-preview:-1\" \/>\n<link rel=\"canonical\" href=\"https:\/\/ani.pt\/en\/evento\/innovation-and-smart-specialization-forum\/\" \/>\n<meta property=\"og:locale\" content=\"en_US\" \/>\n<meta property=\"og:type\" content=\"article\" \/>\n<meta property=\"og:title\" content=\"Innovation and Smart Specialization Forum - ANI\" \/>\n<meta property=\"og:description\" content=\"18 de novembro | Funda\u00e7\u00e3o Cupertino de Miranda, Porto A ANI promove no pr\u00f3ximo dia 18 de novembro, na Funda\u00e7\u00e3o Cupertino de Miranda, no Porto, o F\u00f3rum de Inova\u00e7\u00e3o e Especializa\u00e7\u00e3o Inteligente, um encontro que pretende refor\u00e7ar a reflex\u00e3o e o di\u00e1logo sobre os caminhos da inova\u00e7\u00e3o, da pol\u00edtica de coes\u00e3o e das estrat\u00e9gias de [&hellip;]\" \/>\n<meta property=\"og:url\" content=\"https:\/\/ani.pt\/en\/evento\/innovation-and-smart-specialization-forum\/\" \/>\n<meta property=\"og:site_name\" content=\"ANI\" \/>\n<meta property=\"article:publisher\" content=\"https:\/\/www.facebook.com\/agencianacionaldeinovacao\/\" \/>\n<meta property=\"article:modified_time\" content=\"2026-02-09T14:51:04+00:00\" \/>\n<meta property=\"og:image\" content=\"https:\/\/ani.pt\/wp-content\/uploads\/2025\/10\/forms.png\" \/>\n\t<meta property=\"og:image:width\" content=\"1920\" \/>\n\t<meta property=\"og:image:height\" content=\"833\" \/>\n\t<meta property=\"og:image:type\" content=\"image\/png\" \/>\n<meta name=\"twitter:card\" content=\"summary_large_image\" \/>\n<meta name=\"twitter:label1\" content=\"Est. reading time\" \/>\n\t<meta name=\"twitter:data1\" content=\"3 minutes\" \/>\n<script type=\"application\/ld+json\" class=\"yoast-schema-graph\">{\"@context\":\"https:\\\/\\\/schema.org\",\"@graph\":[{\"@type\":\"WebPage\",\"@id\":\"https:\\\/\\\/ani.pt\\\/en\\\/evento\\\/innovation-and-smart-specialization-forum\\\/\",\"url\":\"https:\\\/\\\/ani.pt\\\/en\\\/evento\\\/innovation-and-smart-specialization-forum\\\/\",\"name\":\"Innovation and Smart Specialization Forum - ANI\",\"isPartOf\":{\"@id\":\"https:\\\/\\\/ani.pt\\\/en\\\/#website\"},\"primaryImageOfPage\":{\"@id\":\"https:\\\/\\\/ani.pt\\\/en\\\/evento\\\/innovation-and-smart-specialization-forum\\\/#primaryimage\"},\"image\":{\"@id\":\"https:\\\/\\\/ani.pt\\\/en\\\/evento\\\/innovation-and-smart-specialization-forum\\\/#primaryimage\"},\"thumbnailUrl\":\"https:\\\/\\\/ani.pt\\\/wp-content\\\/uploads\\\/2025\\\/10\\\/eventos_InnovationSmartForum.png\",\"datePublished\":\"2026-02-06T13:10:22+00:00\",\"dateModified\":\"2026-02-09T14:51:04+00:00\",\"breadcrumb\":{\"@id\":\"https:\\\/\\\/ani.pt\\\/en\\\/evento\\\/innovation-and-smart-specialization-forum\\\/#breadcrumb\"},\"inLanguage\":\"en-US\",\"potentialAction\":[{\"@type\":\"ReadAction\",\"target\":[\"https:\\\/\\\/ani.pt\\\/en\\\/evento\\\/innovation-and-smart-specialization-forum\\\/\"]}]},{\"@type\":\"ImageObject\",\"inLanguage\":\"en-US\",\"@id\":\"https:\\\/\\\/ani.pt\\\/en\\\/evento\\\/innovation-and-smart-specialization-forum\\\/#primaryimage\",\"url\":\"https:\\\/\\\/ani.pt\\\/wp-content\\\/uploads\\\/2025\\\/10\\\/eventos_InnovationSmartForum.png\",\"contentUrl\":\"https:\\\/\\\/ani.pt\\\/wp-content\\\/uploads\\\/2025\\\/10\\\/eventos_InnovationSmartForum.png\",\"width\":1920,\"height\":1080},{\"@type\":\"BreadcrumbList\",\"@id\":\"https:\\\/\\\/ani.pt\\\/en\\\/evento\\\/innovation-and-smart-specialization-forum\\\/#breadcrumb\",\"itemListElement\":[{\"@type\":\"ListItem\",\"position\":1,\"name\":\"Homepage\",\"item\":\"https:\\\/\\\/ani.pt\\\/en\\\/\"},{\"@type\":\"ListItem\",\"position\":2,\"name\":\"Eventos\",\"item\":\"https:\\\/\\\/ani.pt\\\/en\\\/evento\\\/\"},{\"@type\":\"ListItem\",\"position\":3,\"name\":\"Eventos &amp; Confer\u00eancias\",\"item\":\"https:\\\/\\\/ani.pt\\\/en\\\/categoria-eventos\\\/eventos-conferencias\\\/\"},{\"@type\":\"ListItem\",\"position\":4,\"name\":\"Innovation and Smart Specialization Forum\"}]},{\"@type\":\"WebSite\",\"@id\":\"https:\\\/\\\/ani.pt\\\/en\\\/#website\",\"url\":\"https:\\\/\\\/ani.pt\\\/en\\\/\",\"name\":\"ANI\",\"description\":\"\",\"potentialAction\":[{\"@type\":\"SearchAction\",\"target\":{\"@type\":\"EntryPoint\",\"urlTemplate\":\"https:\\\/\\\/ani.pt\\\/en\\\/?s={search_term_string}\"},\"query-input\":{\"@type\":\"PropertyValueSpecification\",\"valueRequired\":true,\"valueName\":\"search_term_string\"}}],\"inLanguage\":\"en-US\"}]}<\/script>\n<!-- \/ Yoast SEO plugin. -->","yoast_head_json":{"title":"Innovation and Smart Specialization Forum - ANI","robots":{"index":"index","follow":"follow","max-snippet":"max-snippet:-1","max-image-preview":"max-image-preview:large","max-video-preview":"max-video-preview:-1"},"canonical":"https:\/\/ani.pt\/en\/evento\/innovation-and-smart-specialization-forum\/","og_locale":"en_US","og_type":"article","og_title":"Innovation and Smart Specialization Forum - ANI","og_description":"18 de novembro | Funda\u00e7\u00e3o Cupertino de Miranda, Porto A ANI promove no pr\u00f3ximo dia 18 de novembro, na Funda\u00e7\u00e3o Cupertino de Miranda, no Porto, o F\u00f3rum de Inova\u00e7\u00e3o e Especializa\u00e7\u00e3o Inteligente, um encontro que pretende refor\u00e7ar a reflex\u00e3o e o di\u00e1logo sobre os caminhos da inova\u00e7\u00e3o, da pol\u00edtica de coes\u00e3o e das estrat\u00e9gias de [&hellip;]","og_url":"https:\/\/ani.pt\/en\/evento\/innovation-and-smart-specialization-forum\/","og_site_name":"ANI","article_publisher":"https:\/\/www.facebook.com\/agencianacionaldeinovacao\/","article_modified_time":"2026-02-09T14:51:04+00:00","og_image":[{"width":1920,"height":833,"url":"https:\/\/ani.pt\/wp-content\/uploads\/2025\/10\/forms.png","type":"image\/png"}],"twitter_card":"summary_large_image","twitter_misc":{"Est. reading time":"3 minutes"},"schema":{"@context":"https:\/\/schema.org","@graph":[{"@type":"WebPage","@id":"https:\/\/ani.pt\/en\/evento\/innovation-and-smart-specialization-forum\/","url":"https:\/\/ani.pt\/en\/evento\/innovation-and-smart-specialization-forum\/","name":"Innovation and Smart Specialization Forum - ANI","isPartOf":{"@id":"https:\/\/ani.pt\/en\/#website"},"primaryImageOfPage":{"@id":"https:\/\/ani.pt\/en\/evento\/innovation-and-smart-specialization-forum\/#primaryimage"},"image":{"@id":"https:\/\/ani.pt\/en\/evento\/innovation-and-smart-specialization-forum\/#primaryimage"},"thumbnailUrl":"https:\/\/ani.pt\/wp-content\/uploads\/2025\/10\/eventos_InnovationSmartForum.png","datePublished":"2026-02-06T13:10:22+00:00","dateModified":"2026-02-09T14:51:04+00:00","breadcrumb":{"@id":"https:\/\/ani.pt\/en\/evento\/innovation-and-smart-specialization-forum\/#breadcrumb"},"inLanguage":"en-US","potentialAction":[{"@type":"ReadAction","target":["https:\/\/ani.pt\/en\/evento\/innovation-and-smart-specialization-forum\/"]}]},{"@type":"ImageObject","inLanguage":"en-US","@id":"https:\/\/ani.pt\/en\/evento\/innovation-and-smart-specialization-forum\/#primaryimage","url":"https:\/\/ani.pt\/wp-content\/uploads\/2025\/10\/eventos_InnovationSmartForum.png","contentUrl":"https:\/\/ani.pt\/wp-content\/uploads\/2025\/10\/eventos_InnovationSmartForum.png","width":1920,"height":1080},{"@type":"BreadcrumbList","@id":"https:\/\/ani.pt\/en\/evento\/innovation-and-smart-specialization-forum\/#breadcrumb","itemListElement":[{"@type":"ListItem","position":1,"name":"Homepage","item":"https:\/\/ani.pt\/en\/"},{"@type":"ListItem","position":2,"name":"Eventos","item":"https:\/\/ani.pt\/en\/evento\/"},{"@type":"ListItem","position":3,"name":"Eventos &amp; Confer\u00eancias","item":"https:\/\/ani.pt\/en\/categoria-eventos\/eventos-conferencias\/"},{"@type":"ListItem","position":4,"name":"Innovation and Smart Specialization Forum"}]},{"@type":"WebSite","@id":"https:\/\/ani.pt\/en\/#website","url":"https:\/\/ani.pt\/en\/","name":"ANI","description":"","potentialAction":[{"@type":"SearchAction","target":{"@type":"EntryPoint","urlTemplate":"https:\/\/ani.pt\/en\/?s={search_term_string}"},"query-input":{"@type":"PropertyValueSpecification","valueRequired":true,"valueName":"search_term_string"}}],"inLanguage":"en-US"}]}},"_links":{"self":[{"href":"https:\/\/ani.pt\/en\/wp-json\/wp\/v2\/evento\/44584","targetHints":{"allow":["GET"]}}],"collection":[{"href":"https:\/\/ani.pt\/en\/wp-json\/wp\/v2\/evento"}],"about":[{"href":"https:\/\/ani.pt\/en\/wp-json\/wp\/v2\/types\/evento"}],"version-history":[{"count":2,"href":"https:\/\/ani.pt\/en\/wp-json\/wp\/v2\/evento\/44584\/revisions"}],"predecessor-version":[{"id":44851,"href":"https:\/\/ani.pt\/en\/wp-json\/wp\/v2\/evento\/44584\/revisions\/44851"}],"wp:featuredmedia":[{"embeddable":true,"href":"https:\/\/ani.pt\/en\/wp-json\/wp\/v2\/media\/42669"}],"wp:attachment":[{"href":"https:\/\/ani.pt\/en\/wp-json\/wp\/v2\/media?parent=44584"}],"wp:term":[{"taxonomy":"categoria-eventos","embeddable":true,"href":"https:\/\/ani.pt\/en\/wp-json\/wp\/v2\/categoria-eventos?post=44584"}],"curies":[{"name":"wp","href":"https:\/\/api.w.org\/{rel}","templated":true}]}}