{"id":44578,"date":"2026-02-06T13:04:28","date_gmt":"2026-02-06T13:04:28","guid":{"rendered":"https:\/\/ani.pt\/?post_type=evento&#038;p=44578"},"modified":"2026-02-09T14:53:26","modified_gmt":"2026-02-09T14:53:26","slug":"ani-marca-presenca-na-web-summit-2025-com-destaque-para-o-conhecimento-e-a-inovacao-de-base-tecnologica","status":"publish","type":"evento","link":"https:\/\/ani.pt\/en\/evento\/ani-marca-presenca-na-web-summit-2025-com-destaque-para-o-conhecimento-e-a-inovacao-de-base-tecnologica\/","title":{"rendered":"ANI marca presen\u00e7a na Web Summit 2025 com destaque para o conhecimento e a inova\u00e7\u00e3o de base tecnol\u00f3gica"},"content":{"rendered":"\n<p class=\"has-text-align-center\"><strong>11 a 13 de novembro, Lisbo<\/strong>a<\/p>\n\n\n\n<p>A ANI volta a marcar presen\u00e7a na Web Summit 2025, o maior evento de tecnologia e inova\u00e7\u00e3o da Europa, que decorre em Lisboa. Ao longo dos dias 11 e 12 de novembro, a ANI participar\u00e1 em v\u00e1rias sess\u00f5es no Stand Portugal, em parceria com a Startup Portugal e outras entidades do ecossistema nacional de inova\u00e7\u00e3o, promovendo a liga\u00e7\u00e3o entre conhecimento cient\u00edfico e o mercado global.<\/p>\n\n\n\n<p><strong>Do conhecimento \u00e0 inova\u00e7\u00e3o<\/strong><\/p>\n\n\n\n<p>No dia 11 de novembro, \u00e0s 14h20, o Stand Portugal (Pavilh\u00e3o 1, E150) recebe a sess\u00e3o \u201cTurning Academic Research into Market Innovation\u201d, uma conversa sobre como Portugal est\u00e1 a fortalecer a liga\u00e7\u00e3o entre universidades e ind\u00fastria \u2013&nbsp;apoiando projetos de Proof of Concept, promovendo o empreendedorismo e ajudando inova\u00e7\u00f5es baseadas em investiga\u00e7\u00e3o a chegar ao mercado.<br>A conversa contar\u00e1 com Sofia Bravo (ANI) e Pedro Sacramento (Startup Portugal), Rita Tom\u00e9 (Universidade de Lisboa) e moderada por Miguel Magalh\u00e3es (Next Big Idea).<\/p>\n\n\n\n<p>Mais tarde, \u00e0s 15h20, no Stand do Banco Portugu\u00eas de Fomento (Pavilh\u00e3o 1, E113), a ANI participa na talk \u201cTech Forward: Investing in the future of world-changing ideas\u201d, centrada no investimento em ideias tecnol\u00f3gicas transformadoras.<br>O painel re\u00fane Jos\u00e9 Ant\u00e3o (ANI), Alexandre Santos (Startup Portugal) e Alexandra Vilela (COMPETE), com modera\u00e7\u00e3o de Helena Maio (Portugal Ventures).<\/p>\n\n\n\n<p><strong>Deep tech em destaque<\/strong><\/p>\n\n\n\n<p>No dia 12 de novembro, pelas 11h20, a ANI regressa ao Stand Portugal (Pavilh\u00e3o 1, E150) para a sess\u00e3o \u201cEmpowering Deep Tech Startups: From Idea to Global Scale\u201d, na qual se vai debater como Portugal est\u00e1 a impulsionar a inova\u00e7\u00e3o&nbsp;<em>deep tech<\/em>&nbsp;atrav\u00e9s de um ecossistema integrado que apoia startups em todas as fases&nbsp;\u2013 desde a investiga\u00e7\u00e3o e valida\u00e7\u00e3o inicial at\u00e9 ao crescimento e internacionaliza\u00e7\u00e3o.<\/p>\n\n\n\n<p>A sess\u00e3o contar\u00e1 com Jos\u00e9 Ant\u00e3o (ANI) e Miguel Aguiar (Startup Portugal), moderada por Miguel Magalh\u00e3es (Next Big Idea).<\/p>\n\n\n\n<p>A participa\u00e7\u00e3o da ANI na Web Summit refor\u00e7a o compromisso de promover a valoriza\u00e7\u00e3o de conhecimento, o investimento em inova\u00e7\u00e3o e o crescimento das startups deep tech portuguesas, colocando Portugal no centro do ecossistema global de tecnologia e empreendedorismo.<\/p>\n","protected":false},"excerpt":{"rendered":"<p>11 a 13 de novembro, Lisboa A ANI volta a marcar presen\u00e7a na Web Summit 2025, o maior evento de tecnologia e inova\u00e7\u00e3o da Europa, que decorre em Lisboa. Ao longo dos dias 11 e 12 de novembro, a ANI participar\u00e1 em v\u00e1rias sess\u00f5es no Stand Portugal, em parceria com a Startup Portugal e outras [&hellip;]<\/p>\n","protected":false},"featured_media":42979,"template":"","meta":{"_acf_changed":false,"_et_pb_use_builder":"off","_et_pb_old_content":"","_et_gb_content_width":"","footnotes":""},"categoria-eventos":[907],"class_list":["post-44578","evento","type-evento","status-publish","has-post-thumbnail","hentry","categoria-eventos-eventos-conferencias"],"acf":[],"yoast_head":"<!-- This site is optimized with the Yoast SEO plugin v27.5 - https:\/\/yoast.com\/product\/yoast-seo-wordpress\/ -->\n<title>ANI marca presen\u00e7a na Web Summit 2025 com destaque para o conhecimento e a inova\u00e7\u00e3o de base tecnol\u00f3gica - ANI<\/title>\n<meta name=\"robots\" content=\"index, follow, max-snippet:-1, max-image-preview:large, max-video-preview:-1\" \/>\n<link rel=\"canonical\" href=\"https:\/\/ani.pt\/en\/evento\/ani-marca-presenca-na-web-summit-2025-com-destaque-para-o-conhecimento-e-a-inovacao-de-base-tecnologica\/\" \/>\n<meta property=\"og:locale\" content=\"en_US\" \/>\n<meta property=\"og:type\" content=\"article\" \/>\n<meta property=\"og:title\" content=\"ANI marca presen\u00e7a na Web Summit 2025 com destaque para o conhecimento e a inova\u00e7\u00e3o de base tecnol\u00f3gica - ANI\" \/>\n<meta property=\"og:description\" content=\"11 a 13 de novembro, Lisboa A ANI volta a marcar presen\u00e7a na Web Summit 2025, o maior evento de tecnologia e inova\u00e7\u00e3o da Europa, que decorre em Lisboa. Ao longo dos dias 11 e 12 de novembro, a ANI participar\u00e1 em v\u00e1rias sess\u00f5es no Stand Portugal, em parceria com a Startup Portugal e outras [&hellip;]\" \/>\n<meta property=\"og:url\" content=\"https:\/\/ani.pt\/en\/evento\/ani-marca-presenca-na-web-summit-2025-com-destaque-para-o-conhecimento-e-a-inovacao-de-base-tecnologica\/\" \/>\n<meta property=\"og:site_name\" content=\"ANI\" \/>\n<meta property=\"article:publisher\" content=\"https:\/\/www.facebook.com\/agencianacionaldeinovacao\/\" \/>\n<meta property=\"article:modified_time\" content=\"2026-02-09T14:53:26+00:00\" \/>\n<meta name=\"twitter:card\" content=\"summary_large_image\" \/>\n<meta name=\"twitter:label1\" content=\"Est. reading time\" \/>\n\t<meta name=\"twitter:data1\" content=\"2 minutes\" \/>\n<script type=\"application\/ld+json\" class=\"yoast-schema-graph\">{\"@context\":\"https:\\\/\\\/schema.org\",\"@graph\":[{\"@type\":\"WebPage\",\"@id\":\"https:\\\/\\\/ani.pt\\\/en\\\/evento\\\/ani-marca-presenca-na-web-summit-2025-com-destaque-para-o-conhecimento-e-a-inovacao-de-base-tecnologica\\\/\",\"url\":\"https:\\\/\\\/ani.pt\\\/en\\\/evento\\\/ani-marca-presenca-na-web-summit-2025-com-destaque-para-o-conhecimento-e-a-inovacao-de-base-tecnologica\\\/\",\"name\":\"ANI marca presen\u00e7a na Web Summit 2025 com destaque para o conhecimento e a inova\u00e7\u00e3o de base tecnol\u00f3gica - ANI\",\"isPartOf\":{\"@id\":\"https:\\\/\\\/ani.pt\\\/en\\\/#website\"},\"primaryImageOfPage\":{\"@id\":\"https:\\\/\\\/ani.pt\\\/en\\\/evento\\\/ani-marca-presenca-na-web-summit-2025-com-destaque-para-o-conhecimento-e-a-inovacao-de-base-tecnologica\\\/#primaryimage\"},\"image\":{\"@id\":\"https:\\\/\\\/ani.pt\\\/en\\\/evento\\\/ani-marca-presenca-na-web-summit-2025-com-destaque-para-o-conhecimento-e-a-inovacao-de-base-tecnologica\\\/#primaryimage\"},\"thumbnailUrl\":\"https:\\\/\\\/ani.pt\\\/wp-content\\\/uploads\\\/2025\\\/11\\\/eventos_Websummit.png\",\"datePublished\":\"2026-02-06T13:04:28+00:00\",\"dateModified\":\"2026-02-09T14:53:26+00:00\",\"breadcrumb\":{\"@id\":\"https:\\\/\\\/ani.pt\\\/en\\\/evento\\\/ani-marca-presenca-na-web-summit-2025-com-destaque-para-o-conhecimento-e-a-inovacao-de-base-tecnologica\\\/#breadcrumb\"},\"inLanguage\":\"en-US\",\"potentialAction\":[{\"@type\":\"ReadAction\",\"target\":[\"https:\\\/\\\/ani.pt\\\/en\\\/evento\\\/ani-marca-presenca-na-web-summit-2025-com-destaque-para-o-conhecimento-e-a-inovacao-de-base-tecnologica\\\/\"]}]},{\"@type\":\"ImageObject\",\"inLanguage\":\"en-US\",\"@id\":\"https:\\\/\\\/ani.pt\\\/en\\\/evento\\\/ani-marca-presenca-na-web-summit-2025-com-destaque-para-o-conhecimento-e-a-inovacao-de-base-tecnologica\\\/#primaryimage\",\"url\":\"https:\\\/\\\/ani.pt\\\/wp-content\\\/uploads\\\/2025\\\/11\\\/eventos_Websummit.png\",\"contentUrl\":\"https:\\\/\\\/ani.pt\\\/wp-content\\\/uploads\\\/2025\\\/11\\\/eventos_Websummit.png\",\"width\":1920,\"height\":1080},{\"@type\":\"BreadcrumbList\",\"@id\":\"https:\\\/\\\/ani.pt\\\/en\\\/evento\\\/ani-marca-presenca-na-web-summit-2025-com-destaque-para-o-conhecimento-e-a-inovacao-de-base-tecnologica\\\/#breadcrumb\",\"itemListElement\":[{\"@type\":\"ListItem\",\"position\":1,\"name\":\"Homepage\",\"item\":\"https:\\\/\\\/ani.pt\\\/en\\\/\"},{\"@type\":\"ListItem\",\"position\":2,\"name\":\"Eventos\",\"item\":\"https:\\\/\\\/ani.pt\\\/en\\\/evento\\\/\"},{\"@type\":\"ListItem\",\"position\":3,\"name\":\"Eventos &amp; Confer\u00eancias\",\"item\":\"https:\\\/\\\/ani.pt\\\/en\\\/categoria-eventos\\\/eventos-conferencias\\\/\"},{\"@type\":\"ListItem\",\"position\":4,\"name\":\"ANI marca presen\u00e7a na Web Summit 2025 com destaque para o conhecimento e a inova\u00e7\u00e3o de base tecnol\u00f3gica\"}]},{\"@type\":\"WebSite\",\"@id\":\"https:\\\/\\\/ani.pt\\\/en\\\/#website\",\"url\":\"https:\\\/\\\/ani.pt\\\/en\\\/\",\"name\":\"ANI\",\"description\":\"\",\"potentialAction\":[{\"@type\":\"SearchAction\",\"target\":{\"@type\":\"EntryPoint\",\"urlTemplate\":\"https:\\\/\\\/ani.pt\\\/en\\\/?s={search_term_string}\"},\"query-input\":{\"@type\":\"PropertyValueSpecification\",\"valueRequired\":true,\"valueName\":\"search_term_string\"}}],\"inLanguage\":\"en-US\"}]}<\/script>\n<!-- \/ Yoast SEO plugin. -->","yoast_head_json":{"title":"ANI marca presen\u00e7a na Web Summit 2025 com destaque para o conhecimento e a inova\u00e7\u00e3o de base tecnol\u00f3gica - ANI","robots":{"index":"index","follow":"follow","max-snippet":"max-snippet:-1","max-image-preview":"max-image-preview:large","max-video-preview":"max-video-preview:-1"},"canonical":"https:\/\/ani.pt\/en\/evento\/ani-marca-presenca-na-web-summit-2025-com-destaque-para-o-conhecimento-e-a-inovacao-de-base-tecnologica\/","og_locale":"en_US","og_type":"article","og_title":"ANI marca presen\u00e7a na Web Summit 2025 com destaque para o conhecimento e a inova\u00e7\u00e3o de base tecnol\u00f3gica - ANI","og_description":"11 a 13 de novembro, Lisboa A ANI volta a marcar presen\u00e7a na Web Summit 2025, o maior evento de tecnologia e inova\u00e7\u00e3o da Europa, que decorre em Lisboa. Ao longo dos dias 11 e 12 de novembro, a ANI participar\u00e1 em v\u00e1rias sess\u00f5es no Stand Portugal, em parceria com a Startup Portugal e outras [&hellip;]","og_url":"https:\/\/ani.pt\/en\/evento\/ani-marca-presenca-na-web-summit-2025-com-destaque-para-o-conhecimento-e-a-inovacao-de-base-tecnologica\/","og_site_name":"ANI","article_publisher":"https:\/\/www.facebook.com\/agencianacionaldeinovacao\/","article_modified_time":"2026-02-09T14:53:26+00:00","twitter_card":"summary_large_image","twitter_misc":{"Est. reading time":"2 minutes"},"schema":{"@context":"https:\/\/schema.org","@graph":[{"@type":"WebPage","@id":"https:\/\/ani.pt\/en\/evento\/ani-marca-presenca-na-web-summit-2025-com-destaque-para-o-conhecimento-e-a-inovacao-de-base-tecnologica\/","url":"https:\/\/ani.pt\/en\/evento\/ani-marca-presenca-na-web-summit-2025-com-destaque-para-o-conhecimento-e-a-inovacao-de-base-tecnologica\/","name":"ANI marca presen\u00e7a na Web Summit 2025 com destaque para o conhecimento e a inova\u00e7\u00e3o de base tecnol\u00f3gica - ANI","isPartOf":{"@id":"https:\/\/ani.pt\/en\/#website"},"primaryImageOfPage":{"@id":"https:\/\/ani.pt\/en\/evento\/ani-marca-presenca-na-web-summit-2025-com-destaque-para-o-conhecimento-e-a-inovacao-de-base-tecnologica\/#primaryimage"},"image":{"@id":"https:\/\/ani.pt\/en\/evento\/ani-marca-presenca-na-web-summit-2025-com-destaque-para-o-conhecimento-e-a-inovacao-de-base-tecnologica\/#primaryimage"},"thumbnailUrl":"https:\/\/ani.pt\/wp-content\/uploads\/2025\/11\/eventos_Websummit.png","datePublished":"2026-02-06T13:04:28+00:00","dateModified":"2026-02-09T14:53:26+00:00","breadcrumb":{"@id":"https:\/\/ani.pt\/en\/evento\/ani-marca-presenca-na-web-summit-2025-com-destaque-para-o-conhecimento-e-a-inovacao-de-base-tecnologica\/#breadcrumb"},"inLanguage":"en-US","potentialAction":[{"@type":"ReadAction","target":["https:\/\/ani.pt\/en\/evento\/ani-marca-presenca-na-web-summit-2025-com-destaque-para-o-conhecimento-e-a-inovacao-de-base-tecnologica\/"]}]},{"@type":"ImageObject","inLanguage":"en-US","@id":"https:\/\/ani.pt\/en\/evento\/ani-marca-presenca-na-web-summit-2025-com-destaque-para-o-conhecimento-e-a-inovacao-de-base-tecnologica\/#primaryimage","url":"https:\/\/ani.pt\/wp-content\/uploads\/2025\/11\/eventos_Websummit.png","contentUrl":"https:\/\/ani.pt\/wp-content\/uploads\/2025\/11\/eventos_Websummit.png","width":1920,"height":1080},{"@type":"BreadcrumbList","@id":"https:\/\/ani.pt\/en\/evento\/ani-marca-presenca-na-web-summit-2025-com-destaque-para-o-conhecimento-e-a-inovacao-de-base-tecnologica\/#breadcrumb","itemListElement":[{"@type":"ListItem","position":1,"name":"Homepage","item":"https:\/\/ani.pt\/en\/"},{"@type":"ListItem","position":2,"name":"Eventos","item":"https:\/\/ani.pt\/en\/evento\/"},{"@type":"ListItem","position":3,"name":"Eventos &amp; Confer\u00eancias","item":"https:\/\/ani.pt\/en\/categoria-eventos\/eventos-conferencias\/"},{"@type":"ListItem","position":4,"name":"ANI marca presen\u00e7a na Web Summit 2025 com destaque para o conhecimento e a inova\u00e7\u00e3o de base tecnol\u00f3gica"}]},{"@type":"WebSite","@id":"https:\/\/ani.pt\/en\/#website","url":"https:\/\/ani.pt\/en\/","name":"ANI","description":"","potentialAction":[{"@type":"SearchAction","target":{"@type":"EntryPoint","urlTemplate":"https:\/\/ani.pt\/en\/?s={search_term_string}"},"query-input":{"@type":"PropertyValueSpecification","valueRequired":true,"valueName":"search_term_string"}}],"inLanguage":"en-US"}]}},"_links":{"self":[{"href":"https:\/\/ani.pt\/en\/wp-json\/wp\/v2\/evento\/44578","targetHints":{"allow":["GET"]}}],"collection":[{"href":"https:\/\/ani.pt\/en\/wp-json\/wp\/v2\/evento"}],"about":[{"href":"https:\/\/ani.pt\/en\/wp-json\/wp\/v2\/types\/evento"}],"version-history":[{"count":2,"href":"https:\/\/ani.pt\/en\/wp-json\/wp\/v2\/evento\/44578\/revisions"}],"predecessor-version":[{"id":44854,"href":"https:\/\/ani.pt\/en\/wp-json\/wp\/v2\/evento\/44578\/revisions\/44854"}],"wp:featuredmedia":[{"embeddable":true,"href":"https:\/\/ani.pt\/en\/wp-json\/wp\/v2\/media\/42979"}],"wp:attachment":[{"href":"https:\/\/ani.pt\/en\/wp-json\/wp\/v2\/media?parent=44578"}],"wp:term":[{"taxonomy":"categoria-eventos","embeddable":true,"href":"https:\/\/ani.pt\/en\/wp-json\/wp\/v2\/categoria-eventos?post=44578"}],"curies":[{"name":"wp","href":"https:\/\/api.w.org\/{rel}","templated":true}]}}