{"id":44572,"date":"2026-02-06T12:57:18","date_gmt":"2026-02-06T12:57:18","guid":{"rendered":"https:\/\/ani.pt\/?post_type=evento&#038;p=44572"},"modified":"2026-02-06T12:57:22","modified_gmt":"2026-02-06T12:57:22","slug":"universidade-de-aveiro-acolhe-encontro-europeu-dedicado-ao-futuro-dos-materiais-avancados","status":"publish","type":"evento","link":"https:\/\/ani.pt\/en\/evento\/universidade-de-aveiro-acolhe-encontro-europeu-dedicado-ao-futuro-dos-materiais-avancados\/","title":{"rendered":"Universidade de Aveiro acolhe encontro europeu dedicado ao futuro dos Materiais Avan\u00e7ados"},"content":{"rendered":"\n<p><strong>26 e 27 de novembro, Aveiro<\/strong><\/p>\n\n\n\n<figure class=\"wp-block-image\"><img decoding=\"async\" width=\"1024\" height=\"655\" src=\"https:\/\/ani.pt\/wp-content\/uploads\/2025\/11\/FAME-1024x655.jpg\" alt=\"\" class=\"wp-image-43187\" srcset=\"https:\/\/ani.pt\/wp-content\/uploads\/2025\/11\/FAME-1024x655.jpg 1024w, https:\/\/ani.pt\/wp-content\/uploads\/2025\/11\/FAME-980x627.jpg 980w, https:\/\/ani.pt\/wp-content\/uploads\/2025\/11\/FAME-480x307.jpg 480w\" sizes=\"(min-width: 0px) and (max-width: 480px) 480px, (min-width: 481px) and (max-width: 980px) 980px, (min-width: 981px) 1024px, 100vw\" \/><\/figure>\n\n\n\n<p>No contexto da implementa\u00e7\u00e3o da Comunica\u00e7\u00e3o sobre Materiais Avan\u00e7ados para a Lideran\u00e7a Industrial, atualmente em curso na Uni\u00e3o Europeia, realiza-se nos dias 26 e 27 de novembro, na Universidade de Aveiro, o evento \u201cFuturo dos Materiais Avan\u00e7ados na Europa\u201d. A iniciativa \u00e9 organizada pelo Technology Council for Advanced Materials, com o apoio da ANI.<\/p>\n\n\n\n<p>O Technology Council for Advanced Materials, \u00f3rg\u00e3o de alto n\u00edvel institu\u00eddo pela Comiss\u00e3o Europeia, tem por miss\u00e3o refor\u00e7ar a coordena\u00e7\u00e3o e a colabora\u00e7\u00e3o no dom\u00ednio dos Materiais Avan\u00e7ados, reconhecido como \u00e1rea estrat\u00e9gica para a competitividade e autonomia industrial da Europa. Este evento surge num momento importante, dado o progresso dos preparativos para o Advanced Materials Act, instrumento que visa consolidar as bases para a inova\u00e7\u00e3o e o desenvolvimento industrial europeu neste setor.<\/p>\n\n\n\n<p>O encontro pretende constituir uma plataforma de consulta e participa\u00e7\u00e3o alargada, envolvendo representantes da academia, ind\u00fastria, organismos p\u00fablicos e demais partes interessadas, com o objetivo de contribuir para a defini\u00e7\u00e3o de prioridades e diretrizes que suportem a competitividade futura do ecossistema europeu de Materiais Avan\u00e7ados.<\/p>\n\n\n\n<p>A iniciativa ser\u00e1 complementada pelo evento \u201cFuturo do Ecossistema Europeu de Materiais Avan\u00e7ados\u201d, a decorrer de 27 a 28 de novembro, em Aveiro e no Porto, proporcionando uma an\u00e1lise detalhada do ecossistema da Pen\u00ednsula Ib\u00e9rica e refor\u00e7ando a articula\u00e7\u00e3o entre os seus principais intervenientes.<\/p>\n\n\n\n<p>O programa pode ser consultado&nbsp;<a href=\"https:\/\/www.ciceco.ua.pt\/?language=eng&amp;menu=698&amp;tabela=geral\">aqui<\/a>. &nbsp;<\/p>\n\n\n\n<p>As inscri\u00e7\u00f5es est\u00e3o dispon\u00edveis&nbsp;<a href=\"https:\/\/forms.cloud.microsoft\/pages\/responsepage.aspx?id=rloCwbmYIUC0tsIBIUuITuxMFJys891Es5RH_SeXhM5UQ1U1TVA2NVZYNU5LUEVQVDZSQjFXQzRPTy4u&amp;route=shorturl\">aqui.<\/a><\/p>\n","protected":false},"excerpt":{"rendered":"<p>26 e 27 de novembro, Aveiro No contexto da implementa\u00e7\u00e3o da Comunica\u00e7\u00e3o sobre Materiais Avan\u00e7ados para a Lideran\u00e7a Industrial, atualmente em curso na Uni\u00e3o Europeia, realiza-se nos dias 26 e 27 de novembro, na Universidade de Aveiro, o evento \u201cFuturo dos Materiais Avan\u00e7ados na Europa\u201d. A iniciativa \u00e9 organizada pelo Technology Council for Advanced Materials, [&hellip;]<\/p>\n","protected":false},"featured_media":43185,"template":"","meta":{"_acf_changed":false,"_et_pb_use_builder":"off","_et_pb_old_content":"","_et_gb_content_width":"","footnotes":""},"categoria-eventos":[907],"class_list":["post-44572","evento","type-evento","status-publish","has-post-thumbnail","hentry","categoria-eventos-eventos-conferencias"],"acf":[],"yoast_head":"<!-- This site is optimized with the Yoast SEO plugin v27.4 - https:\/\/yoast.com\/product\/yoast-seo-wordpress\/ -->\n<title>Universidade de Aveiro acolhe encontro europeu dedicado ao futuro dos Materiais Avan\u00e7ados - ANI<\/title>\n<meta name=\"robots\" content=\"index, follow, max-snippet:-1, max-image-preview:large, max-video-preview:-1\" \/>\n<link rel=\"canonical\" href=\"https:\/\/ani.pt\/en\/evento\/universidade-de-aveiro-acolhe-encontro-europeu-dedicado-ao-futuro-dos-materiais-avancados\/\" \/>\n<meta property=\"og:locale\" content=\"en_US\" \/>\n<meta property=\"og:type\" content=\"article\" \/>\n<meta property=\"og:title\" content=\"Universidade de Aveiro acolhe encontro europeu dedicado ao futuro dos Materiais Avan\u00e7ados - ANI\" \/>\n<meta property=\"og:description\" content=\"26 e 27 de novembro, Aveiro No contexto da implementa\u00e7\u00e3o da Comunica\u00e7\u00e3o sobre Materiais Avan\u00e7ados para a Lideran\u00e7a Industrial, atualmente em curso na Uni\u00e3o Europeia, realiza-se nos dias 26 e 27 de novembro, na Universidade de Aveiro, o evento \u201cFuturo dos Materiais Avan\u00e7ados na Europa\u201d. A iniciativa \u00e9 organizada pelo Technology Council for Advanced Materials, [&hellip;]\" \/>\n<meta property=\"og:url\" content=\"https:\/\/ani.pt\/en\/evento\/universidade-de-aveiro-acolhe-encontro-europeu-dedicado-ao-futuro-dos-materiais-avancados\/\" \/>\n<meta property=\"og:site_name\" content=\"ANI\" \/>\n<meta property=\"article:publisher\" content=\"https:\/\/www.facebook.com\/agencianacionaldeinovacao\/\" \/>\n<meta property=\"article:modified_time\" content=\"2026-02-06T12:57:22+00:00\" \/>\n<meta property=\"og:image\" content=\"https:\/\/ani.pt\/wp-content\/uploads\/2025\/11\/FAME.jpg\" \/>\n\t<meta property=\"og:image:width\" content=\"1200\" \/>\n\t<meta property=\"og:image:height\" content=\"768\" \/>\n\t<meta property=\"og:image:type\" content=\"image\/jpeg\" \/>\n<meta name=\"twitter:card\" content=\"summary_large_image\" \/>\n<meta name=\"twitter:label1\" content=\"Est. reading time\" \/>\n\t<meta name=\"twitter:data1\" content=\"2 minutes\" \/>\n<script type=\"application\/ld+json\" class=\"yoast-schema-graph\">{\"@context\":\"https:\\\/\\\/schema.org\",\"@graph\":[{\"@type\":\"WebPage\",\"@id\":\"https:\\\/\\\/ani.pt\\\/en\\\/evento\\\/universidade-de-aveiro-acolhe-encontro-europeu-dedicado-ao-futuro-dos-materiais-avancados\\\/\",\"url\":\"https:\\\/\\\/ani.pt\\\/en\\\/evento\\\/universidade-de-aveiro-acolhe-encontro-europeu-dedicado-ao-futuro-dos-materiais-avancados\\\/\",\"name\":\"Universidade de Aveiro acolhe encontro europeu dedicado ao futuro dos Materiais Avan\u00e7ados - ANI\",\"isPartOf\":{\"@id\":\"https:\\\/\\\/ani.pt\\\/en\\\/#website\"},\"primaryImageOfPage\":{\"@id\":\"https:\\\/\\\/ani.pt\\\/en\\\/evento\\\/universidade-de-aveiro-acolhe-encontro-europeu-dedicado-ao-futuro-dos-materiais-avancados\\\/#primaryimage\"},\"image\":{\"@id\":\"https:\\\/\\\/ani.pt\\\/en\\\/evento\\\/universidade-de-aveiro-acolhe-encontro-europeu-dedicado-ao-futuro-dos-materiais-avancados\\\/#primaryimage\"},\"thumbnailUrl\":\"https:\\\/\\\/ani.pt\\\/wp-content\\\/uploads\\\/2025\\\/11\\\/eventos_FAME_UA.png\",\"datePublished\":\"2026-02-06T12:57:18+00:00\",\"dateModified\":\"2026-02-06T12:57:22+00:00\",\"breadcrumb\":{\"@id\":\"https:\\\/\\\/ani.pt\\\/en\\\/evento\\\/universidade-de-aveiro-acolhe-encontro-europeu-dedicado-ao-futuro-dos-materiais-avancados\\\/#breadcrumb\"},\"inLanguage\":\"en-US\",\"potentialAction\":[{\"@type\":\"ReadAction\",\"target\":[\"https:\\\/\\\/ani.pt\\\/en\\\/evento\\\/universidade-de-aveiro-acolhe-encontro-europeu-dedicado-ao-futuro-dos-materiais-avancados\\\/\"]}]},{\"@type\":\"ImageObject\",\"inLanguage\":\"en-US\",\"@id\":\"https:\\\/\\\/ani.pt\\\/en\\\/evento\\\/universidade-de-aveiro-acolhe-encontro-europeu-dedicado-ao-futuro-dos-materiais-avancados\\\/#primaryimage\",\"url\":\"https:\\\/\\\/ani.pt\\\/wp-content\\\/uploads\\\/2025\\\/11\\\/eventos_FAME_UA.png\",\"contentUrl\":\"https:\\\/\\\/ani.pt\\\/wp-content\\\/uploads\\\/2025\\\/11\\\/eventos_FAME_UA.png\",\"width\":1920,\"height\":1080},{\"@type\":\"BreadcrumbList\",\"@id\":\"https:\\\/\\\/ani.pt\\\/en\\\/evento\\\/universidade-de-aveiro-acolhe-encontro-europeu-dedicado-ao-futuro-dos-materiais-avancados\\\/#breadcrumb\",\"itemListElement\":[{\"@type\":\"ListItem\",\"position\":1,\"name\":\"Homepage\",\"item\":\"https:\\\/\\\/ani.pt\\\/en\\\/\"},{\"@type\":\"ListItem\",\"position\":2,\"name\":\"Eventos\",\"item\":\"https:\\\/\\\/ani.pt\\\/en\\\/evento\\\/\"},{\"@type\":\"ListItem\",\"position\":3,\"name\":\"Eventos &amp; Confer\u00eancias\",\"item\":\"https:\\\/\\\/ani.pt\\\/en\\\/categoria-eventos\\\/eventos-conferencias\\\/\"},{\"@type\":\"ListItem\",\"position\":4,\"name\":\"Universidade de Aveiro acolhe encontro europeu dedicado ao futuro dos Materiais Avan\u00e7ados\"}]},{\"@type\":\"WebSite\",\"@id\":\"https:\\\/\\\/ani.pt\\\/en\\\/#website\",\"url\":\"https:\\\/\\\/ani.pt\\\/en\\\/\",\"name\":\"ANI\",\"description\":\"\",\"potentialAction\":[{\"@type\":\"SearchAction\",\"target\":{\"@type\":\"EntryPoint\",\"urlTemplate\":\"https:\\\/\\\/ani.pt\\\/en\\\/?s={search_term_string}\"},\"query-input\":{\"@type\":\"PropertyValueSpecification\",\"valueRequired\":true,\"valueName\":\"search_term_string\"}}],\"inLanguage\":\"en-US\"}]}<\/script>\n<!-- \/ Yoast SEO plugin. -->","yoast_head_json":{"title":"Universidade de Aveiro acolhe encontro europeu dedicado ao futuro dos Materiais Avan\u00e7ados - ANI","robots":{"index":"index","follow":"follow","max-snippet":"max-snippet:-1","max-image-preview":"max-image-preview:large","max-video-preview":"max-video-preview:-1"},"canonical":"https:\/\/ani.pt\/en\/evento\/universidade-de-aveiro-acolhe-encontro-europeu-dedicado-ao-futuro-dos-materiais-avancados\/","og_locale":"en_US","og_type":"article","og_title":"Universidade de Aveiro acolhe encontro europeu dedicado ao futuro dos Materiais Avan\u00e7ados - ANI","og_description":"26 e 27 de novembro, Aveiro No contexto da implementa\u00e7\u00e3o da Comunica\u00e7\u00e3o sobre Materiais Avan\u00e7ados para a Lideran\u00e7a Industrial, atualmente em curso na Uni\u00e3o Europeia, realiza-se nos dias 26 e 27 de novembro, na Universidade de Aveiro, o evento \u201cFuturo dos Materiais Avan\u00e7ados na Europa\u201d. A iniciativa \u00e9 organizada pelo Technology Council for Advanced Materials, [&hellip;]","og_url":"https:\/\/ani.pt\/en\/evento\/universidade-de-aveiro-acolhe-encontro-europeu-dedicado-ao-futuro-dos-materiais-avancados\/","og_site_name":"ANI","article_publisher":"https:\/\/www.facebook.com\/agencianacionaldeinovacao\/","article_modified_time":"2026-02-06T12:57:22+00:00","og_image":[{"width":1200,"height":768,"url":"https:\/\/ani.pt\/wp-content\/uploads\/2025\/11\/FAME.jpg","type":"image\/jpeg"}],"twitter_card":"summary_large_image","twitter_misc":{"Est. reading time":"2 minutes"},"schema":{"@context":"https:\/\/schema.org","@graph":[{"@type":"WebPage","@id":"https:\/\/ani.pt\/en\/evento\/universidade-de-aveiro-acolhe-encontro-europeu-dedicado-ao-futuro-dos-materiais-avancados\/","url":"https:\/\/ani.pt\/en\/evento\/universidade-de-aveiro-acolhe-encontro-europeu-dedicado-ao-futuro-dos-materiais-avancados\/","name":"Universidade de Aveiro acolhe encontro europeu dedicado ao futuro dos Materiais Avan\u00e7ados - ANI","isPartOf":{"@id":"https:\/\/ani.pt\/en\/#website"},"primaryImageOfPage":{"@id":"https:\/\/ani.pt\/en\/evento\/universidade-de-aveiro-acolhe-encontro-europeu-dedicado-ao-futuro-dos-materiais-avancados\/#primaryimage"},"image":{"@id":"https:\/\/ani.pt\/en\/evento\/universidade-de-aveiro-acolhe-encontro-europeu-dedicado-ao-futuro-dos-materiais-avancados\/#primaryimage"},"thumbnailUrl":"https:\/\/ani.pt\/wp-content\/uploads\/2025\/11\/eventos_FAME_UA.png","datePublished":"2026-02-06T12:57:18+00:00","dateModified":"2026-02-06T12:57:22+00:00","breadcrumb":{"@id":"https:\/\/ani.pt\/en\/evento\/universidade-de-aveiro-acolhe-encontro-europeu-dedicado-ao-futuro-dos-materiais-avancados\/#breadcrumb"},"inLanguage":"en-US","potentialAction":[{"@type":"ReadAction","target":["https:\/\/ani.pt\/en\/evento\/universidade-de-aveiro-acolhe-encontro-europeu-dedicado-ao-futuro-dos-materiais-avancados\/"]}]},{"@type":"ImageObject","inLanguage":"en-US","@id":"https:\/\/ani.pt\/en\/evento\/universidade-de-aveiro-acolhe-encontro-europeu-dedicado-ao-futuro-dos-materiais-avancados\/#primaryimage","url":"https:\/\/ani.pt\/wp-content\/uploads\/2025\/11\/eventos_FAME_UA.png","contentUrl":"https:\/\/ani.pt\/wp-content\/uploads\/2025\/11\/eventos_FAME_UA.png","width":1920,"height":1080},{"@type":"BreadcrumbList","@id":"https:\/\/ani.pt\/en\/evento\/universidade-de-aveiro-acolhe-encontro-europeu-dedicado-ao-futuro-dos-materiais-avancados\/#breadcrumb","itemListElement":[{"@type":"ListItem","position":1,"name":"Homepage","item":"https:\/\/ani.pt\/en\/"},{"@type":"ListItem","position":2,"name":"Eventos","item":"https:\/\/ani.pt\/en\/evento\/"},{"@type":"ListItem","position":3,"name":"Eventos &amp; Confer\u00eancias","item":"https:\/\/ani.pt\/en\/categoria-eventos\/eventos-conferencias\/"},{"@type":"ListItem","position":4,"name":"Universidade de Aveiro acolhe encontro europeu dedicado ao futuro dos Materiais Avan\u00e7ados"}]},{"@type":"WebSite","@id":"https:\/\/ani.pt\/en\/#website","url":"https:\/\/ani.pt\/en\/","name":"ANI","description":"","potentialAction":[{"@type":"SearchAction","target":{"@type":"EntryPoint","urlTemplate":"https:\/\/ani.pt\/en\/?s={search_term_string}"},"query-input":{"@type":"PropertyValueSpecification","valueRequired":true,"valueName":"search_term_string"}}],"inLanguage":"en-US"}]}},"_links":{"self":[{"href":"https:\/\/ani.pt\/en\/wp-json\/wp\/v2\/evento\/44572","targetHints":{"allow":["GET"]}}],"collection":[{"href":"https:\/\/ani.pt\/en\/wp-json\/wp\/v2\/evento"}],"about":[{"href":"https:\/\/ani.pt\/en\/wp-json\/wp\/v2\/types\/evento"}],"version-history":[{"count":1,"href":"https:\/\/ani.pt\/en\/wp-json\/wp\/v2\/evento\/44572\/revisions"}],"predecessor-version":[{"id":44573,"href":"https:\/\/ani.pt\/en\/wp-json\/wp\/v2\/evento\/44572\/revisions\/44573"}],"wp:featuredmedia":[{"embeddable":true,"href":"https:\/\/ani.pt\/en\/wp-json\/wp\/v2\/media\/43185"}],"wp:attachment":[{"href":"https:\/\/ani.pt\/en\/wp-json\/wp\/v2\/media?parent=44572"}],"wp:term":[{"taxonomy":"categoria-eventos","embeddable":true,"href":"https:\/\/ani.pt\/en\/wp-json\/wp\/v2\/categoria-eventos?post=44572"}],"curies":[{"name":"wp","href":"https:\/\/api.w.org\/{rel}","templated":true}]}}