{"id":44570,"date":"2026-02-06T12:53:36","date_gmt":"2026-02-06T12:53:36","guid":{"rendered":"https:\/\/ani.pt\/?post_type=evento&#038;p=44570"},"modified":"2026-02-06T12:53:42","modified_gmt":"2026-02-06T12:53:42","slug":"1-o-encontro-iberico-de-normalizacao-reuniu-cerca-de-300-participantes-e-promoveu-o-debate-sobre-o-passaporte-digital-de-produto","status":"publish","type":"evento","link":"https:\/\/ani.pt\/en\/evento\/1-o-encontro-iberico-de-normalizacao-reuniu-cerca-de-300-participantes-e-promoveu-o-debate-sobre-o-passaporte-digital-de-produto\/","title":{"rendered":"1.\u00ba Encontro Ib\u00e9rico de Normaliza\u00e7\u00e3o reuniu cerca de 300 participantes e promoveu o debate sobre o Passaporte Digital de Produto"},"content":{"rendered":"\n<p>O Instituto Portugu\u00eas da Qualidade (IPQ) acolheu, no dia 28 de outubro, o 1.\u00ba Encontro Ib\u00e9rico de Normaliza\u00e7\u00e3o, uma iniciativa conjunta com a Asociaci\u00f3n Espa\u00f1ola de Normalizaci\u00f3n (UNE), que teve lugar no Audit\u00f3rio Ricardo Fernandes, no IPQ | Caparica.<\/p>\n\n\n\n<p>Sob o tema \u201cParcerias para um Mercado Digital Sustent\u00e1vel e Competitivo\u201d, o encontro integrou as comemora\u00e7\u00f5es do Dia Mundial da Normaliza\u00e7\u00e3o, dedicado ao Objetivo de Desenvolvimento Sustent\u00e1vel 17 \u2013 Parcerias para a Implementa\u00e7\u00e3o dos ODS, reunindo cerca de 300 participantes. Estiveram presentes representantes empresariais, t\u00e9cnicos e institucionais de Portugal e Espanha, incluindo diversas empresas espanholas, num debate centrado nos desafios da transi\u00e7\u00e3o digital e sustent\u00e1vel.<\/p>\n\n\n\n<p>O Passaporte Digital de Produto (PDP), projeto estrat\u00e9gico da Uni\u00e3o Europeia (UE) que visa refor\u00e7ar a rastreabilidade, circularidade e conformidade regulat\u00f3ria ao longo do ciclo de vida dos produtos, assumiu o papel central do encontro, ilustrando a import\u00e2ncia da normaliza\u00e7\u00e3o enquanto ferramenta essencial para a sustentabilidade e competitividade industrial.<\/p>\n\n\n\n<p>A ANI participou na qualidade de vogal da CT 228 Comiss\u00e3o T\u00e9cnica de Normaliza\u00e7\u00e3o Portuguesa dedicada ao \u201cPassaporte Digital de Produto\u201d, CT presidida e secretariada pela GS1 Portugal, acompanhando os desafios de implementa\u00e7\u00e3o do PDP, apresentados pela CE \u2013 DG Grow e por especialistas nacionais e internacionais, dos setores da constru\u00e7\u00e3o e metalurgia, t\u00eaxtil e baterias.<\/p>\n\n\n\n<p>Mais informa\u00e7\u00f5es&nbsp;<a href=\"https:\/\/www.ipq.pt\/\">aqui<\/a>.<\/p>\n","protected":false},"excerpt":{"rendered":"<p>O Instituto Portugu\u00eas da Qualidade (IPQ) acolheu, no dia 28 de outubro, o 1.\u00ba Encontro Ib\u00e9rico de Normaliza\u00e7\u00e3o, uma iniciativa conjunta com a Asociaci\u00f3n Espa\u00f1ola de Normalizaci\u00f3n (UNE), que teve lugar no Audit\u00f3rio Ricardo Fernandes, no IPQ | Caparica. Sob o tema \u201cParcerias para um Mercado Digital Sustent\u00e1vel e Competitivo\u201d, o encontro integrou as comemora\u00e7\u00f5es [&hellip;]<\/p>\n","protected":false},"featured_media":42996,"template":"","meta":{"_acf_changed":false,"_et_pb_use_builder":"off","_et_pb_old_content":"","_et_gb_content_width":"","footnotes":""},"categoria-eventos":[907],"class_list":["post-44570","evento","type-evento","status-publish","has-post-thumbnail","hentry","categoria-eventos-eventos-conferencias"],"acf":[],"yoast_head":"<!-- This site is optimized with the Yoast SEO plugin v27.4 - https:\/\/yoast.com\/product\/yoast-seo-wordpress\/ -->\n<title>1.\u00ba Encontro Ib\u00e9rico de Normaliza\u00e7\u00e3o reuniu cerca de 300 participantes e promoveu o debate sobre o Passaporte Digital de Produto - ANI<\/title>\n<meta name=\"robots\" content=\"index, follow, max-snippet:-1, max-image-preview:large, max-video-preview:-1\" \/>\n<link rel=\"canonical\" href=\"https:\/\/ani.pt\/en\/evento\/1-o-encontro-iberico-de-normalizacao-reuniu-cerca-de-300-participantes-e-promoveu-o-debate-sobre-o-passaporte-digital-de-produto\/\" \/>\n<meta property=\"og:locale\" content=\"en_US\" \/>\n<meta property=\"og:type\" content=\"article\" \/>\n<meta property=\"og:title\" content=\"1.\u00ba Encontro Ib\u00e9rico de Normaliza\u00e7\u00e3o reuniu cerca de 300 participantes e promoveu o debate sobre o Passaporte Digital de Produto - ANI\" \/>\n<meta property=\"og:description\" content=\"O Instituto Portugu\u00eas da Qualidade (IPQ) acolheu, no dia 28 de outubro, o 1.\u00ba Encontro Ib\u00e9rico de Normaliza\u00e7\u00e3o, uma iniciativa conjunta com a Asociaci\u00f3n Espa\u00f1ola de Normalizaci\u00f3n (UNE), que teve lugar no Audit\u00f3rio Ricardo Fernandes, no IPQ | Caparica. Sob o tema \u201cParcerias para um Mercado Digital Sustent\u00e1vel e Competitivo\u201d, o encontro integrou as comemora\u00e7\u00f5es [&hellip;]\" \/>\n<meta property=\"og:url\" content=\"https:\/\/ani.pt\/en\/evento\/1-o-encontro-iberico-de-normalizacao-reuniu-cerca-de-300-participantes-e-promoveu-o-debate-sobre-o-passaporte-digital-de-produto\/\" \/>\n<meta property=\"og:site_name\" content=\"ANI\" \/>\n<meta property=\"article:publisher\" content=\"https:\/\/www.facebook.com\/agencianacionaldeinovacao\/\" \/>\n<meta property=\"article:modified_time\" content=\"2026-02-06T12:53:42+00:00\" \/>\n<meta name=\"twitter:card\" content=\"summary_large_image\" \/>\n<meta name=\"twitter:label1\" content=\"Est. reading time\" \/>\n\t<meta name=\"twitter:data1\" content=\"2 minutes\" \/>\n<script type=\"application\/ld+json\" class=\"yoast-schema-graph\">{\"@context\":\"https:\\\/\\\/schema.org\",\"@graph\":[{\"@type\":\"WebPage\",\"@id\":\"https:\\\/\\\/ani.pt\\\/en\\\/evento\\\/1-o-encontro-iberico-de-normalizacao-reuniu-cerca-de-300-participantes-e-promoveu-o-debate-sobre-o-passaporte-digital-de-produto\\\/\",\"url\":\"https:\\\/\\\/ani.pt\\\/en\\\/evento\\\/1-o-encontro-iberico-de-normalizacao-reuniu-cerca-de-300-participantes-e-promoveu-o-debate-sobre-o-passaporte-digital-de-produto\\\/\",\"name\":\"1.\u00ba Encontro Ib\u00e9rico de Normaliza\u00e7\u00e3o reuniu cerca de 300 participantes e promoveu o debate sobre o Passaporte Digital de Produto - ANI\",\"isPartOf\":{\"@id\":\"https:\\\/\\\/ani.pt\\\/en\\\/#website\"},\"primaryImageOfPage\":{\"@id\":\"https:\\\/\\\/ani.pt\\\/en\\\/evento\\\/1-o-encontro-iberico-de-normalizacao-reuniu-cerca-de-300-participantes-e-promoveu-o-debate-sobre-o-passaporte-digital-de-produto\\\/#primaryimage\"},\"image\":{\"@id\":\"https:\\\/\\\/ani.pt\\\/en\\\/evento\\\/1-o-encontro-iberico-de-normalizacao-reuniu-cerca-de-300-participantes-e-promoveu-o-debate-sobre-o-passaporte-digital-de-produto\\\/#primaryimage\"},\"thumbnailUrl\":\"https:\\\/\\\/ani.pt\\\/wp-content\\\/uploads\\\/2025\\\/11\\\/noticias_Encontro-Iberico-de-Normalizacao.png\",\"datePublished\":\"2026-02-06T12:53:36+00:00\",\"dateModified\":\"2026-02-06T12:53:42+00:00\",\"breadcrumb\":{\"@id\":\"https:\\\/\\\/ani.pt\\\/en\\\/evento\\\/1-o-encontro-iberico-de-normalizacao-reuniu-cerca-de-300-participantes-e-promoveu-o-debate-sobre-o-passaporte-digital-de-produto\\\/#breadcrumb\"},\"inLanguage\":\"en-US\",\"potentialAction\":[{\"@type\":\"ReadAction\",\"target\":[\"https:\\\/\\\/ani.pt\\\/en\\\/evento\\\/1-o-encontro-iberico-de-normalizacao-reuniu-cerca-de-300-participantes-e-promoveu-o-debate-sobre-o-passaporte-digital-de-produto\\\/\"]}]},{\"@type\":\"ImageObject\",\"inLanguage\":\"en-US\",\"@id\":\"https:\\\/\\\/ani.pt\\\/en\\\/evento\\\/1-o-encontro-iberico-de-normalizacao-reuniu-cerca-de-300-participantes-e-promoveu-o-debate-sobre-o-passaporte-digital-de-produto\\\/#primaryimage\",\"url\":\"https:\\\/\\\/ani.pt\\\/wp-content\\\/uploads\\\/2025\\\/11\\\/noticias_Encontro-Iberico-de-Normalizacao.png\",\"contentUrl\":\"https:\\\/\\\/ani.pt\\\/wp-content\\\/uploads\\\/2025\\\/11\\\/noticias_Encontro-Iberico-de-Normalizacao.png\",\"width\":1920,\"height\":1080},{\"@type\":\"BreadcrumbList\",\"@id\":\"https:\\\/\\\/ani.pt\\\/en\\\/evento\\\/1-o-encontro-iberico-de-normalizacao-reuniu-cerca-de-300-participantes-e-promoveu-o-debate-sobre-o-passaporte-digital-de-produto\\\/#breadcrumb\",\"itemListElement\":[{\"@type\":\"ListItem\",\"position\":1,\"name\":\"Homepage\",\"item\":\"https:\\\/\\\/ani.pt\\\/en\\\/\"},{\"@type\":\"ListItem\",\"position\":2,\"name\":\"Eventos\",\"item\":\"https:\\\/\\\/ani.pt\\\/en\\\/evento\\\/\"},{\"@type\":\"ListItem\",\"position\":3,\"name\":\"Eventos &amp; Confer\u00eancias\",\"item\":\"https:\\\/\\\/ani.pt\\\/en\\\/categoria-eventos\\\/eventos-conferencias\\\/\"},{\"@type\":\"ListItem\",\"position\":4,\"name\":\"1.\u00ba Encontro Ib\u00e9rico de Normaliza\u00e7\u00e3o reuniu cerca de 300 participantes e promoveu o debate sobre o Passaporte Digital de Produto\"}]},{\"@type\":\"WebSite\",\"@id\":\"https:\\\/\\\/ani.pt\\\/en\\\/#website\",\"url\":\"https:\\\/\\\/ani.pt\\\/en\\\/\",\"name\":\"ANI\",\"description\":\"\",\"potentialAction\":[{\"@type\":\"SearchAction\",\"target\":{\"@type\":\"EntryPoint\",\"urlTemplate\":\"https:\\\/\\\/ani.pt\\\/en\\\/?s={search_term_string}\"},\"query-input\":{\"@type\":\"PropertyValueSpecification\",\"valueRequired\":true,\"valueName\":\"search_term_string\"}}],\"inLanguage\":\"en-US\"}]}<\/script>\n<!-- \/ Yoast SEO plugin. -->","yoast_head_json":{"title":"1.\u00ba Encontro Ib\u00e9rico de Normaliza\u00e7\u00e3o reuniu cerca de 300 participantes e promoveu o debate sobre o Passaporte Digital de Produto - ANI","robots":{"index":"index","follow":"follow","max-snippet":"max-snippet:-1","max-image-preview":"max-image-preview:large","max-video-preview":"max-video-preview:-1"},"canonical":"https:\/\/ani.pt\/en\/evento\/1-o-encontro-iberico-de-normalizacao-reuniu-cerca-de-300-participantes-e-promoveu-o-debate-sobre-o-passaporte-digital-de-produto\/","og_locale":"en_US","og_type":"article","og_title":"1.\u00ba Encontro Ib\u00e9rico de Normaliza\u00e7\u00e3o reuniu cerca de 300 participantes e promoveu o debate sobre o Passaporte Digital de Produto - ANI","og_description":"O Instituto Portugu\u00eas da Qualidade (IPQ) acolheu, no dia 28 de outubro, o 1.\u00ba Encontro Ib\u00e9rico de Normaliza\u00e7\u00e3o, uma iniciativa conjunta com a Asociaci\u00f3n Espa\u00f1ola de Normalizaci\u00f3n (UNE), que teve lugar no Audit\u00f3rio Ricardo Fernandes, no IPQ | Caparica. Sob o tema \u201cParcerias para um Mercado Digital Sustent\u00e1vel e Competitivo\u201d, o encontro integrou as comemora\u00e7\u00f5es [&hellip;]","og_url":"https:\/\/ani.pt\/en\/evento\/1-o-encontro-iberico-de-normalizacao-reuniu-cerca-de-300-participantes-e-promoveu-o-debate-sobre-o-passaporte-digital-de-produto\/","og_site_name":"ANI","article_publisher":"https:\/\/www.facebook.com\/agencianacionaldeinovacao\/","article_modified_time":"2026-02-06T12:53:42+00:00","twitter_card":"summary_large_image","twitter_misc":{"Est. reading time":"2 minutes"},"schema":{"@context":"https:\/\/schema.org","@graph":[{"@type":"WebPage","@id":"https:\/\/ani.pt\/en\/evento\/1-o-encontro-iberico-de-normalizacao-reuniu-cerca-de-300-participantes-e-promoveu-o-debate-sobre-o-passaporte-digital-de-produto\/","url":"https:\/\/ani.pt\/en\/evento\/1-o-encontro-iberico-de-normalizacao-reuniu-cerca-de-300-participantes-e-promoveu-o-debate-sobre-o-passaporte-digital-de-produto\/","name":"1.\u00ba Encontro Ib\u00e9rico de Normaliza\u00e7\u00e3o reuniu cerca de 300 participantes e promoveu o debate sobre o Passaporte Digital de Produto - ANI","isPartOf":{"@id":"https:\/\/ani.pt\/en\/#website"},"primaryImageOfPage":{"@id":"https:\/\/ani.pt\/en\/evento\/1-o-encontro-iberico-de-normalizacao-reuniu-cerca-de-300-participantes-e-promoveu-o-debate-sobre-o-passaporte-digital-de-produto\/#primaryimage"},"image":{"@id":"https:\/\/ani.pt\/en\/evento\/1-o-encontro-iberico-de-normalizacao-reuniu-cerca-de-300-participantes-e-promoveu-o-debate-sobre-o-passaporte-digital-de-produto\/#primaryimage"},"thumbnailUrl":"https:\/\/ani.pt\/wp-content\/uploads\/2025\/11\/noticias_Encontro-Iberico-de-Normalizacao.png","datePublished":"2026-02-06T12:53:36+00:00","dateModified":"2026-02-06T12:53:42+00:00","breadcrumb":{"@id":"https:\/\/ani.pt\/en\/evento\/1-o-encontro-iberico-de-normalizacao-reuniu-cerca-de-300-participantes-e-promoveu-o-debate-sobre-o-passaporte-digital-de-produto\/#breadcrumb"},"inLanguage":"en-US","potentialAction":[{"@type":"ReadAction","target":["https:\/\/ani.pt\/en\/evento\/1-o-encontro-iberico-de-normalizacao-reuniu-cerca-de-300-participantes-e-promoveu-o-debate-sobre-o-passaporte-digital-de-produto\/"]}]},{"@type":"ImageObject","inLanguage":"en-US","@id":"https:\/\/ani.pt\/en\/evento\/1-o-encontro-iberico-de-normalizacao-reuniu-cerca-de-300-participantes-e-promoveu-o-debate-sobre-o-passaporte-digital-de-produto\/#primaryimage","url":"https:\/\/ani.pt\/wp-content\/uploads\/2025\/11\/noticias_Encontro-Iberico-de-Normalizacao.png","contentUrl":"https:\/\/ani.pt\/wp-content\/uploads\/2025\/11\/noticias_Encontro-Iberico-de-Normalizacao.png","width":1920,"height":1080},{"@type":"BreadcrumbList","@id":"https:\/\/ani.pt\/en\/evento\/1-o-encontro-iberico-de-normalizacao-reuniu-cerca-de-300-participantes-e-promoveu-o-debate-sobre-o-passaporte-digital-de-produto\/#breadcrumb","itemListElement":[{"@type":"ListItem","position":1,"name":"Homepage","item":"https:\/\/ani.pt\/en\/"},{"@type":"ListItem","position":2,"name":"Eventos","item":"https:\/\/ani.pt\/en\/evento\/"},{"@type":"ListItem","position":3,"name":"Eventos &amp; Confer\u00eancias","item":"https:\/\/ani.pt\/en\/categoria-eventos\/eventos-conferencias\/"},{"@type":"ListItem","position":4,"name":"1.\u00ba Encontro Ib\u00e9rico de Normaliza\u00e7\u00e3o reuniu cerca de 300 participantes e promoveu o debate sobre o Passaporte Digital de Produto"}]},{"@type":"WebSite","@id":"https:\/\/ani.pt\/en\/#website","url":"https:\/\/ani.pt\/en\/","name":"ANI","description":"","potentialAction":[{"@type":"SearchAction","target":{"@type":"EntryPoint","urlTemplate":"https:\/\/ani.pt\/en\/?s={search_term_string}"},"query-input":{"@type":"PropertyValueSpecification","valueRequired":true,"valueName":"search_term_string"}}],"inLanguage":"en-US"}]}},"_links":{"self":[{"href":"https:\/\/ani.pt\/en\/wp-json\/wp\/v2\/evento\/44570","targetHints":{"allow":["GET"]}}],"collection":[{"href":"https:\/\/ani.pt\/en\/wp-json\/wp\/v2\/evento"}],"about":[{"href":"https:\/\/ani.pt\/en\/wp-json\/wp\/v2\/types\/evento"}],"version-history":[{"count":1,"href":"https:\/\/ani.pt\/en\/wp-json\/wp\/v2\/evento\/44570\/revisions"}],"predecessor-version":[{"id":44571,"href":"https:\/\/ani.pt\/en\/wp-json\/wp\/v2\/evento\/44570\/revisions\/44571"}],"wp:featuredmedia":[{"embeddable":true,"href":"https:\/\/ani.pt\/en\/wp-json\/wp\/v2\/media\/42996"}],"wp:attachment":[{"href":"https:\/\/ani.pt\/en\/wp-json\/wp\/v2\/media?parent=44570"}],"wp:term":[{"taxonomy":"categoria-eventos","embeddable":true,"href":"https:\/\/ani.pt\/en\/wp-json\/wp\/v2\/categoria-eventos?post=44570"}],"curies":[{"name":"wp","href":"https:\/\/api.w.org\/{rel}","templated":true}]}}