{"id":44566,"date":"2026-02-06T12:49:59","date_gmt":"2026-02-06T12:49:59","guid":{"rendered":"https:\/\/ani.pt\/?post_type=evento&#038;p=44566"},"modified":"2026-02-09T14:55:51","modified_gmt":"2026-02-09T14:55:51","slug":"ani-promove-sessao-de-informacao-dedicada-as-oportunidades-de-financiamento-nas-areas-das-ciencias-do-clima-e-adaptacao-as-alteracoes-climaticas","status":"publish","type":"evento","link":"https:\/\/ani.pt\/en\/evento\/ani-promove-sessao-de-informacao-dedicada-as-oportunidades-de-financiamento-nas-areas-das-ciencias-do-clima-e-adaptacao-as-alteracoes-climaticas\/","title":{"rendered":"ANI promove sess\u00e3o de informa\u00e7\u00e3o dedicada \u00e0s oportunidades de financiamento nas \u00e1reas das ci\u00eancias do clima e adapta\u00e7\u00e3o \u00e0s altera\u00e7\u00f5es clim\u00e1ticas"},"content":{"rendered":"\n<figure class=\"wp-block-image\"><img decoding=\"async\" width=\"1024\" height=\"576\" src=\"https:\/\/ani.pt\/wp-content\/uploads\/2025\/11\/website-1024x576.png\" alt=\"\" class=\"wp-image-43546\" srcset=\"https:\/\/ani.pt\/wp-content\/uploads\/2025\/11\/website-980x551.png 980w, https:\/\/ani.pt\/wp-content\/uploads\/2025\/11\/website-480x270.png 480w\" sizes=\"(min-width: 0px) and (max-width: 480px) 480px, (min-width: 481px) and (max-width: 980px) 980px, (min-width: 981px) 1024px, 100vw\" \/><\/figure>\n\n\n\n<p class=\"has-text-align-center\"><strong>15 de dezembro, online<\/strong><\/p>\n\n\n\n<p>A ANI promove a sess\u00e3o informativa \u201cHorizon Europe Funding for Climate Adaptation: Cluster 5, Mission Adaptation &amp; EIC Challenge Opportunities for 2026\/27\u201d, dedicada \u00e0s oportunidades de financiamento nas \u00e1reas das ci\u00eancias do clima e adapta\u00e7\u00e3o \u00e0s altera\u00e7\u00f5es clim\u00e1ticas. Ser\u00e3o apresentadas as oportunidades previstas para 2026 e 2027 no \u00e2mbito da&nbsp;<strong>Destination 1 do Cluster 5 \u2013 Clima<\/strong>, da&nbsp;<strong>Miss\u00e3o Adapta\u00e7\u00e3o \u00e0s Altera\u00e7\u00f5es Clim\u00e1ticas<\/strong>&nbsp;e do&nbsp;<a href=\"https:\/\/eic.ec.europa.eu\/eic-funding-opportunities\/eic-accelerator\/eic-accelerator-challenges-2026\/deep-tech-climate-adaptation_en\" target=\"_blank\" rel=\"noreferrer noopener\"><strong>EIC Challenge \u2018Deep Tech for Climate Adaptation\u2019<\/strong><\/a>&nbsp;do Horizonte Europa.<br><br>A sess\u00e3o, que decorre no dia 15 de dezembro, das 09h30 \u00e0s 11h30, em formato online, incluir\u00e1 orienta\u00e7\u00f5es pr\u00e1ticas sobre o processo de candidatura, bem como uma vis\u00e3o geral das \u00e1reas de financiamento previstas no novo Programa de Trabalhos 2026\u20132027. O evento encerrar\u00e1 com uma apresenta\u00e7\u00e3o dedicada \u00e0s principais regras legais e financeiras aplic\u00e1veis aos concursos, nomeadamente&nbsp;<strong>lump sum, blind evaluation&nbsp;<\/strong>e&nbsp;<strong>Financial Support to Third Parties (FSTP)<\/strong>.<br><br>A vers\u00e3o draft do Programa de Trabalhos do&nbsp;<a href=\"https:\/\/ec.europa.eu\/transparency\/comitology-register\/screen\/documents\/107811\/3\/consult?lang=en\" target=\"_blank\" rel=\"noreferrer noopener\">Cluster 5<\/a>&nbsp;e das&nbsp;<a href=\"https:\/\/ec.europa.eu\/transparency\/comitology-register\/screen\/documents\/107712\/4\/consult?lang=en\" target=\"_blank\" rel=\"noreferrer noopener\">Miss\u00f5es<\/a>&nbsp;2026\u20132027 encontra-se j\u00e1 dispon\u00edvel no Comitology Register, permitindo aos interessados consultar antecipadamente os t\u00f3picos previstos.<br><br>A participa\u00e7\u00e3o \u00e9 gratuita, mas sujeita a inscri\u00e7\u00e3o obrigat\u00f3ria.<\/p>\n\n\n\n<p>Inscri\u00e7\u00f5es&nbsp;<a href=\"https:\/\/events.teams.microsoft.com\/event\/48f62104-1a54-487c-a172-afa52dc249fe@0383970c-8e62-47a8-990e-9a81506f56f1\" target=\"_blank\" rel=\"noreferrer noopener\">aqui<\/a>&nbsp;e a agenda est\u00e1 dispon\u00edvel&nbsp;<a href=\"https:\/\/anipt-my.sharepoint.com\/my?id=%2Fpersonal%2Fflavio%5Fsoares%5Fani%5Fpt%2FDocuments%2FAmbiente%20de%20Trabalho%2F%5Fpartilhar%2FAgenda%2Epdf&amp;parent=%2Fpersonal%2Fflavio%5Fsoares%5Fani%5Fpt%2FDocuments%2FAmbiente%20de%20Trabalho%2F%5Fpartilhar&amp;ga=1\" target=\"_blank\" rel=\"noreferrer noopener\">aqui<\/a>.<br>O evento ser\u00e1 realizado em portugu\u00eas, com todos os materiais de apoio em ingl\u00eas.<\/p>\n","protected":false},"excerpt":{"rendered":"<p>15 de dezembro, online A ANI promove a sess\u00e3o informativa \u201cHorizon Europe Funding for Climate Adaptation: Cluster 5, Mission Adaptation &amp; EIC Challenge Opportunities for 2026\/27\u201d, dedicada \u00e0s oportunidades de financiamento nas \u00e1reas das ci\u00eancias do clima e adapta\u00e7\u00e3o \u00e0s altera\u00e7\u00f5es clim\u00e1ticas. Ser\u00e3o apresentadas as oportunidades previstas para 2026 e 2027 no \u00e2mbito da&nbsp;Destination 1 [&hellip;]<\/p>\n","protected":false},"featured_media":43547,"template":"","meta":{"_acf_changed":false,"_et_pb_use_builder":"off","_et_pb_old_content":"","_et_gb_content_width":"","footnotes":""},"categoria-eventos":[906],"class_list":["post-44566","evento","type-evento","status-publish","has-post-thumbnail","hentry","categoria-eventos-financiamentos-calls-concursos"],"acf":[],"yoast_head":"<!-- This site is optimized with the Yoast SEO plugin v27.4 - https:\/\/yoast.com\/product\/yoast-seo-wordpress\/ -->\n<title>ANI promove sess\u00e3o de informa\u00e7\u00e3o dedicada \u00e0s oportunidades de financiamento nas \u00e1reas das ci\u00eancias do clima e adapta\u00e7\u00e3o \u00e0s altera\u00e7\u00f5es clim\u00e1ticas - ANI<\/title>\n<meta name=\"robots\" content=\"index, follow, max-snippet:-1, max-image-preview:large, max-video-preview:-1\" \/>\n<link rel=\"canonical\" href=\"https:\/\/ani.pt\/en\/evento\/ani-promove-sessao-de-informacao-dedicada-as-oportunidades-de-financiamento-nas-areas-das-ciencias-do-clima-e-adaptacao-as-alteracoes-climaticas\/\" \/>\n<meta property=\"og:locale\" content=\"en_US\" \/>\n<meta property=\"og:type\" content=\"article\" \/>\n<meta property=\"og:title\" content=\"ANI promove sess\u00e3o de informa\u00e7\u00e3o dedicada \u00e0s oportunidades de financiamento nas \u00e1reas das ci\u00eancias do clima e adapta\u00e7\u00e3o \u00e0s altera\u00e7\u00f5es clim\u00e1ticas - ANI\" \/>\n<meta property=\"og:description\" content=\"15 de dezembro, online A ANI promove a sess\u00e3o informativa \u201cHorizon Europe Funding for Climate Adaptation: Cluster 5, Mission Adaptation &amp; EIC Challenge Opportunities for 2026\/27\u201d, dedicada \u00e0s oportunidades de financiamento nas \u00e1reas das ci\u00eancias do clima e adapta\u00e7\u00e3o \u00e0s altera\u00e7\u00f5es clim\u00e1ticas. Ser\u00e3o apresentadas as oportunidades previstas para 2026 e 2027 no \u00e2mbito da&nbsp;Destination 1 [&hellip;]\" \/>\n<meta property=\"og:url\" content=\"https:\/\/ani.pt\/en\/evento\/ani-promove-sessao-de-informacao-dedicada-as-oportunidades-de-financiamento-nas-areas-das-ciencias-do-clima-e-adaptacao-as-alteracoes-climaticas\/\" \/>\n<meta property=\"og:site_name\" content=\"ANI\" \/>\n<meta property=\"article:publisher\" content=\"https:\/\/www.facebook.com\/agencianacionaldeinovacao\/\" \/>\n<meta property=\"article:modified_time\" content=\"2026-02-09T14:55:51+00:00\" \/>\n<meta property=\"og:image\" content=\"https:\/\/ani.pt\/wp-content\/uploads\/2025\/11\/website.png\" \/>\n\t<meta property=\"og:image:width\" content=\"1920\" \/>\n\t<meta property=\"og:image:height\" content=\"1080\" \/>\n\t<meta property=\"og:image:type\" content=\"image\/png\" \/>\n<meta name=\"twitter:card\" content=\"summary_large_image\" \/>\n<meta name=\"twitter:label1\" content=\"Est. reading time\" \/>\n\t<meta name=\"twitter:data1\" content=\"2 minutes\" \/>\n<script type=\"application\/ld+json\" class=\"yoast-schema-graph\">{\"@context\":\"https:\\\/\\\/schema.org\",\"@graph\":[{\"@type\":\"WebPage\",\"@id\":\"https:\\\/\\\/ani.pt\\\/en\\\/evento\\\/ani-promove-sessao-de-informacao-dedicada-as-oportunidades-de-financiamento-nas-areas-das-ciencias-do-clima-e-adaptacao-as-alteracoes-climaticas\\\/\",\"url\":\"https:\\\/\\\/ani.pt\\\/en\\\/evento\\\/ani-promove-sessao-de-informacao-dedicada-as-oportunidades-de-financiamento-nas-areas-das-ciencias-do-clima-e-adaptacao-as-alteracoes-climaticas\\\/\",\"name\":\"ANI promove sess\u00e3o de informa\u00e7\u00e3o dedicada \u00e0s oportunidades de financiamento nas \u00e1reas das ci\u00eancias do clima e adapta\u00e7\u00e3o \u00e0s altera\u00e7\u00f5es clim\u00e1ticas - ANI\",\"isPartOf\":{\"@id\":\"https:\\\/\\\/ani.pt\\\/en\\\/#website\"},\"primaryImageOfPage\":{\"@id\":\"https:\\\/\\\/ani.pt\\\/en\\\/evento\\\/ani-promove-sessao-de-informacao-dedicada-as-oportunidades-de-financiamento-nas-areas-das-ciencias-do-clima-e-adaptacao-as-alteracoes-climaticas\\\/#primaryimage\"},\"image\":{\"@id\":\"https:\\\/\\\/ani.pt\\\/en\\\/evento\\\/ani-promove-sessao-de-informacao-dedicada-as-oportunidades-de-financiamento-nas-areas-das-ciencias-do-clima-e-adaptacao-as-alteracoes-climaticas\\\/#primaryimage\"},\"thumbnailUrl\":\"https:\\\/\\\/ani.pt\\\/wp-content\\\/uploads\\\/2025\\\/11\\\/evento_horizoneurope_fundingclimateadaptation.png\",\"datePublished\":\"2026-02-06T12:49:59+00:00\",\"dateModified\":\"2026-02-09T14:55:51+00:00\",\"breadcrumb\":{\"@id\":\"https:\\\/\\\/ani.pt\\\/en\\\/evento\\\/ani-promove-sessao-de-informacao-dedicada-as-oportunidades-de-financiamento-nas-areas-das-ciencias-do-clima-e-adaptacao-as-alteracoes-climaticas\\\/#breadcrumb\"},\"inLanguage\":\"en-US\",\"potentialAction\":[{\"@type\":\"ReadAction\",\"target\":[\"https:\\\/\\\/ani.pt\\\/en\\\/evento\\\/ani-promove-sessao-de-informacao-dedicada-as-oportunidades-de-financiamento-nas-areas-das-ciencias-do-clima-e-adaptacao-as-alteracoes-climaticas\\\/\"]}]},{\"@type\":\"ImageObject\",\"inLanguage\":\"en-US\",\"@id\":\"https:\\\/\\\/ani.pt\\\/en\\\/evento\\\/ani-promove-sessao-de-informacao-dedicada-as-oportunidades-de-financiamento-nas-areas-das-ciencias-do-clima-e-adaptacao-as-alteracoes-climaticas\\\/#primaryimage\",\"url\":\"https:\\\/\\\/ani.pt\\\/wp-content\\\/uploads\\\/2025\\\/11\\\/evento_horizoneurope_fundingclimateadaptation.png\",\"contentUrl\":\"https:\\\/\\\/ani.pt\\\/wp-content\\\/uploads\\\/2025\\\/11\\\/evento_horizoneurope_fundingclimateadaptation.png\",\"width\":1920,\"height\":1080},{\"@type\":\"BreadcrumbList\",\"@id\":\"https:\\\/\\\/ani.pt\\\/en\\\/evento\\\/ani-promove-sessao-de-informacao-dedicada-as-oportunidades-de-financiamento-nas-areas-das-ciencias-do-clima-e-adaptacao-as-alteracoes-climaticas\\\/#breadcrumb\",\"itemListElement\":[{\"@type\":\"ListItem\",\"position\":1,\"name\":\"Homepage\",\"item\":\"https:\\\/\\\/ani.pt\\\/en\\\/\"},{\"@type\":\"ListItem\",\"position\":2,\"name\":\"Eventos\",\"item\":\"https:\\\/\\\/ani.pt\\\/en\\\/evento\\\/\"},{\"@type\":\"ListItem\",\"position\":3,\"name\":\"Financiamentos, Calls &amp; Concursos\",\"item\":\"https:\\\/\\\/ani.pt\\\/en\\\/categoria-eventos\\\/financiamentos-calls-concursos\\\/\"},{\"@type\":\"ListItem\",\"position\":4,\"name\":\"ANI promove sess\u00e3o de informa\u00e7\u00e3o dedicada \u00e0s oportunidades de financiamento nas \u00e1reas das ci\u00eancias do clima e adapta\u00e7\u00e3o \u00e0s altera\u00e7\u00f5es clim\u00e1ticas\"}]},{\"@type\":\"WebSite\",\"@id\":\"https:\\\/\\\/ani.pt\\\/en\\\/#website\",\"url\":\"https:\\\/\\\/ani.pt\\\/en\\\/\",\"name\":\"ANI\",\"description\":\"\",\"potentialAction\":[{\"@type\":\"SearchAction\",\"target\":{\"@type\":\"EntryPoint\",\"urlTemplate\":\"https:\\\/\\\/ani.pt\\\/en\\\/?s={search_term_string}\"},\"query-input\":{\"@type\":\"PropertyValueSpecification\",\"valueRequired\":true,\"valueName\":\"search_term_string\"}}],\"inLanguage\":\"en-US\"}]}<\/script>\n<!-- \/ Yoast SEO plugin. -->","yoast_head_json":{"title":"ANI promove sess\u00e3o de informa\u00e7\u00e3o dedicada \u00e0s oportunidades de financiamento nas \u00e1reas das ci\u00eancias do clima e adapta\u00e7\u00e3o \u00e0s altera\u00e7\u00f5es clim\u00e1ticas - ANI","robots":{"index":"index","follow":"follow","max-snippet":"max-snippet:-1","max-image-preview":"max-image-preview:large","max-video-preview":"max-video-preview:-1"},"canonical":"https:\/\/ani.pt\/en\/evento\/ani-promove-sessao-de-informacao-dedicada-as-oportunidades-de-financiamento-nas-areas-das-ciencias-do-clima-e-adaptacao-as-alteracoes-climaticas\/","og_locale":"en_US","og_type":"article","og_title":"ANI promove sess\u00e3o de informa\u00e7\u00e3o dedicada \u00e0s oportunidades de financiamento nas \u00e1reas das ci\u00eancias do clima e adapta\u00e7\u00e3o \u00e0s altera\u00e7\u00f5es clim\u00e1ticas - ANI","og_description":"15 de dezembro, online A ANI promove a sess\u00e3o informativa \u201cHorizon Europe Funding for Climate Adaptation: Cluster 5, Mission Adaptation &amp; EIC Challenge Opportunities for 2026\/27\u201d, dedicada \u00e0s oportunidades de financiamento nas \u00e1reas das ci\u00eancias do clima e adapta\u00e7\u00e3o \u00e0s altera\u00e7\u00f5es clim\u00e1ticas. Ser\u00e3o apresentadas as oportunidades previstas para 2026 e 2027 no \u00e2mbito da&nbsp;Destination 1 [&hellip;]","og_url":"https:\/\/ani.pt\/en\/evento\/ani-promove-sessao-de-informacao-dedicada-as-oportunidades-de-financiamento-nas-areas-das-ciencias-do-clima-e-adaptacao-as-alteracoes-climaticas\/","og_site_name":"ANI","article_publisher":"https:\/\/www.facebook.com\/agencianacionaldeinovacao\/","article_modified_time":"2026-02-09T14:55:51+00:00","og_image":[{"width":1920,"height":1080,"url":"https:\/\/ani.pt\/wp-content\/uploads\/2025\/11\/website.png","type":"image\/png"}],"twitter_card":"summary_large_image","twitter_misc":{"Est. reading time":"2 minutes"},"schema":{"@context":"https:\/\/schema.org","@graph":[{"@type":"WebPage","@id":"https:\/\/ani.pt\/en\/evento\/ani-promove-sessao-de-informacao-dedicada-as-oportunidades-de-financiamento-nas-areas-das-ciencias-do-clima-e-adaptacao-as-alteracoes-climaticas\/","url":"https:\/\/ani.pt\/en\/evento\/ani-promove-sessao-de-informacao-dedicada-as-oportunidades-de-financiamento-nas-areas-das-ciencias-do-clima-e-adaptacao-as-alteracoes-climaticas\/","name":"ANI promove sess\u00e3o de informa\u00e7\u00e3o dedicada \u00e0s oportunidades de financiamento nas \u00e1reas das ci\u00eancias do clima e adapta\u00e7\u00e3o \u00e0s altera\u00e7\u00f5es clim\u00e1ticas - ANI","isPartOf":{"@id":"https:\/\/ani.pt\/en\/#website"},"primaryImageOfPage":{"@id":"https:\/\/ani.pt\/en\/evento\/ani-promove-sessao-de-informacao-dedicada-as-oportunidades-de-financiamento-nas-areas-das-ciencias-do-clima-e-adaptacao-as-alteracoes-climaticas\/#primaryimage"},"image":{"@id":"https:\/\/ani.pt\/en\/evento\/ani-promove-sessao-de-informacao-dedicada-as-oportunidades-de-financiamento-nas-areas-das-ciencias-do-clima-e-adaptacao-as-alteracoes-climaticas\/#primaryimage"},"thumbnailUrl":"https:\/\/ani.pt\/wp-content\/uploads\/2025\/11\/evento_horizoneurope_fundingclimateadaptation.png","datePublished":"2026-02-06T12:49:59+00:00","dateModified":"2026-02-09T14:55:51+00:00","breadcrumb":{"@id":"https:\/\/ani.pt\/en\/evento\/ani-promove-sessao-de-informacao-dedicada-as-oportunidades-de-financiamento-nas-areas-das-ciencias-do-clima-e-adaptacao-as-alteracoes-climaticas\/#breadcrumb"},"inLanguage":"en-US","potentialAction":[{"@type":"ReadAction","target":["https:\/\/ani.pt\/en\/evento\/ani-promove-sessao-de-informacao-dedicada-as-oportunidades-de-financiamento-nas-areas-das-ciencias-do-clima-e-adaptacao-as-alteracoes-climaticas\/"]}]},{"@type":"ImageObject","inLanguage":"en-US","@id":"https:\/\/ani.pt\/en\/evento\/ani-promove-sessao-de-informacao-dedicada-as-oportunidades-de-financiamento-nas-areas-das-ciencias-do-clima-e-adaptacao-as-alteracoes-climaticas\/#primaryimage","url":"https:\/\/ani.pt\/wp-content\/uploads\/2025\/11\/evento_horizoneurope_fundingclimateadaptation.png","contentUrl":"https:\/\/ani.pt\/wp-content\/uploads\/2025\/11\/evento_horizoneurope_fundingclimateadaptation.png","width":1920,"height":1080},{"@type":"BreadcrumbList","@id":"https:\/\/ani.pt\/en\/evento\/ani-promove-sessao-de-informacao-dedicada-as-oportunidades-de-financiamento-nas-areas-das-ciencias-do-clima-e-adaptacao-as-alteracoes-climaticas\/#breadcrumb","itemListElement":[{"@type":"ListItem","position":1,"name":"Homepage","item":"https:\/\/ani.pt\/en\/"},{"@type":"ListItem","position":2,"name":"Eventos","item":"https:\/\/ani.pt\/en\/evento\/"},{"@type":"ListItem","position":3,"name":"Financiamentos, Calls &amp; Concursos","item":"https:\/\/ani.pt\/en\/categoria-eventos\/financiamentos-calls-concursos\/"},{"@type":"ListItem","position":4,"name":"ANI promove sess\u00e3o de informa\u00e7\u00e3o dedicada \u00e0s oportunidades de financiamento nas \u00e1reas das ci\u00eancias do clima e adapta\u00e7\u00e3o \u00e0s altera\u00e7\u00f5es clim\u00e1ticas"}]},{"@type":"WebSite","@id":"https:\/\/ani.pt\/en\/#website","url":"https:\/\/ani.pt\/en\/","name":"ANI","description":"","potentialAction":[{"@type":"SearchAction","target":{"@type":"EntryPoint","urlTemplate":"https:\/\/ani.pt\/en\/?s={search_term_string}"},"query-input":{"@type":"PropertyValueSpecification","valueRequired":true,"valueName":"search_term_string"}}],"inLanguage":"en-US"}]}},"_links":{"self":[{"href":"https:\/\/ani.pt\/en\/wp-json\/wp\/v2\/evento\/44566","targetHints":{"allow":["GET"]}}],"collection":[{"href":"https:\/\/ani.pt\/en\/wp-json\/wp\/v2\/evento"}],"about":[{"href":"https:\/\/ani.pt\/en\/wp-json\/wp\/v2\/types\/evento"}],"version-history":[{"count":2,"href":"https:\/\/ani.pt\/en\/wp-json\/wp\/v2\/evento\/44566\/revisions"}],"predecessor-version":[{"id":44858,"href":"https:\/\/ani.pt\/en\/wp-json\/wp\/v2\/evento\/44566\/revisions\/44858"}],"wp:featuredmedia":[{"embeddable":true,"href":"https:\/\/ani.pt\/en\/wp-json\/wp\/v2\/media\/43547"}],"wp:attachment":[{"href":"https:\/\/ani.pt\/en\/wp-json\/wp\/v2\/media?parent=44566"}],"wp:term":[{"taxonomy":"categoria-eventos","embeddable":true,"href":"https:\/\/ani.pt\/en\/wp-json\/wp\/v2\/categoria-eventos?post=44566"}],"curies":[{"name":"wp","href":"https:\/\/api.w.org\/{rel}","templated":true}]}}