{"id":44564,"date":"2026-02-06T12:47:49","date_gmt":"2026-02-06T12:47:49","guid":{"rendered":"https:\/\/ani.pt\/?post_type=evento&#038;p=44564"},"modified":"2026-02-09T14:56:11","modified_gmt":"2026-02-09T14:56:11","slug":"sessao-de-informacao-apresenta-convocatoria-piloto-european-startup-and-scaleup-hubs-do-horizonte-europa","status":"publish","type":"evento","link":"https:\/\/ani.pt\/en\/evento\/sessao-de-informacao-apresenta-convocatoria-piloto-european-startup-and-scaleup-hubs-do-horizonte-europa\/","title":{"rendered":"Sess\u00e3o de informa\u00e7\u00e3o apresenta convocat\u00f3ria piloto \u201cEuropean Startup and Scaleup Hubs\u201d do Horizonte Europa"},"content":{"rendered":"\n<p class=\"has-text-align-center\"><strong>11 de dezembro, online<\/strong><\/p>\n\n\n\n<p>O Conselho Europeu de Inova\u00e7\u00e3o (EIC) e a Ag\u00eancia Executiva para as PME (EISMEA), em colabora\u00e7\u00e3o com a Dire\u00e7\u00e3o-Geral da Investiga\u00e7\u00e3o e Inova\u00e7\u00e3o (DG-RTD) da Comiss\u00e3o Europeia, promovem no pr\u00f3ximo dia 11 de dezembro, entre as 13h00 e as 14h00 (hora de Lisboa), uma sess\u00e3o de informa\u00e7\u00e3o online dedicada \u00e0 convocat\u00f3ria HORIZON-EIE-2026-02-CONNECT-01 \u2013 European Startup and Scaleup Hubs (pilot call).<\/p>\n\n\n\n<p>A iniciativa insere-se no Programa de Trabalhos 2026-2027 dos&nbsp;<a href=\"https:\/\/ani.pt\/sessao-de-informacao-apresenta-convocatoria-piloto-european-startup-and-scaleup-hubs-do-horizonte-europa\/Sess%C3%A3o%20de%20Informa%C3%A7%C3%A3o%20apresenta%20convocat%C3%B3ria%20piloto%20\">European Innovation Ecosystems<\/a>&nbsp;(EIE), enquadrado no Horizonte Europa, e pretende esclarecer potenciais candidatos sobre o papel desta convocat\u00f3ria na pol\u00edtica europeia de inova\u00e7\u00e3o, bem como sobre as condi\u00e7\u00f5es de elegibilidade, oportunidades de financiamento e resultados esperados.<\/p>\n\n\n\n<p>Durante a sess\u00e3o, os participantes ter\u00e3o oportunidade de aprofundar o contributo da nova convocat\u00f3ria para o refor\u00e7o dos ecossistemas de inova\u00e7\u00e3o europeus, com particular foco no apoio \u00e0 cria\u00e7\u00e3o e crescimento de startups e scaleups com ambi\u00e7\u00f5es internacionais.<\/p>\n\n\n\n<p>Os interessados podem ainda colocar antecipadamente quest\u00f5es atrav\u00e9s da plataforma&nbsp;<a href=\"https:\/\/app.sli.do\/event\/sdC4TL6U7t6Kabjjx9PtSq\/oauth-callback?error=login_required&amp;error_description=user+must+sign+in&amp;state=eyJpc1BhcnRpY2lwYW50QXV0aCI6dHJ1ZSwiaXNTaWxlbnRBdXRoIjp0cnVlfQ%3D%3D\">Slido<\/a>&nbsp;(c\u00f3digo do evento: #EUSSH).<\/p>\n\n\n\n<p>As&nbsp;<a href=\"https:\/\/eismea.ec.europa.eu\/events\/online-info-session-european-startup-and-scaleup-hubs-pilot-call-horizon-eie-2026-02-connect-01-2025-12-11_en\">inscri\u00e7\u00f5es<\/a>&nbsp;encontram-se abertas at\u00e9 10 de dezembro.<\/p>\n","protected":false},"excerpt":{"rendered":"<p>11 de dezembro, online O Conselho Europeu de Inova\u00e7\u00e3o (EIC) e a Ag\u00eancia Executiva para as PME (EISMEA), em colabora\u00e7\u00e3o com a Dire\u00e7\u00e3o-Geral da Investiga\u00e7\u00e3o e Inova\u00e7\u00e3o (DG-RTD) da Comiss\u00e3o Europeia, promovem no pr\u00f3ximo dia 11 de dezembro, entre as 13h00 e as 14h00 (hora de Lisboa), uma sess\u00e3o de informa\u00e7\u00e3o online dedicada \u00e0 convocat\u00f3ria [&hellip;]<\/p>\n","protected":false},"featured_media":43559,"template":"","meta":{"_acf_changed":false,"_et_pb_use_builder":"off","_et_pb_old_content":"","_et_gb_content_width":"","footnotes":""},"categoria-eventos":[906],"class_list":["post-44564","evento","type-evento","status-publish","has-post-thumbnail","hentry","categoria-eventos-financiamentos-calls-concursos"],"acf":[],"yoast_head":"<!-- This site is optimized with the Yoast SEO plugin v27.4 - https:\/\/yoast.com\/product\/yoast-seo-wordpress\/ -->\n<title>Sess\u00e3o de informa\u00e7\u00e3o apresenta convocat\u00f3ria piloto \u201cEuropean Startup and Scaleup Hubs\u201d do Horizonte Europa - ANI<\/title>\n<meta name=\"robots\" content=\"index, follow, max-snippet:-1, max-image-preview:large, max-video-preview:-1\" \/>\n<link rel=\"canonical\" href=\"https:\/\/ani.pt\/en\/evento\/sessao-de-informacao-apresenta-convocatoria-piloto-european-startup-and-scaleup-hubs-do-horizonte-europa\/\" \/>\n<meta property=\"og:locale\" content=\"en_US\" \/>\n<meta property=\"og:type\" content=\"article\" \/>\n<meta property=\"og:title\" content=\"Sess\u00e3o de informa\u00e7\u00e3o apresenta convocat\u00f3ria piloto \u201cEuropean Startup and Scaleup Hubs\u201d do Horizonte Europa - ANI\" \/>\n<meta property=\"og:description\" content=\"11 de dezembro, online O Conselho Europeu de Inova\u00e7\u00e3o (EIC) e a Ag\u00eancia Executiva para as PME (EISMEA), em colabora\u00e7\u00e3o com a Dire\u00e7\u00e3o-Geral da Investiga\u00e7\u00e3o e Inova\u00e7\u00e3o (DG-RTD) da Comiss\u00e3o Europeia, promovem no pr\u00f3ximo dia 11 de dezembro, entre as 13h00 e as 14h00 (hora de Lisboa), uma sess\u00e3o de informa\u00e7\u00e3o online dedicada \u00e0 convocat\u00f3ria [&hellip;]\" \/>\n<meta property=\"og:url\" content=\"https:\/\/ani.pt\/en\/evento\/sessao-de-informacao-apresenta-convocatoria-piloto-european-startup-and-scaleup-hubs-do-horizonte-europa\/\" \/>\n<meta property=\"og:site_name\" content=\"ANI\" \/>\n<meta property=\"article:publisher\" content=\"https:\/\/www.facebook.com\/agencianacionaldeinovacao\/\" \/>\n<meta property=\"article:modified_time\" content=\"2026-02-09T14:56:11+00:00\" \/>\n<meta name=\"twitter:card\" content=\"summary_large_image\" \/>\n<meta name=\"twitter:label1\" content=\"Est. reading time\" \/>\n\t<meta name=\"twitter:data1\" content=\"1 minute\" \/>\n<script type=\"application\/ld+json\" class=\"yoast-schema-graph\">{\"@context\":\"https:\\\/\\\/schema.org\",\"@graph\":[{\"@type\":\"WebPage\",\"@id\":\"https:\\\/\\\/ani.pt\\\/en\\\/evento\\\/sessao-de-informacao-apresenta-convocatoria-piloto-european-startup-and-scaleup-hubs-do-horizonte-europa\\\/\",\"url\":\"https:\\\/\\\/ani.pt\\\/en\\\/evento\\\/sessao-de-informacao-apresenta-convocatoria-piloto-european-startup-and-scaleup-hubs-do-horizonte-europa\\\/\",\"name\":\"Sess\u00e3o de informa\u00e7\u00e3o apresenta convocat\u00f3ria piloto \u201cEuropean Startup and Scaleup Hubs\u201d do Horizonte Europa - ANI\",\"isPartOf\":{\"@id\":\"https:\\\/\\\/ani.pt\\\/en\\\/#website\"},\"primaryImageOfPage\":{\"@id\":\"https:\\\/\\\/ani.pt\\\/en\\\/evento\\\/sessao-de-informacao-apresenta-convocatoria-piloto-european-startup-and-scaleup-hubs-do-horizonte-europa\\\/#primaryimage\"},\"image\":{\"@id\":\"https:\\\/\\\/ani.pt\\\/en\\\/evento\\\/sessao-de-informacao-apresenta-convocatoria-piloto-european-startup-and-scaleup-hubs-do-horizonte-europa\\\/#primaryimage\"},\"thumbnailUrl\":\"https:\\\/\\\/ani.pt\\\/wp-content\\\/uploads\\\/2025\\\/11\\\/eventos_EuropeanStartupScaleupHubs.png\",\"datePublished\":\"2026-02-06T12:47:49+00:00\",\"dateModified\":\"2026-02-09T14:56:11+00:00\",\"breadcrumb\":{\"@id\":\"https:\\\/\\\/ani.pt\\\/en\\\/evento\\\/sessao-de-informacao-apresenta-convocatoria-piloto-european-startup-and-scaleup-hubs-do-horizonte-europa\\\/#breadcrumb\"},\"inLanguage\":\"en-US\",\"potentialAction\":[{\"@type\":\"ReadAction\",\"target\":[\"https:\\\/\\\/ani.pt\\\/en\\\/evento\\\/sessao-de-informacao-apresenta-convocatoria-piloto-european-startup-and-scaleup-hubs-do-horizonte-europa\\\/\"]}]},{\"@type\":\"ImageObject\",\"inLanguage\":\"en-US\",\"@id\":\"https:\\\/\\\/ani.pt\\\/en\\\/evento\\\/sessao-de-informacao-apresenta-convocatoria-piloto-european-startup-and-scaleup-hubs-do-horizonte-europa\\\/#primaryimage\",\"url\":\"https:\\\/\\\/ani.pt\\\/wp-content\\\/uploads\\\/2025\\\/11\\\/eventos_EuropeanStartupScaleupHubs.png\",\"contentUrl\":\"https:\\\/\\\/ani.pt\\\/wp-content\\\/uploads\\\/2025\\\/11\\\/eventos_EuropeanStartupScaleupHubs.png\",\"width\":1920,\"height\":1080},{\"@type\":\"BreadcrumbList\",\"@id\":\"https:\\\/\\\/ani.pt\\\/en\\\/evento\\\/sessao-de-informacao-apresenta-convocatoria-piloto-european-startup-and-scaleup-hubs-do-horizonte-europa\\\/#breadcrumb\",\"itemListElement\":[{\"@type\":\"ListItem\",\"position\":1,\"name\":\"Homepage\",\"item\":\"https:\\\/\\\/ani.pt\\\/en\\\/\"},{\"@type\":\"ListItem\",\"position\":2,\"name\":\"Eventos\",\"item\":\"https:\\\/\\\/ani.pt\\\/en\\\/evento\\\/\"},{\"@type\":\"ListItem\",\"position\":3,\"name\":\"Financiamentos, Calls &amp; Concursos\",\"item\":\"https:\\\/\\\/ani.pt\\\/en\\\/categoria-eventos\\\/financiamentos-calls-concursos\\\/\"},{\"@type\":\"ListItem\",\"position\":4,\"name\":\"Sess\u00e3o de informa\u00e7\u00e3o apresenta convocat\u00f3ria piloto \u201cEuropean Startup and Scaleup Hubs\u201d do Horizonte Europa\"}]},{\"@type\":\"WebSite\",\"@id\":\"https:\\\/\\\/ani.pt\\\/en\\\/#website\",\"url\":\"https:\\\/\\\/ani.pt\\\/en\\\/\",\"name\":\"ANI\",\"description\":\"\",\"potentialAction\":[{\"@type\":\"SearchAction\",\"target\":{\"@type\":\"EntryPoint\",\"urlTemplate\":\"https:\\\/\\\/ani.pt\\\/en\\\/?s={search_term_string}\"},\"query-input\":{\"@type\":\"PropertyValueSpecification\",\"valueRequired\":true,\"valueName\":\"search_term_string\"}}],\"inLanguage\":\"en-US\"}]}<\/script>\n<!-- \/ Yoast SEO plugin. -->","yoast_head_json":{"title":"Sess\u00e3o de informa\u00e7\u00e3o apresenta convocat\u00f3ria piloto \u201cEuropean Startup and Scaleup Hubs\u201d do Horizonte Europa - ANI","robots":{"index":"index","follow":"follow","max-snippet":"max-snippet:-1","max-image-preview":"max-image-preview:large","max-video-preview":"max-video-preview:-1"},"canonical":"https:\/\/ani.pt\/en\/evento\/sessao-de-informacao-apresenta-convocatoria-piloto-european-startup-and-scaleup-hubs-do-horizonte-europa\/","og_locale":"en_US","og_type":"article","og_title":"Sess\u00e3o de informa\u00e7\u00e3o apresenta convocat\u00f3ria piloto \u201cEuropean Startup and Scaleup Hubs\u201d do Horizonte Europa - ANI","og_description":"11 de dezembro, online O Conselho Europeu de Inova\u00e7\u00e3o (EIC) e a Ag\u00eancia Executiva para as PME (EISMEA), em colabora\u00e7\u00e3o com a Dire\u00e7\u00e3o-Geral da Investiga\u00e7\u00e3o e Inova\u00e7\u00e3o (DG-RTD) da Comiss\u00e3o Europeia, promovem no pr\u00f3ximo dia 11 de dezembro, entre as 13h00 e as 14h00 (hora de Lisboa), uma sess\u00e3o de informa\u00e7\u00e3o online dedicada \u00e0 convocat\u00f3ria [&hellip;]","og_url":"https:\/\/ani.pt\/en\/evento\/sessao-de-informacao-apresenta-convocatoria-piloto-european-startup-and-scaleup-hubs-do-horizonte-europa\/","og_site_name":"ANI","article_publisher":"https:\/\/www.facebook.com\/agencianacionaldeinovacao\/","article_modified_time":"2026-02-09T14:56:11+00:00","twitter_card":"summary_large_image","twitter_misc":{"Est. reading time":"1 minute"},"schema":{"@context":"https:\/\/schema.org","@graph":[{"@type":"WebPage","@id":"https:\/\/ani.pt\/en\/evento\/sessao-de-informacao-apresenta-convocatoria-piloto-european-startup-and-scaleup-hubs-do-horizonte-europa\/","url":"https:\/\/ani.pt\/en\/evento\/sessao-de-informacao-apresenta-convocatoria-piloto-european-startup-and-scaleup-hubs-do-horizonte-europa\/","name":"Sess\u00e3o de informa\u00e7\u00e3o apresenta convocat\u00f3ria piloto \u201cEuropean Startup and Scaleup Hubs\u201d do Horizonte Europa - ANI","isPartOf":{"@id":"https:\/\/ani.pt\/en\/#website"},"primaryImageOfPage":{"@id":"https:\/\/ani.pt\/en\/evento\/sessao-de-informacao-apresenta-convocatoria-piloto-european-startup-and-scaleup-hubs-do-horizonte-europa\/#primaryimage"},"image":{"@id":"https:\/\/ani.pt\/en\/evento\/sessao-de-informacao-apresenta-convocatoria-piloto-european-startup-and-scaleup-hubs-do-horizonte-europa\/#primaryimage"},"thumbnailUrl":"https:\/\/ani.pt\/wp-content\/uploads\/2025\/11\/eventos_EuropeanStartupScaleupHubs.png","datePublished":"2026-02-06T12:47:49+00:00","dateModified":"2026-02-09T14:56:11+00:00","breadcrumb":{"@id":"https:\/\/ani.pt\/en\/evento\/sessao-de-informacao-apresenta-convocatoria-piloto-european-startup-and-scaleup-hubs-do-horizonte-europa\/#breadcrumb"},"inLanguage":"en-US","potentialAction":[{"@type":"ReadAction","target":["https:\/\/ani.pt\/en\/evento\/sessao-de-informacao-apresenta-convocatoria-piloto-european-startup-and-scaleup-hubs-do-horizonte-europa\/"]}]},{"@type":"ImageObject","inLanguage":"en-US","@id":"https:\/\/ani.pt\/en\/evento\/sessao-de-informacao-apresenta-convocatoria-piloto-european-startup-and-scaleup-hubs-do-horizonte-europa\/#primaryimage","url":"https:\/\/ani.pt\/wp-content\/uploads\/2025\/11\/eventos_EuropeanStartupScaleupHubs.png","contentUrl":"https:\/\/ani.pt\/wp-content\/uploads\/2025\/11\/eventos_EuropeanStartupScaleupHubs.png","width":1920,"height":1080},{"@type":"BreadcrumbList","@id":"https:\/\/ani.pt\/en\/evento\/sessao-de-informacao-apresenta-convocatoria-piloto-european-startup-and-scaleup-hubs-do-horizonte-europa\/#breadcrumb","itemListElement":[{"@type":"ListItem","position":1,"name":"Homepage","item":"https:\/\/ani.pt\/en\/"},{"@type":"ListItem","position":2,"name":"Eventos","item":"https:\/\/ani.pt\/en\/evento\/"},{"@type":"ListItem","position":3,"name":"Financiamentos, Calls &amp; Concursos","item":"https:\/\/ani.pt\/en\/categoria-eventos\/financiamentos-calls-concursos\/"},{"@type":"ListItem","position":4,"name":"Sess\u00e3o de informa\u00e7\u00e3o apresenta convocat\u00f3ria piloto \u201cEuropean Startup and Scaleup Hubs\u201d do Horizonte Europa"}]},{"@type":"WebSite","@id":"https:\/\/ani.pt\/en\/#website","url":"https:\/\/ani.pt\/en\/","name":"ANI","description":"","potentialAction":[{"@type":"SearchAction","target":{"@type":"EntryPoint","urlTemplate":"https:\/\/ani.pt\/en\/?s={search_term_string}"},"query-input":{"@type":"PropertyValueSpecification","valueRequired":true,"valueName":"search_term_string"}}],"inLanguage":"en-US"}]}},"_links":{"self":[{"href":"https:\/\/ani.pt\/en\/wp-json\/wp\/v2\/evento\/44564","targetHints":{"allow":["GET"]}}],"collection":[{"href":"https:\/\/ani.pt\/en\/wp-json\/wp\/v2\/evento"}],"about":[{"href":"https:\/\/ani.pt\/en\/wp-json\/wp\/v2\/types\/evento"}],"version-history":[{"count":2,"href":"https:\/\/ani.pt\/en\/wp-json\/wp\/v2\/evento\/44564\/revisions"}],"predecessor-version":[{"id":44859,"href":"https:\/\/ani.pt\/en\/wp-json\/wp\/v2\/evento\/44564\/revisions\/44859"}],"wp:featuredmedia":[{"embeddable":true,"href":"https:\/\/ani.pt\/en\/wp-json\/wp\/v2\/media\/43559"}],"wp:attachment":[{"href":"https:\/\/ani.pt\/en\/wp-json\/wp\/v2\/media?parent=44564"}],"wp:term":[{"taxonomy":"categoria-eventos","embeddable":true,"href":"https:\/\/ani.pt\/en\/wp-json\/wp\/v2\/categoria-eventos?post=44564"}],"curies":[{"name":"wp","href":"https:\/\/api.w.org\/{rel}","templated":true}]}}